{"id":245345,"date":"2022-06-09T14:00:18","date_gmt":"2022-06-09T12:00:18","guid":{"rendered":"https:\/\/nyomkovetogps.hu\/gpshero\/?page_id=245345"},"modified":"2025-07-22T15:33:21","modified_gmt":"2025-07-22T13:33:21","slug":"rolunk","status":"publish","type":"page","link":"https:\/\/nyomkovetogps.hu\/gpshero\/rolunk\/","title":{"rendered":"V\u00e1s\u00e1rl\u00e1si Felt\u00e9telek ASZF"},"content":{"rendered":"<p>[et_pb_section fb_built=&#8221;1&#8243; _builder_version=&#8221;4.17.4&#8243; _module_preset=&#8221;default&#8221; global_colors_info=&#8221;{}&#8221;][et_pb_row _builder_version=&#8221;4.17.4&#8243; _module_preset=&#8221;default&#8221; global_colors_info=&#8221;{}&#8221;][et_pb_column type=&#8221;4_4&#8243; _builder_version=&#8221;4.17.4&#8243; _module_preset=&#8221;default&#8221; global_colors_info=&#8221;{}&#8221;][et_pb_text _builder_version=&#8221;4.17.4&#8243; _module_preset=&#8221;default&#8221; global_colors_info=&#8221;{}&#8221;]<\/p>\n<div class=\"page_artdet_name_outer\">\n<div class=\"page_artdet_name page_help_title text-uppercase py-2 font-xxl font-weight-bold text-cn mb-3\">BEVEZET\u00c9S<\/div>\n<\/div>\n<div class=\"page_help_content text-justify\">\n<p>1.bevezet\u00e9s<\/p>\n<div><\/div>\n<p>Jelen \u00c1ltal\u00e1nos Szerz\u0151d\u00e9si Felt\u00e9telek (tov\u00e1bbiakban \u00c1SZF) tartalmazza a gpshero.hu weboldalon (a tov\u00e1bbiakban: honlap) el\u00e9rhet\u0151 szolg\u00e1ltat\u00e1s ig\u00e9nybev\u00e9tel\u00e9nek ig\u00e9nybevev\u0151 (tov\u00e1bbiakban: Felhaszn\u00e1l\u00f3) \u00e1ltali haszn\u00e1lat\u00e1nak felt\u00e9teleit. A honlap haszn\u00e1lat\u00e1hoz sz\u00fcks\u00e9ges azon technikai t\u00e1j\u00e9koztat\u00e1st, melyet ezen \u00c1SZF nem tartalmaz, a honlapon el\u00e9rhet\u0151 t\u00e1j\u00e9koztat\u00e1sok ny\u00fajtj\u00e1k. A Felhaszn\u00e1l\u00f3 a honlap haszn\u00e1lat\u00e1val tudom\u00e1sul veszi \u00e9s elfogadja a jelen \u00c1SZF-ben foglaltakat.<\/p>\n<div><\/div>\n<\/div>\n<div class=\"page_artdet_name_outer\">\n<div class=\"page_artdet_name page_help_title text-uppercase py-2 font-xxl font-weight-bold text-cn mb-3\">SZOLG\u00c1LTAT\u00d3 ADATAI<\/div>\n<\/div>\n<div class=\"page_help_content text-justify\">\n<p><strong>Szolg\u00e1ltat\u00f3 adatai:<\/strong><\/p>\n<div><\/div>\n<p>A szolg\u00e1ltat\u00f3 neve: AMOZA Trade Kft.<\/p>\n<div><\/div>\n<p>A szolg\u00e1ltat\u00f3 sz\u00e9khelye: 1095 Budapest Bor\u00e1ros t\u00e9r 7. els\u0151 em. \u00dc\/35.<\/p>\n<div><\/div>\n<p>Ad\u00f3sz\u00e1ma: 26381372-2-43<\/p>\n<div><\/div>\n<p>K\u00f6z\u00f6ss\u00e9gi ad\u00f3sz\u00e1m:\u00a0HU26381372<\/p>\n<div><\/div>\n<p>Nyilv\u00e1ntart\u00e1sban bejegyz\u0151 hat\u00f3s\u00e1g neve: Budapest F\u0151v\u00e1ros IX ker\u00fclet\u00a0 Polg\u00e1rmesteri Hivatal K\u00f6zigazgat\u00e1si \u00e9s Hat\u00f3s\u00e1gi Iroda<\/p>\n<div><\/div>\n<p>Telefonsz\u00e1ma:06-70-2803859<\/p>\n<div><\/div>\n<p>Adatv\u00e9delmi nyilv\u00e1ntart\u00e1si sz\u00e1ma:\u00a0folyamatban<\/p>\n<div><\/div>\n<p>A szolg\u00e1ltat\u00f3 el\u00e9rhet\u0151s\u00e9ge, az ig\u00e9nybe vev\u0151kkel val\u00f3 kapcsolattart\u00e1sra szolg\u00e1l\u00f3, rendszeresen haszn\u00e1lt elektronikus levelez\u00e9si c\u00edme:info@gpshero.hu<\/p>\n<div><\/div>\n<p><strong>Telefonsz\u00e1m:<\/strong><span>\u00a0<\/span>06-70-2803859<\/p>\n<div><\/div>\n<p>A szerz\u0151d\u00e9s nyelve: magyar<\/p>\n<div><\/div>\n<\/div>\n<div class=\"page_artdet_name_outer\">\n<div class=\"page_artdet_name page_help_title text-uppercase py-2 font-xxl font-weight-bold text-cn mb-3\">TEV\u00c9KENYS\u00c9G A HONLAPON<\/div>\n<\/div>\n<div class=\"page_help_content text-justify\">\n<p><strong>V\u00e1s\u00e1rolhat\u00f3 term\u00e9kek, szolg\u00e1ltat\u00e1sok k\u00f6r\u00e9nek bemutat\u00e1sa<\/strong><br \/>A term\u00e9kek \u00e1rai, melyek fel vannak t\u00fcntetve k\u00f6telez\u0151 jelleggel, minden term\u00e9k mellett, brutt\u00f3 \u00e1rak, teh\u00e1t tartalmazz\u00e1k az \u00e9pp aktu\u00e1lis \u00c1FA-t.\u00a0<br \/>A h\u00e1zhozsz\u00e1ll\u00edt\u00e1s d\u00edj\u00e1r\u00f3l, mely v\u00e1ltozhat, olvasson a v\u00e1s\u00e1rl\u00e1si t\u00e1j\u00e9koztat\u00f3nkban \u00e9s ezen d\u00edjat a term\u00e9kek \u00e1rai nem tartalmazz\u00e1k, fizet\u00e9skor ker\u00fcl felsz\u00e1m\u00edt\u00e1sra.<br \/>K\u00fcl\u00f6n csomagol\u00e1si d\u00edjat nem sz\u00e1molunk fel \u00e9s a csomagol\u00e1sb\u00f3l ered\u0151 k\u00f6rnyezetk\u00e1ros\u00edt\u00e1s\u00e9rt j\u00e1r\u00f3 d\u00edjakat befizett\u00fck&#8230;<br \/>\u00dajrahasznos\u00edthat\u00f3 \u00e9s\/vagy vesz\u00e9lyes hullad\u00e9k t\u00e1rol\u00e1s\u00e1t megoldottnak tekintj\u00fck, erre szakosodott c\u00e9gekkel k\u00f6telez\u0151 jelleggel kapcsol\u00f3dunk.<br \/>Term\u00e9keink bemutat\u00e1sa kateg\u00f3ri\u00e1kba sorol\u00e1ssal t\u00f6rt\u00e9nik, mely c\u00e9g\u00fcnk logikai struktur\u00e1lt fel\u00e9p\u00edt\u00e9s\u00e9n alakul \u00e9s elt\u00e9rhet egyes v\u00e1s\u00e1rl\u00f3i ig\u00e9nyt\u0151l, de igyekezt\u00fcnk felhaszn\u00e1l\u00f3bar\u00e1t be\u00e1ll\u00edt\u00e1sokkal elk\u00e9sz\u00edteni.<br \/>A term\u00e9kek elnevez\u00e9se nem megt\u00e9veszt\u0151 \u00e9s \u00e9rthet\u0151, az ebb\u0151l ered\u0151 f\u00e9lre\u00e9rt\u00e9sek elker\u00fcl\u00e9se \u00e9rdek\u00e9ben \u00d6n \u00e9lhet a hat\u00e1lyos jogszab\u00e1lyokban el\u0151\u00edrt visszav\u00e1s\u00e1rl\u00e1si joggal, melyet fel\u00e9nk int\u00e9zhet.<\/p>\n<div><\/div>\n<p>Term\u00e9k k\u00e9pek felt\u00f6r\u00e9sekkor igyekezt\u00fcnk a sz\u00ednek t\u00e9nyleges bemutat\u00e1s\u00e1ra, de ez elt\u00e9rhet a monitor be\u00e1ll\u00edt\u00e1s vagy egy\u00e9b okok miatt az eredetit\u0151l.<\/p>\n<div><\/div>\n<\/div>\n<div class=\"page_artdet_name_outer\">\n<div class=\"page_artdet_name page_help_title text-uppercase py-2 font-xxl font-weight-bold text-cn mb-3\">FELEL\u0150SS\u00c9G<\/div>\n<\/div>\n<div class=\"page_help_content text-justify\">\n<p><strong>4.1. Felel\u0151ss\u00e9g<\/strong><\/p>\n<div><\/div>\n<p>A Felhaszn\u00e1l\u00f3 a honlapot kiz\u00e1r\u00f3lag a saj\u00e1t kock\u00e1zat\u00e1ra haszn\u00e1lhatja, \u00e9s elfogadja, hogy a Szolg\u00e1ltat\u00f3 nem v\u00e1llal felel\u0151ss\u00e9get a haszn\u00e1lat sor\u00e1n felmer\u00fcl\u0151 vagyoni \u00e9s nem vagyoni k\u00e1rok\u00e9rt a sz\u00e1nd\u00e9kosan, s\u00falyos gondatlans\u00e1ggal, vagy b\u0171ncselekm\u00e9nnyel okozott, tov\u00e1bb\u00e1 az \u00e9letet, testi \u00e9ps\u00e9get, eg\u00e9szs\u00e9get megk\u00e1ros\u00edt\u00f3 szerz\u0151d\u00e9sszeg\u00e9s\u00e9rt val\u00f3 felel\u0151ss\u00e9gen t\u00falmen\u0151en.<\/p>\n<div><\/div>\n<p>A Szolg\u00e1ltat\u00f3 kiz\u00e1r minden felel\u0151ss\u00e9get a honlap haszn\u00e1l\u00f3i \u00e1ltal tan\u00fas\u00edtott magatart\u00e1s\u00e9rt \u00e9s hogy a Felhaszn\u00e1l\u00f3 teljes m\u00e9rt\u00e9kben \u00e9s kiz\u00e1r\u00f3lagosan felel\u0151s saj\u00e1t magatart\u00e1s\u00e1\u00e9rt.<\/p>\n<div><\/div>\n<p>A Felhaszn\u00e1l\u00f3 k\u00f6teles gondoskodni arr\u00f3l, hogy a honlap haszn\u00e1lata sor\u00e1n harmadik szem\u00e9lyek jogait vagy a jogszab\u00e1lyokat sem k\u00f6zvetlen\u00fcl, sem k\u00f6zvetett m\u00f3don ne s\u00e9rtse.<\/p>\n<div><\/div>\n<p>A Felhaszn\u00e1l\u00f3k \u00e1ltal a honlap haszn\u00e1lata sor\u00e1n esetlegesen el\u00e9rhet\u0151v\u00e9 tett tartalmat (p\u00e9ld\u00e1ul hozz\u00e1sz\u00f3l\u00e1s) a Szolg\u00e1ltat\u00f3 jogosult, de nem k\u00f6teles ellen\u0151rizni, \u00e9s a k\u00f6zz\u00e9tett tartalmak tekintet\u00e9ben a Szolg\u00e1ltat\u00f3 jogosult, de nem k\u00f6teles jogellenes tev\u00e9kenys\u00e9g folytat\u00e1s\u00e1ra utal\u00f3 jeleket keresni \u00e9s ezek\u00e9rt felel\u0151ss\u00e9get nem v\u00e1llal.<\/p>\n<div><\/div>\n<p><strong>4.2. Szerz\u0151i jogok<\/strong><\/p>\n<div><\/div>\n<p>A honlap teljes eg\u00e9sze (sz\u00f6vegek, k\u00e9pek, grafikai elemek, stb&#8230;) szerz\u0151i jogv\u00e9delem al\u00e1 esik, \u00edgy kereskedelmi c\u00e9lokra m\u00e1solni, m\u00f3dos\u00edtani, terjeszteni tilos!<\/p>\n<div><\/div>\n<\/div>\n<div class=\"page_artdet_name_outer\">\n<div class=\"page_artdet_name page_help_title text-uppercase py-2 font-xxl font-weight-bold text-cn mb-3\">MEGRENDEL\u00c9S FOLYAMATA<\/div>\n<\/div>\n<div class=\"page_help_content text-justify\">\n<h2>5.1. Megrendel\u00e9s folyamata<\/h2>\n<div><\/div>\n<p>A honlap term\u00e9kbemutat\u00e1si, \u00e9s online megrendel\u00e9si lehet\u0151s\u00e9get biztos\u00edt a Felhaszn\u00e1l\u00f3k sz\u00e1m\u00e1ra. A honlapon a Felhaszn\u00e1l\u00f3 men\u00fcpontok seg\u00edts\u00e9g\u00e9vel b\u00f6ng\u00e9szhet. A term\u00e9kek kateg\u00f3riarendszerbe sorolva tal\u00e1lhat\u00f3k meg. Az<span>\u00a0<\/span><strong>Akci\u00f3s term\u00e9kek<\/strong><span>\u00a0<\/span>kateg\u00f3ri\u00e1ban az \u00e1ruh\u00e1zban kaphat\u00f3 \u00f6sszes akci\u00f3s term\u00e9k megtal\u00e1lhat\u00f3. Minden term\u00e9kn\u00e9l k\u00fcl\u00f6n-k\u00fcl\u00f6n szerepel az akci\u00f3 kezdeti \u00e9s lej\u00e1rati d\u00e1tuma, vagy a kezdeti d\u00e1tum \u00e9s a<span>\u00a0<\/span><strong>k\u00e9szlet erej\u00e9ig<\/strong><span>\u00a0<\/span>megjel\u00f6l\u00e9s. A<span>\u00a0<\/span><strong>T\u00f6bbet olcs\u00f3bban<\/strong><span>\u00a0<\/span>men\u00fcpont alatt tal\u00e1lja azokat a term\u00e9keket, amelyekre az \u00e1ruh\u00e1z t\u00f6bb darab rendel\u00e9se eset\u00e9n mennyis\u00e9gi kedvezm\u00e9nyt biztos\u00edt. Az<span>\u00a0<\/span><strong>\u00dajdons\u00e1gok<\/strong><span>\u00a0<\/span>men\u00fcpontban tal\u00e1lhat\u00f3k a honlap k\u00edn\u00e1lat\u00e1ban \u00fajonnan megjelen\u0151 term\u00e9kek.<\/p>\n<div><\/div>\n<p>A kateg\u00f3ria nev\u00e9re kattintva a benne szerel\u0151 term\u00e9kek list\u00e1ja l\u00e1that\u00f3. Ha az adott kateg\u00f3ri\u00e1ban l\u00e9v\u0151 \u00f6sszes term\u00e9k nem f\u00e9r ki egy oldalra, akkor a term\u00e9kek felett \u00e9s alatt l\u00e9v\u0151 sz\u00e1mok seg\u00edts\u00e9g\u00e9vel lehet lapozni. A term\u00e9k list\u00e1r\u00f3l a r\u00e9szletes term\u00e9k oldal a term\u00e9k nev\u00e9re, vagy a k\u00e9pre klikkelve \u00e9rhet\u0151 el, itt t\u00e1j\u00e9koz\u00f3dhat a megrendelni k\u00edv\u00e1nt term\u00e9k r\u00e9szletes jellemz\u0151ir\u0151l, \u00e1r\u00e1r\u00f3l.<\/p>\n<div><\/div>\n<p>A honlapon lehet\u0151s\u00e9g van kulcssz\u00f3 alapj\u00e1n term\u00e9ket keresni. A keres\u00e9si felt\u00e9teleknek megfelel\u0151 term\u00e9k tal\u00e1latok a kateg\u00f3ri\u00e1khoz hasonl\u00f3an listaszer\u0171en jelennek meg.<\/p>\n<div><\/div>\n<p>A v\u00e1lasztott term\u00e9k a kos\u00e1r gomb seg\u00edts\u00e9g\u00e9vel helyezhet\u0151 a kos\u00e1rba, a gomb mellett a sz\u00fcks\u00e9ges darabsz\u00e1m be\u00e1ll\u00edthat\u00f3. A Felhaszn\u00e1l\u00f3 a kos\u00e1r tartalm\u00e1t a Kos\u00e1r men\u00fcpont seg\u00edts\u00e9g\u00e9vel ellen\u0151rizheti. Itt m\u00f3dos\u00edthatja azt, hogy a kos\u00e1rba tett term\u00e9kb\u0151l milyen mennyis\u00e9get k\u00edv\u00e1n rendelni, illetve t\u00f6r\u00f6lheti az adott t\u00e9telt. A Kos\u00e1r \u00fcr\u00edt\u00e9se gomb seg\u00edts\u00e9g\u00e9vel lehet\u0151s\u00e9g van a kos\u00e1r teljes ki\u00fcr\u00edt\u00e9s\u00e9re is. A Felhaszn\u00e1l\u00f3 a Megrendel\u00e9s gombra klikkelve folytathatja a v\u00e1s\u00e1rl\u00e1si folyamatot. M\u00e1sodik l\u00e9p\u00e9sk\u00e9nt lehet\u0151s\u00e9g van bel\u00e9p\u00e9sre, regisztr\u00e1ci\u00f3ra, \u00e9s v\u00e1s\u00e1rl\u00e1sra.<\/p>\n<div><\/div>\n<p>A regisztr\u00e1ci\u00f3 eset\u00e9n az al\u00e1bbi adatokat kell a Felhaszn\u00e1l\u00f3nak megadnia: e-mail c\u00edm, n\u00e9v, telefonsz\u00e1m, sz\u00e1ml\u00e1z\u00e1si c\u00edm, valamint ha ett\u0151l elt\u00e9r\u0151 a sz\u00e1ll\u00edt\u00e1si c\u00edm. Regisztr\u00e1ci\u00f3hoz egy jelsz\u00f3 megad\u00e1sa is sz\u00fcks\u00e9ges. A sikeres regisztr\u00e1ci\u00f3r\u00f3l a Felhaszn\u00e1l\u00f3 e-mailben, \u00e9s a honlapon t\u00e1j\u00e9koz\u00f3dhat. A Felhaszn\u00e1l\u00f3 a regisztr\u00e1ci\u00f3j\u00e1nak t\u00f6rl\u00e9s\u00e9t e-mailben k\u00e9rheti a Szolg\u00e1ltat\u00f3t\u00f3l, ez esetben \u00faj v\u00e1s\u00e1rl\u00e1shoz \u00fajra kell regisztr\u00e1lnia. A hozz\u00e1f\u00e9r\u00e9si adatok titokban tart\u00e1s\u00e1\u00e9rt a Felhaszn\u00e1l\u00f3 felel\u0151s. A Felhaszn\u00e1l\u00f3 felel\u0151s az adatai friss\u00edt\u00e9s\u00e9\u00e9rt, valamint k\u00f6teles a Szolg\u00e1ltat\u00f3nak bejelenteni, ha tudom\u00e1s\u00e1ra jutott, hogy az adataival harmadik f\u00e9l vissza\u00e9lt. Elfelejtett jelsz\u00f3 eset\u00e9n a honlapon \u00faj jelsz\u00f3 k\u00e9rhet\u0151 a regisztr\u00e1lt e-mail c\u00edmre. Amennyiben a Felhaszn\u00e1l\u00f3 kor\u00e1bban regisztr\u00e1lt a honlapon, a megrendel\u00e9si folyamat az e-mail c\u00edm\u00e9nek \u00e9s jelszav\u00e1nak megad\u00e1s\u00e1val folytathat\u00f3.<\/p>\n<div><\/div>\n<p>A megrendel\u00e9s k\u00f6vetkez\u0151 l\u00e9p\u00e9sek\u00e9nt a Felhaszn\u00e1l\u00f3nak ki kell v\u00e1lasztania a sz\u00e1m\u00e1ra megfelel\u0151 fizet\u00e9si \u00e9s sz\u00e1ll\u00edt\u00e1si m\u00f3dot. A Felhaszn\u00e1l\u00f3 egy \u00f6sszefoglal\u00f3 oldal seg\u00edts\u00e9g\u00e9vel ellen\u0151rizheti minden kor\u00e1bban megadott adat\u00e1t, \u00e9s a megrendelni k\u00edv\u00e1nt term\u00e9keket, azok mennyis\u00e9g\u00e9t. Adatbeviteli hib\u00e1k eset\u00e9n a ceruza ikon seg\u00edts\u00e9g\u00e9vel jav\u00edthat a megadott adatokon. Ha mindent megfelel\u0151nek tal\u00e1l, akkor a Megrendel\u00e9s elk\u00fcld\u00e9se gomb seg\u00edts\u00e9g\u00e9vel v\u00e9gleges\u00edtheti rendel\u00e9s\u00e9t. Err\u0151l a honlapon, illetve e-mailben kap meger\u0151s\u00edt\u00e9st. Amennyiben a megrendel\u00e9s r\u00f6gz\u00edt\u00e9se ut\u00e1n (pl.: a visszaigazol\u00f3 e-mailben) \u00e9szlel hib\u00e1s adatot azt halad\u00e9ktalanul, de legfeljebb 24 \u00f3r\u00e1n bel\u00fcl k\u00f6teles jelezni azt a Szolg\u00e1ltat\u00f3 fel\u00e9.<\/p>\n<div><\/div>\n<p>Megrendel\u00e9si sz\u00e1nd\u00e9kt\u00f3l f\u00fcggetlen\u00fcl a Felhaszn\u00e1l\u00f3 a bel\u00e9p\u00e9st a<span>\u00a0<\/span><strong>V\u00e1s\u00e1rl\u00f3 Bel\u00e9p\u00e9s<\/strong><span>\u00a0<\/span>ablak, vagy a<span>\u00a0<\/span><strong>Bel\u00e9p\u00e9s<\/strong><span>\u00a0<\/span>men\u00fcpont seg\u00edts\u00e9g\u00e9vel v\u00e9gezheti el. Bel\u00e9p\u00e9s ut\u00e1n megjelenik egy<span>\u00a0<\/span><strong>Adatok m\u00f3dos\u00edt\u00e1sa<\/strong><span>\u00a0<\/span>men\u00fcpont, ahol a regisztr\u00e1ci\u00f3 sor\u00e1n megadott adatait tudja m\u00f3dos\u00edtani, valamint a leadott megrendel\u00e9s\u00e9nek adatait, \u00e9s \u00e1llapot\u00e1t k\u00f6vetheti nyomon.<\/p>\n<div><\/div>\n<p>Egyebek: Be kell e jelentkezni az \u00e1rak megtekint\u00e9s\u00e9hez, a term\u00e9kek kos\u00e1rba helyez\u00e9s\u00e9hez? Bankk\u00e1rty\u00e1s, egy\u00e9b online fizet\u00e9si lehet\u0151s\u00e9g van? Ezek eset\u00e9n a folyamat le\u00edr\u00e1sa. Kos\u00e1r elmenthet\u0151-e k\u00e9s\u0151bbi v\u00e1s\u00e1rl\u00e1shoz (automatikusan vagy gomb seg\u00edts\u00e9g\u00e9vel)? Van-e kupon elfogad\u00e1s az \u00e1ruh\u00e1zban? Van-e pontgy\u0171jt\u00e9s? Egy\u00e9b rendel\u00e9s param\u00e9tereket meg kell-e adni? Stb&#8230;<\/p>\n<div><\/div>\n<h2>5.2. Aj\u00e1nlati k\u00f6t\u00f6tts\u00e9g, visszaigazol\u00e1s<\/h2>\n<div><\/div>\n<p>A Szolg\u00e1ltat\u00f3 a Felhaszn\u00e1l\u00f3t 48 \u00f3r\u00e1n bel\u00fcl t\u00e1j\u00e9koztatja a visszaigazol\u00e1sr\u00f3l. Ha a Felhaszn\u00e1l\u00f3 nem kapja ezt meg 48 \u00f3r\u00e1n bel\u00fcl a visszaigazol\u00e1st, \u00fagy a Felhaszn\u00e1l\u00f3 mentes\u00fcl aj\u00e1nlati k\u00f6t\u00f6tts\u00e9ge al\u00f3l, a megrendelt term\u00e9keket nem k\u00f6teles \u00e1tvenni.<\/p>\n<div><\/div>\n<p>A visszaigazol\u00f3 e-mail tartalmazza a v\u00e1s\u00e1rl\u00e1s sor\u00e1n megadott adatokat, a rendel\u00e9si adatokat, a megrendelt term\u00e9k(ek) nev\u00e9t, \u00e1r\u00e1t, a v\u00e1lasztott fizet\u00e9si \u00e9s sz\u00e1ll\u00edt\u00e1si m\u00f3dokat, a rendel\u00e9s sorsz\u00e1m\u00e1t, valamint ezen fel\u00fcl a Felhaszn\u00e1l\u00f3 rendel\u00e9ssel kapcsolatos megjegyz\u00e9seit.<\/p>\n<div><\/div>\n<h2>5.3. A szerz\u0151d\u00e9s l\u00e9trej\u00f6tte<\/h2>\n<div><\/div>\n<p>A szerz\u0151d\u00e9s megk\u00f6t\u00e9s\u00e9re magyar nyelven van lehet\u0151s\u00e9g. A megrendel\u00e9s lead\u00e1sa elektronikus \u00faton megk\u00f6t\u00f6tt szerz\u0151d\u00e9snek min\u0151s\u00fcl, amelyre az elektronikus kereskedelmi szolg\u00e1ltat\u00e1sok, valamint az inform\u00e1ci\u00f3s t\u00e1rsadalommal \u00f6sszef\u00fcgg\u0151 szolg\u00e1ltat\u00e1sok egyes k\u00e9rd\u00e9seir\u0151l sz\u00f3l\u00f3 2001. \u00e9vi CVIII. t\u00f6rv\u00e9nyben foglaltak megfelel\u0151en ir\u00e1nyad\u00f3ak. A szerz\u0151d\u00e9s a fogyaszt\u00f3 \u00e9s a v\u00e1llalkoz\u00e1s k\u00f6z\u00f6tti szerz\u0151d\u00e9sek r\u00e9szletes szab\u00e1lyair\u00f3l sz\u00f3l\u00f3 45\/2014 (II.26.) Korm. rendelet hat\u00e1lya al\u00e1 tartozik, \u00e9s szem el\u0151tt tartja a fogyaszt\u00f3k jogair\u00f3l sz\u00f3l\u00f3 Eur\u00f3pai Parlament \u00e9s a Tan\u00e1cs 2011\/83\/EU ir\u00e1nyelv\u00e9nek rendelkez\u00e9seit.<\/p>\n<div><\/div>\n<p>A szerz\u0151d\u00e9s az automatikus visszaigazol\u00e1s meg\u00e9rkez\u00e9s\u00e9vel j\u00f6n l\u00e9tre. VAGY<\/p>\n<div><\/div>\n<p>A Szolg\u00e1ltat\u00f3 az automata visszaigazol\u00f3 e-mailen fel\u00fcl k\u00fcld a Felhaszn\u00e1l\u00f3 r\u00e9sz\u00e9re egy m\u00e1sodik e-mailt (k\u00fcl\u00f6n elfogad\u00f3 e-mail) 48 \u00f3r\u00e1n bel\u00fcl, amellyel a Felhaszn\u00e1l\u00f3 aj\u00e1nlat\u00e1t elfogadja, \u00e9s \u00edgy a szerz\u0151d\u00e9s az aj\u00e1nlat Szolg\u00e1ltat\u00f3 \u00e1ltali elfogad\u00e1s\u00e1r\u00f3l sz\u00f3l\u00f3 k\u00fcl\u00f6n e-mail meg\u00e9rkez\u00e9sekor j\u00f6n l\u00e9tre \u00e9s nem a megrendel\u00e9s automatikus visszaigazol\u00e1s\u00e1r\u00f3l sz\u00f3l\u00f3 e-mail 48 \u00f3r\u00e1n bel\u00fcli meg\u00e9rkez\u00e9s\u00e9vel.<\/p>\n<div><\/div>\n<h2>5.4. A szerz\u0151d\u00e9s iktat\u00e1sa<\/h2>\n<div><\/div>\n<p>A honlapon kereszt\u00fcl k\u00f6t\u00f6tt szerz\u0151d\u00e9s nem min\u0151s\u00fcl \u00edr\u00e1sbeli szerz\u0151d\u00e9snek, a Szolg\u00e1ltat\u00f3 azt nem iktatja, ut\u00f3lagosan nem hozz\u00e1f\u00e9rhet\u0151.<\/p>\n<div><\/div>\n<h2>5.5. Sz\u00e1mla<\/h2>\n<div><\/div>\n<p>A Szolg\u00e1ltat\u00f3 pap\u00edralap\u00fa sz\u00e1ml\u00e1t \u00e1ll\u00edt ki, amitt a Felhaszn\u00e1l\u00f3 a megrendelt term\u00e9kkel a csomagban kapja k\u00e9zhez.<\/p>\n<div><\/div>\n<h2>5.6. Fizet\u00e9s<\/h2>\n<div><\/div>\n<h3>\u00a01,- Ut\u00e1nv\u00e9ttel t\u00f6rt\u00e9n\u0151 fizet\u00e9s a csomag k\u00e9zhezv\u00e9telekor a fut\u00e1rnak.<\/h3>\n<div><\/div>\n<h3>\u00a02,- Szem\u00e9lyes \u00e1tv\u00e9teln\u00e9l el\u0151re egyeztet\u00e9s ut\u00e1n: K\u00e9szp\u00e9nzzel<\/h3>\n<div><\/div>\n<h3>\u00a0<\/h3>\n<div><\/div>\n<h2>5.7. \u00c1tv\u00e9teli lehet\u0151s\u00e9ges, Sz\u00e1ll\u00edt\u00e1s<\/h2>\n<div><\/div>\n<h3>MPL fut\u00e1rszolg\u00e1lat:\u00a0<\/h3>\n<div><\/div>\n<h3>k\u00e9zbes\u00edt\u00e9s munkanapokon h\u00e9tf\u0151t\u0151l-p\u00e9ntekig, 08:00-17:00 \u00f3ra k\u00f6z\u00f6tt<\/h3>\n<div><\/div>\n<p>&nbsp;<\/p>\n<div><\/div>\n<p>H\u00e9tk\u00f6znap 16 \u00f3r\u00e1ig leadott rendel\u00e9seit m\u00e1snapra k\u00e9zhez kapja.<\/p>\n<div><\/div>\n<p>Amennyiben p\u00e9nteken 16 \u00f3r\u00e1ig leadja rendel\u00e9s\u00e9t az egy napos sz\u00e1ll\u00edt\u00e1si akci\u00f3 keret\u00e9n bel\u00fcl, csomagj\u00e1t h\u00e9tf\u0151n veheti k\u00e9zhez. P\u00e9nteken 16 \u00f3ra ut\u00e1n leadott rendel\u00e9sek csak h\u00e9tf\u0151n ker\u00fclnek kisz\u00e1ll\u00edt\u00e1sra, \u00edgy kedden vehet\u0151k \u00e1t.<\/p>\n<div><\/div>\n<p>Ha a fut\u00e1r a megadott c\u00edmen nem tal\u00e1l senkit, akkor a k\u00f6vetkez\u0151 napon \u00fajra megk\u00eds\u00e9rli, ha az sem siker\u00fcl, akkor a Post\u00e1n 5 napig \u00e1tvehet\u0151<\/p>\n<div><\/div>\n<p>A term\u00e9k \u00e1tv\u00e9telekor a Felhaszn\u00e1l\u00f3 k\u00f6teles megvizsg\u00e1lni, hogy a term\u00e9k s\u00e9r\u00fcl\u00e9smentes-e. Amennyiben s\u00e9r\u00fcl\u00e9st tapasztal a csomagol\u00e1son, a term\u00e9ken, a Felhaszn\u00e1l\u00f3 k\u00e9rheti a fut\u00e1rt\u00f3l jegyz\u0151k\u00f6nyv felv\u00e9tel\u00e9t, mert a term\u00e9k fut\u00e1rt\u00f3l val\u00f3 \u00e1tv\u00e9tel\u00e9vel illetve az \u00e1tv\u00e9telt igazol\u00f3 dokumentum al\u00e1\u00edr\u00e1s\u00e1val a term\u00e9k mennyis\u00e9gi \u00e9s min\u0151s\u00e9gi \u00e1tv\u00e9tele megt\u00f6rt\u00e9nik, ami azt jelenti, hogy az \u00e1tv\u00e9telt k\u00f6vet\u0151en a Felhaszn\u00e1l\u00f3 kiz\u00e1r\u00f3lag el\u00e1ll\u00e1si jog\u00e1val \u00e9lhet, ez\u00e9rt a kisz\u00e1ll\u00edt\u00e1st v\u00e9gz\u0151 szem\u00e9ly t\u00e1voz\u00e1sa ut\u00e1n a Szolg\u00e1ltat\u00f3nak ut\u00f3lag mennyis\u00e9gi \u00e9s min\u0151s\u00e9gi reklam\u00e1ci\u00f3t nem \u00e1ll m\u00f3dj\u00e1ban elfogadni.<\/p>\n<div><\/div>\n<p>Amennyiben az \u00e1tv\u00e9telkor l\u00e1that\u00f3an s\u00e9r\u00fclt a csomagol\u00e1s vagy a term\u00e9k, \u00e9s a s\u00e9r\u00fcl\u00e9s az \u00e1ru \u00e1tv\u00e9tel\u00e9t megel\u0151z\u0151en keletkezett, a term\u00e9k visszav\u00e9tel\u00e9t, illetve cser\u00e9j\u00e9t a Szolg\u00e1ltat\u00f3 d\u00edjmentesen biztos\u00edtja. Az \u00e1tv\u00e9telt k\u00f6vet\u0151en \u00e9szlelt s\u00e9r\u00fcl\u00e9s\u00e9rt a Szolg\u00e1ltat\u00f3 felel\u0151ss\u00e9get nem v\u00e1llal!<\/p>\n<div><\/div>\n<p>Sz\u00e1ll\u00edt\u00e1si k\u00f6lts\u00e9g fut\u00e1rral: 1490 Ft.<\/p>\n<div><\/div>\n<p>Sz\u00e1ll\u00edt\u00e1si k\u00f6lts\u00e9g Mpl Posta pontra: 1490 Ft.<\/p>\n<div><\/div>\n<p>Ut\u00e1nv\u00e9t 300 Ft k\u00f6lts\u00e9ggel j\u00e1r minden esetben.<\/p>\n<div><\/div>\n<p>Sz\u00e1ll\u00edt\u00e1si hat\u00e1rid\u0151: 1-2 munkanap ( a szombat, vas\u00e1rnap \u00e9s munkasz\u00fcneti napok, \u00fcnnepek nem sz\u00e1m\u00edtanak bele)<\/p>\n<div><\/div>\n<p>\u00a0A Szolg\u00e1ltat\u00f3 k\u00e9sedelme eset\u00e9n a Fogyaszt\u00f3 jogosult p\u00f3that\u00e1rid\u0151t t\u0171zni. Ha a Szolg\u00e1ltat\u00f3 a p\u00f3that\u00e1rid\u0151n bel\u00fcl nem teljes\u00edt, a Fogyaszt\u00f3 jogosult a szerz\u0151d\u00e9st\u0151l el\u00e1llni. A Fogyaszt\u00f3 p\u00f3that\u00e1rid\u0151 t\u0171z\u00e9se n\u00e9lk\u00fcl akkor jogosult a szerz\u0151d\u00e9st\u0151l el\u00e1llni akkor, ha a Szolg\u00e1ltat\u00f3 a szerz\u0151d\u00e9s teljes\u00edt\u00e9s\u00e9t megtagadta vagy a szerz\u0151d\u00e9st a felek meg\u00e1llapod\u00e1sa szerint vagy a szolg\u00e1ltat\u00e1s felismerhet\u0151 rendeltet\u00e9s\u00e9n\u00e9l fogva a meghat\u00e1rozott teljes\u00edt\u00e9si id\u0151ben &#8211; \u00e9s nem m\u00e1skor &#8211; kellett volna teljes\u00edteni.<\/p>\n<div><\/div>\n<h3>\u00a0Szem\u00e9lyes \u00e1tv\u00e9tel:<\/h3>\n<h3>Vev\u0151ink, dolgoz\u00f3ink \u00e9s csal\u00e1dtagjaink v\u00e9delme \u00e9rdek\u00e9ben a jelen v\u00e9szhelyzetben<\/h3>\n<p>R\u00e9szes\u00edtse el\u0151nybe az online kapcsolatot a szem\u00e9lyes kontaktus helyett.\u00a0 Egyeztet\u00e9s ut\u00e1n lehet\u0151s\u00e9g van szem\u00e9lyes \u00e1tv\u00e9telre is.<\/p>\n<div><\/div>\n<p><strong><em>Sz\u00e9khely \u00e9s levelez\u00e9si c\u00edm:Budapest 1095 Bor\u00e1ros t\u00e9r 7.<\/em><\/strong><br \/><em><strong>Duna H\u00e1z \u00fczleth\u00e1z 1.emelet 23.-as \u00fczlet\u00a0\u00a0<\/strong><\/em><\/p>\n<div><\/div>\n<p><em><strong>A web\u00e1ruh\u00e1zban megrendelt term\u00e9ket a rendel\u00e9s id\u0151pontj\u00e1t\u00f3l sz\u00e1m\u00edtott 5 munkanapig f\u00e9lretessz\u00fck.<\/strong><\/em><\/p>\n<div><\/div>\n<p><em><strong>A megrendel\u00e9s id\u0151pontj\u00e1ban \u00e9rv\u00e9nyes elad\u00e1si \u00e1rat (Akci\u00f3s \u00e1rat) addig biztos\u00edtjuk.<\/strong><\/em><\/p>\n<div><\/div>\n<p><em><strong>5 nap ut\u00e1n az \u00e1t nem vett cikkek \u00fajra v\u00e1s\u00e1rolhat\u00f3v\u00e1 v\u00e1lnak. Amennyiben az akci\u00f3s id\u0151szak m\u00e1r lej\u00e1rt m\u00e1r csak az akkor aktu\u00e1lis lista\u00e1ron lesz el\u00e9rhet\u0151!<\/strong><\/em><\/p>\n<div><\/div>\n<p><strong>\u00dcgyf\u00e9lszolg\u00e1lat:<\/strong><\/p>\n<div><\/div>\n<p>Telefonon: 06-70-280-3859<\/p>\n<div><\/div>\n<p>E-mail c\u00edm: info@gpshero.hu<\/p>\n<div><\/div>\n<p>H\u00e9tk\u00f6znap: 11.00-16.00<\/p>\n<div><\/div>\n<p>Szombat,vas\u00e1rnap z\u00e1rva<\/p>\n<div><\/div>\n<h2>6.1. El\u00e1ll\u00e1si jog gyakorl\u00e1s\u00e1nak menete<\/h2>\n<div><\/div>\n<p>Az e pontban foglaltak kiz\u00e1r\u00f3lag a szakm\u00e1ja, \u00f6n\u00e1ll\u00f3 foglalkoz\u00e1sa vagy \u00fczleti tev\u00e9kenys\u00e9ge k\u00f6r\u00e9n k\u00edv\u00fcl elj\u00e1r\u00f3 term\u00e9szetes szem\u00e9lyre vonatkoznak, aki \u00e1rut vesz, rendel, kap, haszn\u00e1l, ig\u00e9nybe vesz, valamint az \u00e1ruval kapcsolatos kereskedelmi kommunik\u00e1ci\u00f3, aj\u00e1nlat c\u00edmzettje (a tov\u00e1bbiakban Fogyaszt\u00f3).<\/p>\n<div><\/div>\n<p>A term\u00e9knek, t\u00f6bb term\u00e9k szolg\u00e1ltat\u00e1sakor az utolj\u00e1ra szolg\u00e1ltatott term\u00e9knek, a Fogyaszt\u00f3 vagy az \u00e1ltala megjel\u00f6lt, a fuvaroz\u00f3t\u00f3l elt\u00e9r\u0151 harmadik szem\u00e9ly \u00e1ltali \u00e1tv\u00e9tel\u00e9nek napj\u00e1t\u00f3l sz\u00e1m\u00edtott<span>\u00a0<\/span><strong>tizenn\u00e9gy (14) napon bel\u00fcl a szerz\u0151d\u00e9st\u0151l indokol\u00e1s n\u00e9lk\u00fcl lehet el\u00e1llni.<\/strong><\/p>\n<div><\/div>\n<p>Fogyaszt\u00f3 a szerz\u0151d\u00e9s megk\u00f6t\u00e9s\u00e9nek a napja \u00e9s a term\u00e9k \u00e1tv\u00e9tel\u00e9nek napja k\u00f6z\u00f6tti id\u0151szakban is gyakorolhatja el\u00e1ll\u00e1si jog\u00e1t.<\/p>\n<div><\/div>\n<p>Ha a Fogyaszt\u00f3 el\u00e1ll\u00e1si jog\u00e1val \u00e9lni k\u00edv\u00e1n, el\u00e1ll\u00e1si sz\u00e1nd\u00e9k\u00e1t tartalmaz\u00f3 egy\u00e9rtelm\u0171 nyilatkozat\u00e1t k\u00f6teles eljuttatni (p\u00e9ld\u00e1ul post\u00e1n, elektronikus \u00faton k\u00fcld\u00f6tt lev\u00e9l \u00fatj\u00e1n) a jelen \u00c1SZF 2. pontj\u00e1ban felt\u00fcntetett el\u00e9rhet\u0151s\u00e9gek ig\u00e9nybev\u00e9tel\u00e9vel a Szolg\u00e1ltat\u00f3 r\u00e9sz\u00e9re. A Fogyaszt\u00f3 hat\u00e1rid\u0151ben gyakorolja el\u00e1ll\u00e1si jog\u00e1t, ha a fent megjel\u00f6lt hat\u00e1rid\u0151 lej\u00e1rta el\u0151tt elk\u00fcldi el\u00e1ll\u00e1si nyilatkozat\u00e1t a Szolg\u00e1ltat\u00f3 r\u00e9sz\u00e9re.<\/p>\n<div><\/div>\n<p>A Fogyaszt\u00f3t terheli annak bizony\u00edt\u00e1sa, hogy el\u00e1ll\u00e1si jog\u00e1t az 6. pontban meghat\u00e1rozott rendelkez\u00e9seknek megfelel\u0151en gyakorolta.<\/p>\n<div><\/div>\n<p>Mindk\u00e9t esetben a Szolg\u00e1ltat\u00f3 e-mailben halad\u00e9ktalanul visszaigazolja a Fogyaszt\u00f3 el\u00e1ll\u00e1si nyilatkozat\u00e1nak meg\u00e9rkez\u00e9s\u00e9t.<\/p>\n<div><\/div>\n<p>\u00cdr\u00e1sban t\u00f6rt\u00e9n\u0151 el\u00e1ll\u00e1s eset\u00e9n azt hat\u00e1rid\u0151ben \u00e9rv\u00e9nyes\u00edtettnek kell tekinteni, ha a Fogyaszt\u00f3 az erre ir\u00e1nyul\u00f3 nyilatkozat\u00e1t 14 napt\u00e1ri napon bel\u00fcl (ak\u00e1r a 14. napt\u00e1ri napon) elk\u00fcldi a Szolg\u00e1ltat\u00f3nak.<\/p>\n<div><\/div>\n<p>Postai \u00faton t\u00f6rt\u00e9n\u0151 jelz\u00e9s alkalm\u00e1val a post\u00e1ra ad\u00e1s d\u00e1tum\u00e1t, e-mail \u00e9rtes\u00edt\u00e9s eset\u00e9n az e-mail k\u00fcld\u00e9s\u00e9nek idej\u00e9t veszi figyelembe a Szolg\u00e1ltat\u00f3 a hat\u00e1rid\u0151 sz\u00e1m\u00edt\u00e1s szempontj\u00e1b\u00f3l. A Fogyaszt\u00f3 level\u00e9t aj\u00e1nlott k\u00fcldem\u00e9nyk\u00e9nt adja post\u00e1ra, hogy hitelt \u00e9rdeml\u0151en bizony\u00edthat\u00f3 legyen a felad\u00e1s d\u00e1tuma.<\/p>\n<div><\/div>\n<p>A Fogyaszt\u00f3 el\u00e1ll\u00e1s eset\u00e9n k\u00f6teles a megrendelt term\u00e9ket a Szolg\u00e1ltat\u00f3 2. pontban felt\u00fcntetett c\u00edm\u00e9re indokolatlan k\u00e9sedelem n\u00e9lk\u00fcl, de legk\u00e9s\u0151bb el\u00e1ll\u00e1si nyilatkozat\u00e1nak k\u00f6zl\u00e9s\u00e9t\u0151l sz\u00e1m\u00edtott 14 napon bel\u00fcl visszak\u00fcldeni. A hat\u00e1rid\u0151 betartottnak min\u0151s\u00fcl, ha a Fogyaszt\u00f3 a 14 napos hat\u00e1rid\u0151 letelte el\u0151tt elk\u00fcldi (post\u00e1ra adja vagy az \u00e1ltala megrendelt fut\u00e1rnak \u00e1tadja) a term\u00e9ket.<\/p>\n<div><\/div>\n<p>A term\u00e9k a Szolg\u00e1ltat\u00f3 c\u00edm\u00e9re t\u00f6rt\u00e9n\u0151 visszak\u00fcld\u00e9s\u00e9nek k\u00f6lts\u00e9ge a Fogyaszt\u00f3t terheli.<span>\u00a0<\/span><strong>A Szolg\u00e1ltat\u00f3nak az ut\u00e1nv\u00e9ttel visszak\u00fcld\u00f6tt csomagot nem \u00e1ll m\u00f3dj\u00e1ban \u00e1tvenni.\u00a0<\/strong><\/p>\n<div><\/div>\n<p>Ha a Fogyaszt\u00f3 el\u00e1ll a szerz\u0151d\u00e9st\u0151l, halad\u00e9ktalanul, de legk\u00e9s\u0151bb a Fogyaszt\u00f3 el\u00e1ll\u00e1si nyilatkozat\u00e1nak k\u00e9zhezv\u00e9tel\u00e9t\u0151l sz\u00e1m\u00edtott 14 napon bel\u00fcl a Szolg\u00e1ltat\u00f3 visszat\u00e9r\u00edti a Fogyaszt\u00f3 \u00e1ltal fizetett \u00f6sszeget, kiv\u00e9ve a sz\u00e1ll\u00edt\u00e1si k\u00f6lts\u00e9get, mely a v\u00e1s\u00e1rl\u00f3t terheli. A Szolg\u00e1ltat\u00f3 jogosult a visszat\u00e9r\u00edt\u00e9st mindaddig visszatartani, am\u00edg vissza nem kapta a term\u00e9ket, vagy a Fogyaszt\u00f3 nem igazolta hitelt \u00e9rdeml\u0151en, hogy azt visszak\u00fcldte: a kett\u0151 k\u00f6z\u00fcl a Szolg\u00e1ltat\u00f3 a kor\u00e1bbi id\u0151pontot veszi figyelembe.<\/p>\n<div><\/div>\n<p>A visszat\u00e9r\u00edt\u00e9s sor\u00e1n az eredeti \u00fcgylet sor\u00e1n alkalmazott fizet\u00e9si m\u00f3ddal egyez\u0151 fizet\u00e9si m\u00f3dot alkalmaz a Szolg\u00e1ltat\u00f3, kiv\u00e9ve, ha a Fogyaszt\u00f3 m\u00e1s fizet\u00e9si m\u00f3d ig\u00e9nybev\u00e9tel\u00e9hez kifejezetten a hozz\u00e1j\u00e1rul\u00e1s\u00e1t adja; e visszat\u00e9r\u00edt\u00e9si m\u00f3d alkalmaz\u00e1s\u00e1b\u00f3l kifoly\u00f3lag a Fogyaszt\u00f3t semmilyen t\u00f6bbletk\u00f6lts\u00e9g nem terheli.<\/p>\n<div><\/div>\n<p>A Fogyaszt\u00f3 kiz\u00e1r\u00f3lag akkor vonhat\u00f3 felel\u0151ss\u00e9gre a term\u00e9kben bek\u00f6vetkezett \u00e9rt\u00e9kcs\u00f6kken\u00e9s\u00e9rt, ha az a term\u00e9k jelleg\u00e9nek, tulajdons\u00e1gainak \u00e9s m\u0171k\u00f6d\u00e9s\u00e9nek meg\u00e1llap\u00edt\u00e1s\u00e1hoz sz\u00fcks\u00e9ges haszn\u00e1latot meghalad\u00f3 haszn\u00e1lat miatt k\u00f6vetkezett be.<\/p>\n<div><\/div>\n<\/div>\n<div class=\"page_artdet_name_outer\">\n<div class=\"page_artdet_name page_help_title text-uppercase py-2 font-xxl font-weight-bold text-cn mb-3\">EL\u00c1LL\u00c1SI JOG<\/div>\n<\/div>\n<div class=\"page_help_content text-justify\">\n<h2>6.2. A Fogyaszt\u00f3t mely esetekben nem illeti meg az el\u00e1ll\u00e1si jog<\/h2>\n<div><\/div>\n<p>Szolg\u00e1ltat\u00e1s ny\u00fajt\u00e1s\u00e1ra ir\u00e1nyul\u00f3 szerz\u0151d\u00e9s eset\u00e9ben a szolg\u00e1ltat\u00e1s eg\u00e9sz\u00e9nek teljes\u00edt\u00e9s\u00e9t k\u00f6vet\u0151en, ha a Szolg\u00e1ltat\u00f3 a teljes\u00edt\u00e9st a Fogyaszt\u00f3 kifejezett, el\u0151zetes beleegyez\u00e9s\u00e9vel kezdte meg, \u00e9s a Fogyaszt\u00f3 tudom\u00e1sul vette, hogy a szolg\u00e1ltat\u00e1s eg\u00e9sz\u00e9nek teljes\u00edt\u00e9s\u00e9t k\u00f6vet\u0151en felmond\u00e1si jog\u00e1t elvesz\u00edti.<\/p>\n<div><\/div>\n<p>Olyan nem el\u0151re gy\u00e1rtott term\u00e9k eset\u00e9ben, amelyet a Fogyaszt\u00f3 utas\u00edt\u00e1sa alapj\u00e1n vagy kifejezett k\u00e9r\u00e9s\u00e9re \u00e1ll\u00edtott el\u0151 a Szolg\u00e1ltat\u00f3 el\u0151, vagy olyan term\u00e9k eset\u00e9ben, amelyet egy\u00e9rtelm\u0171en a Felhaszn\u00e1l\u00f3 szem\u00e9ly\u00e9re szabtak.<\/p>\n<div><\/div>\n<p>Olyan z\u00e1rt csomagol\u00e1s\u00fa term\u00e9k tekintet\u00e9ben, amely eg\u00e9szs\u00e9gv\u00e9delmi vagy higi\u00e9niai okokb\u00f3l az \u00e1tad\u00e1st k\u00f6vet\u0151 felbont\u00e1sa ut\u00e1n nem k\u00fcldhet\u0151 vissza.<\/p>\n<div><\/div>\n<p>Csak az \u00faj s\u00e9rtetlen cip\u0151t annak minden tartoz\u00e9k\u00e1val, eredeti c\u00edmk\u00e9vel \u00e1ll m\u00f3dunkban visszavenni. A cip\u0151 doboz\u00e1t k\u00e9rj\u00fck szint\u00e9n s\u00e9rtetlen\u00fcl visszak\u00fcldeni.<\/p>\n<div><\/div>\n<p><strong>El\u00e1ll\u00e1s joga<\/strong><br \/>A t\u00e1vollev\u0151k k\u00f6z\u00f6tt k\u00f6t\u00f6tt szerz\u0151d\u00e9sekr\u0151l sz\u00f3l\u00f3, 17\/1999. (II.5.) korm\u00e1nyrendelet \u00a0\u00e9rtelm\u00e9ben a fogyaszt\u00f3 a megrendelt term\u00e9k k\u00e9zhez v\u00e9tel\u00e9t\u0151l sz\u00e1m\u00edtott 14 munkanapon bel\u00fcl indokl\u00e1s n\u00e9lk\u00fcl el\u00e1llhat a szerz\u0151d\u00e9st\u0151l, visszak\u00fcldheti a megrendelt term\u00e9ket.<br \/>JAz el\u00e1ll\u00e1si jog gyakorl\u00e1sa eset\u00e9n a fogyaszt\u00f3t a term\u00e9k visszajuttat\u00e1s\u00e1nak k\u00f6lts\u00e9g\u00e9n k\u00edv\u00fcl m\u00e1s k\u00f6lts\u00e9g nem terheli, a v\u00e1llalkoz\u00e1s azonban k\u00f6vetelheti a nem rendeltet\u00e9sszer\u0171 haszn\u00e1latb\u00f3l ad\u00f3d\u00f3 anyagi k\u00e1r megt\u00e9r\u00edt\u00e9s\u00e9t, vagyis figyelembe veheti a term\u00e9k s\u00e9r\u00fcl\u00e9s\u00e9nek fok\u00e1t.<br \/>A fogyaszt\u00f3 k\u00f6teles \u00fagy visszajuttatni a term\u00e9ket, hogy az hib\u00e1tlan \u00e9s az \u00e1ltala \u00e1tvett \u00e1llapot\u00e1ban legyen.<\/p>\n<div><\/div>\n<p><strong>El\u00e1ll\u00e1si jog nem illeti meg a fogyaszt\u00f3t, az al\u00e1bbi esetekben<\/strong><br \/>Egyedi term\u00e9kek eset\u00e9ben, mely kiz\u00e1r\u00f3lag a fogyaszt\u00f3 r\u00e9sz\u00e9re k\u00e9sz\u00fclt, ig\u00e9ny szerint.<\/p>\n<div><\/div>\n<p>Ha term\u00e9k visszajuttat\u00e1sa ut\u00e1n a term\u00e9k m\u00e1r nem haszn\u00e1lhat\u00f3.<\/p>\n<div><\/div>\n<p><strong>El\u00e1ll\u00e1si jog gyakorl\u00e1sa \u00e9s garancia \u00e9rv\u00e9nyes\u00edt\u00e9se, term\u00e9kek visszajuttat\u00e1sa<\/strong><br \/>Az el\u00e1ll\u00e1s 14 napos \u00e9rv\u00e9nyess\u00e9ge: Ha \u00d6n a 14 napon bel\u00fcl jelzi el\u00e1ll\u00e1si k\u00e9relm\u00e9t telefonon, azt mi r\u00f6gz\u00edtj\u00fck, \u00edgy a term\u00e9k vissza\u00e9rkez\u00e9se, meghaladhatja a 14 napos korl\u00e1tot, belesz\u00e1m\u00edtva a postai, vagy egy\u00e9b visszajuttat\u00e1si id\u0151t.<br \/>A term\u00e9kek visszajuttat\u00e1sa t\u00f6rt\u00e9nhet postai \u00faton is.<\/p>\n<div><\/div>\n<h2><strong><span>Csere<\/span><\/strong><\/h2>\n<div><\/div>\n<p><strong>Csere eset\u00e9n mindenk\u00e9pp \u00e9rdekl\u0151dj\u00f6n az esetleges k\u00e9szleten l\u00e9v\u0151 term\u00e9kekr\u0151l.\u00a0<\/strong><\/p>\n<div><\/div>\n<p><strong>Amennyiben postai \u00faton juttatja el a term\u00e9ket k\u00e9rj\u00fck a sz\u00e1ml\u00e1val egy\u00fctt juttassa vissza hozz\u00e1nk.<\/strong><\/p>\n<div><\/div>\n<p><strong>AMOZA Trade Kft. 1096 Budapest, Bor\u00e1ros t\u00e9r 7. 1em\/23.<\/strong><\/p>\n<div><\/div>\n<p><strong>Csak kifog\u00e1stalan \u00e1llapotban l\u00e9v\u0151 term\u00e9ket \u00e9s tartoz\u00e9kait \u00e1ll m\u00f3dunkban visszavenni.\u00a0 A sz\u00e1ll\u00edt\u00e1si d\u00edj a Vev\u0151t terheli.<\/strong><\/p>\n<div><\/div>\n<\/div>\n<div class=\"page_artdet_name_outer\">\n<div class=\"page_artdet_name page_help_title text-uppercase py-2 font-xxl font-weight-bold text-cn mb-3\">SZAVATOSS\u00c1G<\/div>\n<\/div>\n<div class=\"page_help_content text-justify\">\n<h2>7.1. Kell\u00e9kszavatoss\u00e1g<\/h2>\n<div><\/div>\n<p>A Felhaszn\u00e1l\u00f3 a Szolg\u00e1ltat\u00f3 hib\u00e1s teljes\u00edt\u00e9se eset\u00e9n a v\u00e1llalkoz\u00e1ssal szemben kell\u00e9kszavatoss\u00e1gi ig\u00e9nyt \u00e9rv\u00e9nyes\u00edthet a Polg\u00e1ri T\u00f6rv\u00e9nyk\u00f6nyvr\u0151l sz\u00f3l\u00f3 2013. \u00e9vi V. t\u00f6rv\u00e9ny rendelkez\u00e9seinek megfelel\u0151en.<\/p>\n<div><\/div>\n<p>Fogyaszt\u00f3i szerz\u0151d\u00e9s eset\u00e9n a Fogyaszt\u00f3nak min\u0151s\u00fcl\u0151 Felhaszn\u00e1l\u00f3 az \u00e1tv\u00e9tel id\u0151pontj\u00e1t\u00f3l sz\u00e1m\u00edtott 2 \u00e9ves el\u00e9v\u00fcl\u00e9si hat\u00e1rid\u0151 alatt \u00e9rv\u00e9nyes\u00edtheti szavatoss\u00e1gi ig\u00e9nyeit, azok\u00e9rt a term\u00e9khib\u00e1k\u00e9rt, amelyek a term\u00e9k \u00e1tad\u00e1sa id\u0151pontj\u00e1ban m\u00e1r l\u00e9teztek. K\u00e9t \u00e9ves el\u00e9v\u00fcl\u00e9si hat\u00e1rid\u0151n t\u00fal kell\u00e9kszavatoss\u00e1gi jogait a Felhaszn\u00e1l\u00f3 \u00e9rv\u00e9nyes\u00edteni m\u00e1r nem tudja.<\/p>\n<div><\/div>\n<p>A Felhaszn\u00e1l\u00f3 \u2013 v\u00e1laszt\u00e1sa szerint \u2013 az al\u00e1bbi kell\u00e9kszavatoss\u00e1gi ig\u00e9nyekkel \u00e9lhet: K\u00e9rhet kijav\u00edt\u00e1st vagy kicser\u00e9l\u00e9st, kiv\u00e9ve, ha ezek k\u00f6z\u00fcl a V\u00e1s\u00e1rl\u00f3 \u00e1ltal v\u00e1lasztott ig\u00e9ny teljes\u00edt\u00e9se lehetetlen vagy a v\u00e1llalkoz\u00e1s sz\u00e1m\u00e1ra m\u00e1s ig\u00e9nye teljes\u00edt\u00e9s\u00e9hez k\u00e9pest ar\u00e1nytalan t\u00f6bbletk\u00f6lts\u00e9ggel j\u00e1rna. Ha a kijav\u00edt\u00e1st vagy a kicser\u00e9l\u00e9st a Felhaszn\u00e1l\u00f3 nem k\u00e9rte, illetve nem k\u00e9rhette, \u00fagy ig\u00e9nyelheti az ellenszolg\u00e1ltat\u00e1s ar\u00e1nyos lesz\u00e1ll\u00edt\u00e1s\u00e1t.<\/p>\n<div><\/div>\n<p>V\u00e1lasztott kell\u00e9kszavatoss\u00e1gi jog\u00e1r\u00f3l a Felhaszn\u00e1l\u00f3 egy m\u00e1sikra is \u00e1tt\u00e9rhet, az \u00e1tt\u00e9r\u00e9s k\u00f6lts\u00e9g\u00e9t azonban Felhaszn\u00e1l\u00f3 viseli, kiv\u00e9ve, ha az indokolt volt, vagy arra a v\u00e1llalkoz\u00e1s adott okot.<\/p>\n<div><\/div>\n<p>A Felhaszn\u00e1l\u00f3 k\u00f6teles a hib\u00e1t annak felfedez\u00e9se ut\u00e1n halad\u00e9ktalanul, de nem k\u00e9s\u0151bb, mint a hiba felfedez\u00e9s\u00e9t\u0151l sz\u00e1m\u00edtott kett\u0151 (2) h\u00f3napon bel\u00fcl k\u00f6z\u00f6lni.<\/p>\n<div><\/div>\n<p>A Felhaszn\u00e1l\u00f3 k\u00f6zvetlen\u00fcl a v\u00e1llalkoz\u00e1ssal szemben \u00e9rv\u00e9nyes\u00edtheti kell\u00e9kszavatoss\u00e1gi ig\u00e9ny\u00e9t.<\/p>\n<div><\/div>\n<p>A teljes\u00edt\u00e9st (vagyis a kisz\u00e1ll\u00edt\u00e1st, \u00e1tv\u00e9telt k\u00f6vet\u0151) k\u00f6vet\u0151 hat h\u00f3napon bel\u00fcl felismert hiba eset\u00e9n v\u00e9lelmezni kell, hogy a hiba m\u00e1r a teljes\u00edt\u00e9s id\u0151pontj\u00e1ban fenn\u00e1llt, kiv\u00e9ve, ha e v\u00e9lelem a hiba jelleg\u00e9vel, vagy a term\u00e9k term\u00e9szet\u00e9vel \u00f6sszeegyeztethetetlen. A Szolg\u00e1ltat\u00f3 csak akkor mentes\u00fcl a szavatoss\u00e1g al\u00f3l, ha ezt a v\u00e9lelmet megd\u00f6nti, vagyis bizony\u00edtja, hogy a term\u00e9k hib\u00e1ja a Felhaszn\u00e1l\u00f3 r\u00e9sz\u00e9re t\u00f6rt\u00e9n\u0151 \u00e1tad\u00e1st k\u00f6vet\u0151en keletkezett. Ennek alapj\u00e1n a Szolg\u00e1ltat\u00f3 nem k\u00f6teles a Felhaszn\u00e1l\u00f3 kifog\u00e1s\u00e1nak helyt adni, ha megfelel\u0151en bizony\u00edtja, hogy a hiba oka, a term\u00e9k nem rendeltet\u00e9sszer\u0171 haszn\u00e1lat\u00e1nak k\u00f6vetkezm\u00e9nye. A teljes\u00edt\u00e9st k\u00f6vet\u0151 hat h\u00f3nap eltelt\u00e9vel azonban a bizony\u00edt\u00e1si teher megfordul, vagyis vita eset\u00e9n a Felhaszn\u00e1l\u00f3nak kell bizony\u00edtania, hogy a hiba m\u00e1r a teljes\u00edt\u00e9s id\u0151pontj\u00e1ban fenn\u00e1llt.<\/p>\n<div><\/div>\n<h2>7.2. Term\u00e9kszavatoss\u00e1g<\/h2>\n<div><\/div>\n<p>Term\u00e9kszavatoss\u00e1g kiz\u00e1r\u00f3lag ing\u00f3 dolog (term\u00e9k) hib\u00e1ja eset\u00e9n mer\u00fclhet fel. Ez esetben a Fogyaszt\u00f3nak min\u0151s\u00fcl\u0151 a Felhaszn\u00e1l\u00f3 \u2013 v\u00e1laszt\u00e1sa szerint \u2013 az 7.1. pontban meghat\u00e1rozott jog\u00e1t vagy term\u00e9kszavatoss\u00e1gi ig\u00e9nyt \u00e9rv\u00e9nyes\u00edthet.<\/p>\n<div><\/div>\n<p>Term\u00e9kszavatoss\u00e1gi ig\u00e9nyk\u00e9nt a Felhaszn\u00e1l\u00f3 kiz\u00e1r\u00f3lag a hib\u00e1s term\u00e9k kijav\u00edt\u00e1s\u00e1t vagy kicser\u00e9l\u00e9s\u00e9t k\u00e9rheti.<\/p>\n<div><\/div>\n<p>A term\u00e9k akkor min\u0151s\u00fcl hib\u00e1snak, ha az nem felel meg a forgalomba hozatalakor hat\u00e1lyos min\u0151s\u00e9gi k\u00f6vetelm\u00e9nyeknek vagy pedig, ha nem rendelkezik a gy\u00e1rt\u00f3 \u00e1ltal adott le\u00edr\u00e1sban szerepl\u0151 tulajdons\u00e1gokkal.<\/p>\n<div><\/div>\n<p>Term\u00e9kszavatoss\u00e1gi ig\u00e9ny\u00e9t a Felhaszn\u00e1l\u00f3 a term\u00e9k gy\u00e1rt\u00f3 \u00e1ltali forgalomba hozatal\u00e1t\u00f3l sz\u00e1m\u00edtott k\u00e9t (2) \u00e9ven bel\u00fcl \u00e9rv\u00e9nyes\u00edtheti. E hat\u00e1rid\u0151 eltelt\u00e9vel e jogosults\u00e1g\u00e1t elveszti.<\/p>\n<div><\/div>\n<p>A<strong><span>\u00a0<\/span>v\u00e1s\u00e1rl\u00e1s napj\u00e1t k\u00f6vet\u0151 6 h\u00f3napban a Forgalmaz\u00f3 biztos\u00edtja a f\u00fcggetlen szakv\u00e9lem\u00e9nyt az azt k\u00f6vet\u0151 18 h\u00f3napban azonban m\u00e1r a V\u00e1s\u00e1rl\u00f3 a fogyaszt\u00f3v\u00e9delmi hat\u00f3s\u00e1ghoz fordulhat az esetleges reklam\u00e1ci\u00f3j\u00e1val. Szavatoss\u00e1gi jog\u00e1t a jogos reklam\u00e1ci\u00f3r\u00f3l sz\u00f3l\u00f3 jegyz\u0151k\u00f6nyvel \u00e9rv\u00e9nyes\u00edtheti.<\/strong><\/p>\n<div><\/div>\n<p><strong>a-jav\u00edthat\u00f3 hiba eset\u00e9n: Term\u00e9ket szakm\u0171helyben megjav\u00edttatjuk. K\u00f6lts\u00e9gek A Forgalmaz\u00f3t terhelik. Miel\u0151bb visszajuttatjuk a V\u00e1s\u00e1rl\u00f3hoz a term\u00e9ket.<\/strong><\/p>\n<div><\/div>\n<p><strong>-Amennyiben nem jav\u00edthat\u00f3 a hiba a term\u00e9ket kicser\u00e9lj\u00fck vagy a v\u00e9tel\u00e1rat visszajuttatjuk.\u00a0<\/strong><\/p>\n<div><\/div>\n<p><strong>Ha sz\u00e1nd\u00e9kos rong\u00e1l\u00e1s gyan\u00faja \u00e1ll fenn a term\u00e9k f\u00fcggetlen laborat\u00f3riumi vizsg\u00e1latra ker\u00fcl. A tov\u00e1bbi \u00fcgyint\u00e9z\u00e9st a szakv\u00e9lem\u00e9ny hat\u00e1rozza meg.<\/strong><\/p>\n<div><\/div>\n<p><strong>A hib\u00e1s term\u00e9ket a V\u00e1s\u00e1rl\u00f3nak saj\u00e1t k\u00f6lts\u00e9g\u00e9n kell visszajuttatni c\u00edm\u00fcnkre. AMOZA Trade Kft. 1096 Budapest, Bor\u00e1ros t\u00e9r 7. 1em\/23.\u00a0<\/strong><\/p>\n<div><\/div>\n<p>A Felhaszn\u00e1l\u00f3 a term\u00e9kszavatoss\u00e1gi ig\u00e9ny\u00e9t kiz\u00e1r\u00f3lag az ing\u00f3 dolog gy\u00e1rt\u00f3j\u00e1val vagy forgalmaz\u00f3j\u00e1val szemben gyakorolhatja.<\/p>\n<div><\/div>\n<p>A gy\u00e1rt\u00f3 (forgalmaz\u00f3) kiz\u00e1r\u00f3lag akkor mentes\u00fcl term\u00e9kszavatoss\u00e1gi k\u00f6telezetts\u00e9ge al\u00f3l, ha bizony\u00edtani tudja, hogy:<\/p>\n<div><\/div>\n<ul>\n<li>a term\u00e9ket nem \u00fczleti tev\u00e9kenys\u00e9ge k\u00f6r\u00e9ben gy\u00e1rtotta, illetve hozta forgalomba, vagy<\/li>\n<li>a hiba a tudom\u00e1ny \u00e9s a technika \u00e1ll\u00e1sa szerint a forgalomba hozatal id\u0151pontj\u00e1ban nem volt felismerhet\u0151 vagy<\/li>\n<li>a term\u00e9k hib\u00e1ja jogszab\u00e1ly vagy k\u00f6telez\u0151 hat\u00f3s\u00e1gi el\u0151\u00edr\u00e1s alkalmaz\u00e1s\u00e1b\u00f3l ered.<\/li>\n<\/ul>\n<p>A gy\u00e1rt\u00f3nak (forgalmaz\u00f3nak) a mentes\u00fcl\u00e9shez elegend\u0151 egy okot bizony\u00edtania.<\/p>\n<div><\/div>\n<p>Ugyanazon hiba miatt kell\u00e9kszavatoss\u00e1gi \u00e9s term\u00e9kszavatoss\u00e1gi ig\u00e9nyt egyszerre, egym\u00e1ssal p\u00e1rhuzamosan nem \u00e9rv\u00e9nyes\u00edthet\u0151. Term\u00e9kszavatoss\u00e1gi ig\u00e9ny eredm\u00e9nyes \u00e9rv\u00e9nyes\u00edt\u00e9se eset\u00e9n azonban a kicser\u00e9lt term\u00e9kre, illetve kijav\u00edtott r\u00e9szre vonatkoz\u00f3 kell\u00e9kszavatoss\u00e1gi ig\u00e9ny\u00e9t a Felhaszn\u00e1l\u00f3 a gy\u00e1rt\u00f3val szemben \u00e9rv\u00e9nyes\u00edtheti.<\/p>\n<div><\/div>\n<h2>7.4. Szavatoss\u00e1gi, j\u00f3t\u00e1ll\u00e1si ig\u00e9nyek \u00e9rv\u00e9nyes\u00edt\u00e9se<\/h2>\n<div><\/div>\n<p>A szavatoss\u00e1gi ig\u00e9nyeit a Felhaszn\u00e1l\u00f3 az al\u00e1bbi el\u00e9rhet\u0151s\u00e9geken \u00e9rv\u00e9nyes\u00edtheti:<\/p>\n<div><\/div>\n<p>A szolg\u00e1ltat\u00f3 neve:<span>\u00a0<\/span><strong>AMOZA Trade Kft.\u00a0<\/strong><\/p>\n<div><\/div>\n<p>A szolg\u00e1ltat\u00f3 sz\u00e9khelye:<span>\u00a0<\/span><strong>1096 Budapest, Bor\u00e1ros t\u00e9r 7. 1em\/23.\u00a0<\/strong><\/p>\n<div><\/div>\n<p>A szolg\u00e1ltat\u00f3 el\u00e9rhet\u0151s\u00e9ge, az ig\u00e9nybe vev\u0151kkel val\u00f3 kapcsolattart\u00e1sra szolg\u00e1l\u00f3, rendszeresen haszn\u00e1lt elektronikus levelez\u00e9si c\u00edme: info@gpshero.hu<\/p>\n<div><\/div>\n<p>Ad\u00f3sz\u00e1ma: 26381372-2-43<\/p>\n<div><\/div>\n<p>K\u00f6z\u00f6ss\u00e9gi ad\u00f3sz\u00e1m:\u00a0HU26381372<\/p>\n<div><\/div>\n<p>Nyilv\u00e1ntart\u00e1sban bejegyz\u0151 hat\u00f3s\u00e1g neve: Budapest<span>\u00a0<\/span><span>F\u0151v\u00e1rosi IX. ker. Jegyz\u0151.<\/span><\/p>\n<div><\/div>\n<p>Telefonon: 06-70-280-3859<\/p>\n<div><\/div>\n<p>Adatv\u00e9delmi nyilv\u00e1ntart\u00e1si sz\u00e1ma:\u00a0folyamatban<\/p>\n<div><\/div>\n<p>A szerz\u0151d\u00e9s nyelve: magyar<\/p>\n<div><\/div>\n<p><strong>Telefonsz\u00e1m:<\/strong><span>\u00a0<\/span>[0670-2803859]<\/p>\n<div><\/div>\n<p><strong>E-mail c\u00edm:<\/strong><span>\u00a0<\/span>[amozatrade@gmail.com]<\/p>\n<div><\/div>\n<\/div>\n<div class=\"page_artdet_name_outer\">\n<div class=\"page_artdet_name page_help_title text-uppercase py-2 font-xxl font-weight-bold text-cn mb-3\">PANASZKEZEL\u00c9S<\/div>\n<\/div>\n<div class=\"page_help_content text-justify\">\n<p><strong>8.1. Panasz\u00fcgyint\u00e9z\u00e9s helye, ideje, m\u00f3dja<\/strong><\/p>\n<div><\/div>\n<p>A Felhaszn\u00e1l\u00f3 a term\u00e9kkel vagy a Szolg\u00e1ltat\u00f3 tev\u00e9kenys\u00e9g\u00e9vel kapcsolatos fogyaszt\u00f3i kifog\u00e1sait az al\u00e1bbi el\u00e9rhet\u0151s\u00e9geken terjesztheti el\u0151:<\/p>\n<div><\/div>\n<p><strong>N\u00e9v:<\/strong><span>\u00a0<\/span>AMOZA Trade Kft.<\/p>\n<div><\/div>\n<p><strong>Levelez\u00e9si c\u00edm:<\/strong><span>\u00a0<\/span>1095 Budapest, Bor\u00e1ros t\u00e9r 7. els\u0151 em. \u00dc:35. ajt\u00f3:23. GPS Nyomk\u00f6vet\u0151<\/p>\n<div><\/div>\n<p><strong>Telefonsz\u00e1m:<\/strong><span>\u00a0<\/span>+36702803859<\/p>\n<div><\/div>\n<p><strong>E-mail c\u00edm: info@gpshero.hu<\/strong><\/p>\n<div><\/div>\n<p>A Szolg\u00e1ltat\u00f3 a sz\u00f3beli panaszt, amennyiben arra lehet\u0151s\u00e9ge van, azonnal orvosolja. Ha a sz\u00f3beli panasz azonnali orvosl\u00e1s\u00e1ra nincs lehet\u0151s\u00e9g, a panasz jelleg\u00e9b\u0151l ad\u00f3d\u00f3an vagy ha a Felhaszn\u00e1l\u00f3 a panasz kezel\u00e9s\u00e9vel nem \u00e9rt egyet, akkor a Szolg\u00e1ltat\u00f3 a panaszr\u00f3l jegyz\u0151k\u00f6nyvet \u2013 melyet \u00f6t \u00e9vig, a panaszra tett \u00e9rdemi v\u00e1lasz\u00e1val egy\u00fctt &#8211; vesz fel.<\/p>\n<div><\/div>\n<p>A Szolg\u00e1ltat\u00f3 a jegyz\u0151k\u00f6nyv egy p\u00e9ld\u00e1ny\u00e1t szem\u00e9lyesen k\u00f6z\u00f6lt (\u00fczlethelyis\u00e9gben) sz\u00f3beli panasz eset\u00e9n helyben a Felhaszn\u00e1l\u00f3nak \u00e1tadni, vagy ha ez nem lehets\u00e9ges, akkor az al\u00e1bb r\u00e9szletezett \u00edr\u00e1sbeli panaszra vonatkoz\u00f3 szab\u00e1lyok szerint k\u00f6teles elj\u00e1rni.<\/p>\n<div><\/div>\n<p>A Szolg\u00e1ltat\u00f3 a telefonon vagy egy\u00e9b elektronikus h\u00edrk\u00f6zl\u00e9si szolg\u00e1ltat\u00e1s felhaszn\u00e1l\u00e1s\u00e1val k\u00f6z\u00f6lt sz\u00f3beli panasz eset\u00e9n a Felhaszn\u00e1l\u00f3nak legk\u00e9s\u0151bb az \u00e9rdemi v\u00e1lasszal egyidej\u0171leg megk\u00fcldi a jegyz\u0151k\u00f6nyv m\u00e1solati p\u00e9ld\u00e1ny\u00e1t.<\/p>\n<div><\/div>\n<p>Minden egy\u00e9b esetben a Szolg\u00e1ltat\u00f3 az \u00edr\u00e1sbeli panaszra vonatkoz\u00f3 szab\u00e1lyok szerint j\u00e1r el.<\/p>\n<div><\/div>\n<p>A telefonon, vagy m\u00e1s h\u00edrk\u00f6zl\u00e9si eszk\u00f6z seg\u00edts\u00e9g\u00e9vel r\u00f6gz\u00edtett panaszt a Szolg\u00e1ltat\u00f3 egyedi azonos\u00edt\u00f3val l\u00e1tja el, mely a k\u00e9s\u0151bbiekben egyszer\u0171s\u00edti a panasz visszakeres\u00e9s\u00e9t.<\/p>\n<div><\/div>\n<p>A Szolg\u00e1ltat\u00f3 a hozz\u00e1 \u00edr\u00e1sban \u00e9rkezett panaszt 30 napon bel\u00fcl \u00e9rdemben megv\u00e1laszolja. Az int\u00e9zked\u00e9s jelen szerz\u0151d\u00e9s \u00e9rtelm\u00e9ben a post\u00e1ra ad\u00e1st jelenti.<\/p>\n<div><\/div>\n<p>A panasz elutas\u00edt\u00e1sa eset\u00e9n a Szolg\u00e1ltat\u00f3 az elutas\u00edt\u00e1s indok\u00e1r\u00f3l t\u00e1j\u00e9koztatja a Felhaszn\u00e1l\u00f3t.<\/p>\n<div><\/div>\n<p><strong>8.2. Egy\u00e9b jog\u00e9rv\u00e9nyes\u00edt\u00e9si lehet\u0151s\u00e9gek<\/strong><\/p>\n<div><\/div>\n<p>Amennyiben a Szolg\u00e1ltat\u00f3 \u00e9s a Felhaszn\u00e1l\u00f3 k\u00f6z\u00f6tt esetlegesen fenn\u00e1ll\u00f3 fogyaszt\u00f3i jogvita a Szolg\u00e1ltat\u00f3val val\u00f3 t\u00e1rgyal\u00e1sok sor\u00e1n nem rendez\u0151dik, az al\u00e1bbi jog\u00e9rv\u00e9nyes\u00edt\u00e9si lehet\u0151s\u00e9gek \u00e1llnak nyitva a Felhaszn\u00e1l\u00f3 sz\u00e1m\u00e1ra:<\/p>\n<div><\/div>\n<ul>\n<li>Panaszt\u00e9tel a fogyaszt\u00f3v\u00e9delmi hat\u00f3s\u00e1gn\u00e1l,<\/li>\n<li>B\u00edr\u00f3s\u00e1gi elj\u00e1r\u00e1s kezdem\u00e9nyez\u00e9se<\/li>\n<li>B\u00e9k\u00e9ltet\u0151 test\u00fclet elj\u00e1r\u00e1s\u00e1nak kezdem\u00e9nyez\u00e9se (a Szolg\u00e1ltat\u00f3 sz\u00e9khelye szerint illet\u00e9kes B\u00e9k\u00e9ltet\u0151 Test\u00fclet el\u00e9rhet\u0151s\u00e9geit fel kell t\u00fcntetni)<\/li>\n<\/ul>\n<p><strong>A b\u00e9k\u00e9ltet\u0151 test\u00fcletek el\u00e9rhet\u0151s\u00e9ge<\/strong><\/p>\n<div><\/div>\n<p>&nbsp;<\/p>\n<div><\/div>\n<p><strong><em>B<\/em><\/strong><em>aranya Megyei B\u00e9k\u00e9ltet\u0151 Test\u00fclet<\/em><\/p>\n<div><\/div>\n<p>C\u00edme: 7625 P\u00e9cs, Majorosy Imre u. 36.<\/p>\n<div><\/div>\n<p>Levelez\u00e9si c\u00edme: 7602 P\u00e9cs, Pf. 109.<\/p>\n<div><\/div>\n<p>Telefonsz\u00e1ma: (72) 507-154<\/p>\n<div><\/div>\n<p>Fax sz\u00e1ma: (72) 507-152<\/p>\n<div><\/div>\n<p>Eln\u00f6k: Dr. Bodn\u00e1r J\u00f3zsef<\/p>\n<div><\/div>\n<p>E-mail c\u00edm:\u00a0<a class=\"text_big\" href=\"mailto:bekelteto@pbkik.hu\">bekelteto@pbkik.hu<\/a>\u00a0.<\/p>\n<div><\/div>\n<p>&nbsp;<\/p>\n<div><\/div>\n<p><em>B\u00e1cs-Kiskun Megyei B\u00e9k\u00e9ltet\u0151 Test\u00fclet<\/em><\/p>\n<div><\/div>\n<p>C\u00edme: 6000 Kecskem\u00e9t, \u00c1rp\u00e1d krt. 4.<\/p>\n<div><\/div>\n<p>Telefonsz\u00e1ma: (76) 501-525, (76) 501-500<\/p>\n<div><\/div>\n<p>Fax sz\u00e1ma: (76) 501-538<\/p>\n<div><\/div>\n<p>Eln\u00f6k: Dr. Horv\u00e1th Zsuzsanna<\/p>\n<div><\/div>\n<p>E-mail c\u00edm:\u00a0<a class=\"text_big\" href=\"mailto:bekeltetes@bacsbekeltetes.hu\">bekeltetes@bacsbekeltetes.hu<\/a><\/p>\n<div><\/div>\n<p>&nbsp;<\/p>\n<div><\/div>\n<p><em>B\u00e9k\u00e9s Megyei B\u00e9k\u00e9ltet\u0151 Test\u00fclet<\/em><\/p>\n<div><\/div>\n<p>C\u00edme: 5600 B\u00e9k\u00e9scsaba, Penza ltp. 5.<\/p>\n<div><\/div>\n<p>Telefonsz\u00e1ma: (66) 324-976, 446-354, 451-775<\/p>\n<div><\/div>\n<p>Fax sz\u00e1ma: (66) 324-976<\/p>\n<div><\/div>\n<p>Eln\u00f6k: Dr. Bagdi L\u00e1szl\u00f3<\/p>\n<div><\/div>\n<p>E-mail c\u00edm:\u00a0<a class=\"text_big\" href=\"mailto:bekeltetes@bmkik.hu\">bekeltetes@bmkik.hu<\/a>;\u00a0<a class=\"text_big\" href=\"mailto:bmkik@bmkik.hu\">bmkik@bmkik.hu<\/a><\/p>\n<div><\/div>\n<p>&nbsp;<\/p>\n<div><\/div>\n<p><em>Borsod-Aba\u00faj-Zempl\u00e9n Megyei B\u00e9k\u00e9ltet\u0151 Test\u00fclet<\/em><\/p>\n<div><\/div>\n<p>C\u00edme: 3525 Miskolc, Szentp\u00e1li u. 1.<\/p>\n<div><\/div>\n<p>Telefonsz\u00e1ma: (46) 501-091, 501-870<\/p>\n<div><\/div>\n<p>Fax sz\u00e1ma: (46) 501-099<\/p>\n<div><\/div>\n<p>Eln\u00f6k: Dr. Tulip\u00e1n P\u00e9ter<\/p>\n<div><\/div>\n<p>E-mail c\u00edm:\u00a0<a class=\"text_big\" href=\"mailto:bekeltetes@bokik.hu\">bekeltetes@bokik.hu<\/a><\/p>\n<div><\/div>\n<p>&nbsp;<\/p>\n<div><\/div>\n<p><em>Budapesti B\u00e9k\u00e9ltet\u0151 Test\u00fclet<\/em><\/p>\n<div><\/div>\n<p>C\u00edme: 1016 Budapest, Krisztina krt. 99.<\/p>\n<div><\/div>\n<p>Telefonsz\u00e1ma: (1) 488-2131<\/p>\n<div><\/div>\n<p>Fax sz\u00e1ma: (1) 488-2186<\/p>\n<div><\/div>\n<p>Eln\u00f6k: Dr. Baranovszky Gy\u00f6rgy<\/p>\n<div><\/div>\n<p>E-mail c\u00edm:\u00a0<a class=\"text_big\" href=\"mailto:bekelteto.testulet@bkik.hu\">bekelteto.testulet@bkik.hu<\/a><\/p>\n<div><\/div>\n<p>&nbsp;<\/p>\n<div><\/div>\n<p><em>Csongr\u00e1d Megyei B\u00e9k\u00e9ltet\u0151 Test\u00fclet<\/em><\/p>\n<div><\/div>\n<p>C\u00edme: 6721 Szeged, P\u00e1rizsi krt. 8-12.<\/p>\n<div><\/div>\n<p>Telefonsz\u00e1ma: (62) 554-250\/118 mell\u00e9k<\/p>\n<div><\/div>\n<p>Fax sz\u00e1ma: (62) 426-149<\/p>\n<div><\/div>\n<p>Eln\u00f6k: Dr. Horv\u00e1th K\u00e1roly<\/p>\n<div><\/div>\n<p>E-mail c\u00edm:\u00a0<a class=\"text_big\" href=\"mailto:info@csmkik.hu\">info@csmkik.hu<\/a><\/p>\n<div><\/div>\n<p>&nbsp;<\/p>\n<div><\/div>\n<p><em>Fej\u00e9r Megyei B\u00e9k\u00e9ltet\u0151 Test\u00fclet<\/em><\/p>\n<div><\/div>\n<p>C\u00edme: 8000 Sz\u00e9kesfeh\u00e9rv\u00e1r, Hossz\u00fas\u00e9ta t\u00e9r 4-6.<\/p>\n<div><\/div>\n<p>Telefonsz\u00e1ma: (22) 510-310<\/p>\n<div><\/div>\n<p>Fax sz\u00e1ma: (22) 510-312<\/p>\n<div><\/div>\n<p>Eln\u00f6k: Dr. V\u00e1ri Kov\u00e1cs J\u00f3zsef<\/p>\n<div><\/div>\n<p>E-mail c\u00edm:\u00a0<a class=\"text_big\" href=\"mailto:fmkik@fmkik.hu\">fmkik@fmkik.hu<\/a>;\u00a0<a class=\"text_big\" href=\"mailto:bekeltetes@fmkik.hu\">bekeltetes@fmkik.hu<\/a><\/p>\n<div><\/div>\n<p>&nbsp;<\/p>\n<div><\/div>\n<p><em>Gy\u0151r-Moson-Sopron Megyei B\u00e9k\u00e9ltet\u0151 Test\u00fclet<\/em><\/p>\n<div><\/div>\n<p>C\u00edme: 9021 Gy\u0151r, Szent Istv\u00e1n \u00fat 10\/a.<\/p>\n<div><\/div>\n<p>Telefonsz\u00e1ma: (96) 520-202; 520-217<\/p>\n<div><\/div>\n<p>Fax sz\u00e1ma: (96) 520-218<\/p>\n<div><\/div>\n<p>Eln\u00f6k: Horv\u00e1th L\u00e1szl\u00f3<\/p>\n<div><\/div>\n<p>E-mail c\u00edm:\u00a0<a class=\"text_big\" href=\"mailto:bekelteto@gymskik.hu\">bekelteto@gymskik.hu<\/a><\/p>\n<div><\/div>\n<p>&nbsp;<\/p>\n<div><\/div>\n<p><em>Hajd\u00fa-Bihar Megyei B\u00e9k\u00e9ltet\u0151 Test\u00fclet<\/em><\/p>\n<div><\/div>\n<p>C\u00edme: 4025 Debrecen, Pet\u0151fi t\u00e9r 10.<\/p>\n<div><\/div>\n<p>Telefonsz\u00e1ma: (52) 500-735<\/p>\n<div><\/div>\n<p>Fax sz\u00e1ma: (52) 500-720<\/p>\n<div><\/div>\n<p>Eln\u00f6k: Dr. Hajnal Zsolt<\/p>\n<div><\/div>\n<p>E-mail c\u00edm:\u00a0<a class=\"text_big\" href=\"mailto:hbkik@hbkik.hu\">hbkik@hbkik.hu<\/a><\/p>\n<div><\/div>\n<p>&nbsp;<\/p>\n<div><\/div>\n<p><em>Heves Megyei B\u00e9k\u00e9ltet\u0151 Test\u00fclet<\/em><\/p>\n<div><\/div>\n<p>C\u00edme: 3300 Eger, Faiskola \u00fat 15.<\/p>\n<div><\/div>\n<p>Levelez\u00e9si c\u00edme: 3301 Eger, Pf. 440.<\/p>\n<div><\/div>\n<p>Telefonsz\u00e1ma: (36) 416-660\/105 mell\u00e9k<\/p>\n<div><\/div>\n<p>Fax sz\u00e1ma: (36) 323-615<\/p>\n<div><\/div>\n<p>Eln\u00f6k: Dr. Gordos Csaba<\/p>\n<div><\/div>\n<p>E-mail c\u00edm:\u00a0<a class=\"text_big\" href=\"mailto:hkik@hkik.hu\">hkik@hkik.hu<\/a><\/p>\n<div><\/div>\n<p>&nbsp;<\/p>\n<div><\/div>\n<p><em>J\u00e1sz-Nagykun-Szolnok Megyei B\u00e9k\u00e9ltet\u0151 Test\u00fclet<\/em><\/p>\n<div><\/div>\n<p>C\u00edme: 5000 Szolnok, Verseghy park 8.<\/p>\n<div><\/div>\n<p>Telefonsz\u00e1ma: (56) 510-610<\/p>\n<div><\/div>\n<p>Fax sz\u00e1ma: (56) 370-005<\/p>\n<div><\/div>\n<p>Eln\u00f6k: Dr. Lajk\u00f3n\u00e9 dr. V\u00edgh Judit<\/p>\n<div><\/div>\n<p>E-mail c\u00edm:\u00a0<a class=\"text_big\" href=\"mailto:kamara@jnszmkik.hu\">kamara@jnszmkik.hu<\/a><\/p>\n<div><\/div>\n<p>&nbsp;<\/p>\n<div><\/div>\n<p><em>Kom\u00e1rom-Esztergom Megyei B\u00e9k\u00e9ltet\u0151 Test\u00fclet<\/em><\/p>\n<div><\/div>\n<p>C\u00edme: 2800 Tatab\u00e1nya, F\u0151 t\u00e9r 36.<\/p>\n<div><\/div>\n<p>Telefonsz\u00e1ma: (34) 513-010<\/p>\n<div><\/div>\n<p>Fax sz\u00e1ma: (34) 316-259<\/p>\n<div><\/div>\n<p>Eln\u00f6k: Dr. Rozsny\u00f3i Gy\u00f6rgy<\/p>\n<div><\/div>\n<p>E-mail c\u00edm:\u00a0<a class=\"text_big\" href=\"mailto:kemkik@kemkik.hu\">kemkik@kemkik.hu<\/a><\/p>\n<div><\/div>\n<p>&nbsp;<\/p>\n<div><\/div>\n<p><em>N\u00f3gr\u00e1d Megyei B\u00e9k\u00e9ltet\u0151 Test\u00fclet<\/em><\/p>\n<div><\/div>\n<p>C\u00edme: 3100 Salg\u00f3tarj\u00e1n, Alkotm\u00e1ny \u00fat 9\/a<\/p>\n<div><\/div>\n<p>Telefonsz\u00e1m: (32) 520-860<\/p>\n<div><\/div>\n<p>Fax sz\u00e1ma: (32) 520-862<\/p>\n<div><\/div>\n<p>Eln\u00f6k: Dr. Pong\u00f3 Erik<\/p>\n<div><\/div>\n<p>E-mail c\u00edm:\u00a0<a class=\"text_big\" href=\"mailto:nkik@nkik.hu\">nkik@nkik.hu<\/a><\/p>\n<div><\/div>\n<p>&nbsp;<\/p>\n<div><\/div>\n<p><em>Pest Megyei B\u00e9k\u00e9ltet\u0151 Test\u00fclet<\/em><\/p>\n<div><\/div>\n<p>C\u00edme: 1055 Budapest Kossuth t\u00e9r 6-8.<\/p>\n<div><\/div>\n<p>Telefonsz\u00e1ma: (1)-474-7921<\/p>\n<div><\/div>\n<p>Fax sz\u00e1ma: (1)-474-7921<\/p>\n<div><\/div>\n<p>Eln\u00f6k: dr. Csan\u00e1di K\u00e1roly<\/p>\n<div><\/div>\n<p>E-mail c\u00edm:\u00a0<a class=\"text_big\" href=\"mailto:pmbekelteto@pmkik.hu\">pmbekelteto@pmkik.hu<\/a><\/p>\n<div><\/div>\n<p>&nbsp;<\/p>\n<div><\/div>\n<p><em>Somogy Megyei B\u00e9k\u00e9ltet\u0151 Test\u00fclet<\/em><\/p>\n<div><\/div>\n<p>C\u00edme: 7400 Kaposv\u00e1r, Anna utca 6.<\/p>\n<div><\/div>\n<p>Telefonsz\u00e1ma: (82) 501-000<\/p>\n<div><\/div>\n<p>Fax sz\u00e1ma: (82) 501-046<\/p>\n<div><\/div>\n<p>Eln\u00f6k: Dr. Nov\u00e1k Ferenc<\/p>\n<div><\/div>\n<p>E-mail c\u00edm:\u00a0<a class=\"text_big\" href=\"mailto:skik@skik.hu\">skik@skik.hu<\/a><\/p>\n<div><\/div>\n<p>&nbsp;<\/p>\n<div><\/div>\n<p><em>Szabolcs-Szatm\u00e1r-Bereg Megyei B\u00e9k\u00e9ltet\u0151 Test\u00fclet<\/em><\/p>\n<div><\/div>\n<p>C\u00edme: 4400 Ny\u00edregyh\u00e1za, Sz\u00e9chenyi u. 2.<\/p>\n<div><\/div>\n<p>Telefonsz\u00e1ma: (42) 311-544, (42) 420-180<\/p>\n<div><\/div>\n<p>Fax sz\u00e1ma: (42) 420-180<\/p>\n<div><\/div>\n<p>Eln\u00f6k: G\u00f6r\u00f6mbein\u00e9 dr. Balmaz Katalin<\/p>\n<div><\/div>\n<p>E-mail c\u00edm:\u00a0<a class=\"text_big\" href=\"mailto:bekelteto@szabkam.hu\">bekelteto@szabkam.hu<\/a><\/p>\n<div><\/div>\n<p>&nbsp;<\/p>\n<div><\/div>\n<p><em>Tolna Megyei B\u00e9k\u00e9ltet\u0151 Test\u00fclet<\/em><\/p>\n<div><\/div>\n<p>C\u00edme: 7100 Szeksz\u00e1rd, Arany J. u. 23-25.<\/p>\n<div><\/div>\n<p>Telefonsz\u00e1ma: (74) 411-661<\/p>\n<div><\/div>\n<p>Fax sz\u00e1ma: (74) 411-456<\/p>\n<div><\/div>\n<p>Eln\u00f6k: Dr. G\u00e1ll Ferenc<\/p>\n<div><\/div>\n<p>E-mail c\u00edm:\u00a0<a class=\"text_big\" href=\"mailto:kamara@tmkik.hu\">kamara@tmkik.hu<\/a><\/p>\n<div><\/div>\n<p>&nbsp;<\/p>\n<div><\/div>\n<p><em>Vas Megyei B\u00e9k\u00e9ltet\u0151 Test\u00fclet<\/em><\/p>\n<div><\/div>\n<p>C\u00edme: 9700 Szombathely, Honv\u00e9d t\u00e9r 2.<\/p>\n<div><\/div>\n<p>Telefonsz\u00e1ma: (94) 312-356<\/p>\n<div><\/div>\n<p>Fax sz\u00e1ma: (94) 316-936<\/p>\n<div><\/div>\n<p>Eln\u00f6k: Dr. K\u00f6vesdi Zolt\u00e1n<\/p>\n<div><\/div>\n<p>E-mail c\u00edm:\u00a0<a class=\"text_big\" href=\"mailto:vmkik@vmkik.hu\">vmkik@vmkik.hu<\/a><\/p>\n<div><\/div>\n<p>&nbsp;<\/p>\n<div><\/div>\n<p><em>Veszpr\u00e9m Megyei B\u00e9k\u00e9ltet\u0151 Test\u00fclet<\/em><\/p>\n<div><\/div>\n<p>C\u00edme: 8200 Veszpr\u00e9m, Budapest u. 3.<\/p>\n<div><\/div>\n<p>Telefonsz\u00e1ma: (88) 429-008<\/p>\n<div><\/div>\n<p>Fax sz\u00e1ma: (88) 412-150<\/p>\n<div><\/div>\n<p>Eln\u00f6k: Dr. Vasv\u00e1ri Csaba<\/p>\n<div><\/div>\n<p>E-mail c\u00edm:\u00a0<a class=\"text_big\" href=\"mailto:info@bekeltetesveszprem.hu\">info@bekeltetesveszprem.hu<\/a><\/p>\n<div><\/div>\n<p>&nbsp;<\/p>\n<div><\/div>\n<p><em>Zala Megyei B\u00e9k\u00e9ltet\u0151 Test\u00fclet<\/em><\/p>\n<div><\/div>\n<p>C\u00edme: 8900 Zalaegerszeg, Pet\u0151fi utca 24.<\/p>\n<div><\/div>\n<p>Telefonsz\u00e1ma: (92) 550-514<\/p>\n<div><\/div>\n<p>Fax sz\u00e1ma: (92) 550-525<\/p>\n<div><\/div>\n<p>Eln\u00f6k: Dr. Moln\u00e1r S\u00e1ndor<\/p>\n<div><\/div>\n<p>E-mail c\u00edm:\u00a0<a class=\"text_big\" href=\"mailto:zmkik@zmkik.hu\">zmkik@zmkik.hu<\/a>;\u00a0<a class=\"text_big\" href=\"mailto:zmbekelteto@zmkik.hu\">zmbekelteto@zmkik.hu<\/a><\/p>\n<div><\/div>\n<p>9\u2026\u2026\u2026\u2026\u2026.<\/p>\n<div><\/div>\n<h2>9.1. \u00c1SZF, \u00e1rak m\u00f3dos\u00edt\u00e1sa<\/h2>\n<div><\/div>\n<p>A Szolg\u00e1ltat\u00f3 jelen \u00c1SZFet, a honlapon forgalmazott term\u00e9kek \u00e1rait \u00e9s egy\u00e9b felt\u00fcntetett \u00e1rakat nem visszamen\u0151leges hat\u00e1llyal b\u00e1rmikor m\u00f3dos\u00edthatja, a m\u00f3dos\u00edt\u00e1s a honlapon t\u00f6rt\u00e9n\u0151 k\u00f6zz\u00e9t\u00e9telt k\u00f6vet\u0151en l\u00e9p \u00e9letbe, \u00e9s csak az \u00e9letbe l\u00e9p\u00e9st k\u00f6vet\u0151 tranzakci\u00f3kra \u00e9rv\u00e9nyes.<\/p>\n<div><\/div>\n<h2>9.2. Technikai korl\u00e1tok<\/h2>\n<div><\/div>\n<p>A honlapon t\u00f6rt\u00e9n\u0151 v\u00e1s\u00e1rl\u00e1s felt\u00e9telezi a Felhaszn\u00e1l\u00f3 r\u00e9sz\u00e9r\u0151l az Internet lehet\u0151s\u00e9geinek \u00e9s korl\u00e1tainak ismeret\u00e9t \u00e9s elfogad\u00e1s\u00e1t, k\u00fcl\u00f6n\u00f6s tekintettel a technikai teljes\u00edtm\u00e9nyekre \u00e9s a felmer\u00fcl\u0151 hib\u00e1kra. A Szolg\u00e1ltat\u00f3t nem terheli felel\u0151ss\u00e9g, ha b\u00e1rmilyen m\u0171k\u00f6d\u00e9si hiba \u00e9szlelhet\u0151 az internetes h\u00e1l\u00f3zatban, ami megakad\u00e1lyozza a honlap m\u0171k\u00f6d\u00e9s\u00e9t \u00e9s a v\u00e1s\u00e1rl\u00e1st.<\/p>\n<div><\/div>\n<h2>9.3. Adatv\u00e9delmi szab\u00e1lyzat<\/h2>\n<div><\/div>\n<p>A szolg\u00e1ltat\u00f3 adatv\u00e9delmi szab\u00e1lyzata a k\u00f6vetkez\u0151 c\u00edmen \u00e9rhet\u0151 el:<span>\u00a0<\/span><strong>https:\/\/utravalo.shop\/shop_help.php?tab=privacy_policy<\/strong><\/p>\n<div><\/div>\n<p><strong>Az adatv\u00e9delemr\u0151l<\/strong><br \/>A szem\u00e9lyes adatok v\u00e9delm\u00e9r\u0151l \u00e9s a k\u00f6z\u00e9rdek\u0171 adatok nyilv\u00e1noss\u00e1g\u00e1r\u00f3l sz\u00f3l\u00f3 1992. \u00e9vi LXIII. t\u00f6rv\u00e9ny (tov\u00e1bbiakban: Avtv.) 28. \u00a7-a rendelkezik az adatv\u00e9delmi nyilv\u00e1ntart\u00e1sr\u00f3l.\u00a0<br \/><em>Vonatkoz\u00f3 jogszab\u00e1ly\u00a0<\/em>:<br \/>Az Avtv. 30. \u00a7-\u00e1nak a) pontja szerint nem kell bejelenteni az adatv\u00e9delmi nyilv\u00e1ntart\u00e1sba azt az adatkezel\u00e9st, amely az adatkezel\u0151vel \u00fcgyf\u00e9lkapcsolatban \u00e1ll\u00f3 szem\u00e9lyek adatait tartalmazza.\u00a0<br \/><strong>Vonatkoz\u00f3 jogszab\u00e1ly \u00e9rtelm\u00e9ben C\u00e9g\u00fcnk, \u00dcgyf\u00e9lszolg\u00e1latunk \u00e9s Web\u00e1ruh\u00e1zunk nyilatkozik arr\u00f3l&#8230;<\/strong><br \/>&#8212; Mindezen szab\u00e1lyokat \u00e9s t\u00f6rv\u00e9nyeket tudatta a v\u00e1s\u00e1rl\u00f3val az \u00c1.SZ.F elfogad\u00e1s\u00e1val egyid\u0151ben..<br \/>&#8212; Az adatokat megad\u00f3 v\u00e1s\u00e1rl\u00f3, adatait \u00f6nsz\u00e1nt\u00e1b\u00f3l adta meg \u00e9s annak m\u00f3dja k\u00f6zvetlen volt az adatkezel\u0151 fel\u00e9<br \/>&#8212; Az adatokat kiz\u00e1r\u00f3lag az adatkezel\u0151 vette fel \u00e9s kiz\u00e1r\u00f3lagos kezel\u0151je..<br \/>&#8212; Az adatkezel\u00e9s c\u00e9lja ismert a v\u00e1s\u00e1rl\u00f3 sz\u00e1m\u00e1ra, kiz\u00e1r\u00f3lag a Shop-ban val\u00f3 kapcsolatra haszn\u00e1lhat\u00f3<br \/>&#8212; A kezelend\u0151 adatok id\u0151tartama, kiz\u00e1r\u00f3lag az \u00e9rt\u00e9kes\u00edt\u00e9s idej\u00e9re vonatkoznak..<br \/>&#8212; Az adatok nem ker\u00fclnek ki az adatkezel\u0151 birtok\u00e1b\u00f3l\u00a0semmilyen c\u00e9llal..<\/p>\n<div><\/div>\n<p>A fentiek \u00e9rtelm\u00e9ben\u00a0az adatkezel\u0151 csoportja kijelenti, hogy a v\u00e1s\u00e1rl\u00f3 \u00e1ltal megadott adatok, kezel\u00e9s\u00e9b\u0151l nem ker\u00fclnek ki, az eredeti c\u00e9lt\u00f3l nem t\u00e9r el a felhaszn\u00e1l\u00e1s \u00e9s a fentiekben felsorolt krit\u00e9riumoknak megfelel az adatkezel\u00e9s..<\/p>\n<div><\/div>\n<p><strong>2017 ASZF kieg\u00e9sz\u00edt\u00e9s<\/strong><\/p>\n<div><\/div>\n<p>&nbsp;<\/p>\n<div><\/div>\n<p>Amennyiben a fogyaszt\u00f3 fogyaszt\u00f3i jogainak megs\u00e9rt\u00e9s\u00e9t \u00e9szleli, jogosult panasszal fordulni a lak\u00f3helye szerint illet\u00e9kes fogyaszt\u00f3v\u00e9delmi hat\u00f3s\u00e1ghoz. A panasz elb\u00edr\u00e1l\u00e1s\u00e1t k\u00f6vet\u0151en a hat\u00f3s\u00e1g d\u00f6nt a fogyaszt\u00f3v\u00e9delmi elj\u00e1r\u00e1s lefolytat\u00e1s\u00e1r\u00f3l. A fogyaszt\u00f3v\u00e9delmi els\u0151fok\u00fa hat\u00f3s\u00e1gi feladatokat a fogyaszt\u00f3 lak\u00f3helye szerint illet\u00e9kes j\u00e1r\u00e1si hivatalok l\u00e1tj\u00e1k el, ezek list\u00e1ja itt tal\u00e1lhat\u00f3:<span>\u00a0<\/span><a class=\"text_big\" href=\"http:\/\/jarasinfo.gov.hu\/\">http:\/\/jarasinfo.gov.hu\/<\/a><\/p>\n<div><\/div>\n<p>&nbsp;<\/p>\n<div><\/div>\n<p><strong>M\u00f3dosult a 45\/2014. (II.26.) korm\u00e1nyrendelet \u201ej\u00f3t\u00e1ll\u00e1s\u201d fogalma<\/strong><\/p>\n<div><\/div>\n<p>Az \u00faj j\u00f3t\u00e1ll\u00e1s fogalom: a Polg\u00e1ri T\u00f6rv\u00e9nyk\u00f6nyv szerinti,<\/p>\n<div><\/div>\n<ol>\n<li><em>a)<span>\u00a0<\/span><\/em>a szerz\u0151d\u00e9s teljes\u00edt\u00e9s\u00e9\u00e9rt v\u00e1llalt j\u00f3t\u00e1ll\u00e1s, amelyet a v\u00e1llalkoz\u00e1s a szerz\u0151d\u00e9s megfelel\u0151 teljes\u00edt\u00e9s\u00e9\u00e9rt a jogszab\u00e1lyi k\u00f6telezetts\u00e9g\u00e9n t\u00falmen\u0151en vagy annak hi\u00e1ny\u00e1ban \u00f6nk\u00e9nt v\u00e1llal, valamint<\/li>\n<li><em>b)<span>\u00a0<\/span><\/em>a jogszab\u00e1lyon alapul\u00f3 k\u00f6telez\u0151 j\u00f3t\u00e1ll\u00e1s;<\/li>\n<\/ol>\n<p>&nbsp;<\/p>\n<div><\/div>\n<p><strong>\u00a0A fogyaszt\u00f3 aj\u00e1nlati k\u00f6t\u00f6tts\u00e9ge megsz\u0171nhet<\/strong><\/p>\n<div><\/div>\n<p>A Korm. rendelet 20. \u00a7-a a k\u00f6vetkez\u0151 (4) bekezd\u00e9ssel eg\u00e9sz\u00fclt ki:<\/p>\n<div><\/div>\n<p>Ha a szerz\u0151d\u00e9s megk\u00f6t\u00e9s\u00e9re a fogyaszt\u00f3 tett aj\u00e1nlatot, a fogyaszt\u00f3t a szerz\u0151d\u00e9s megk\u00f6t\u00e9se el\u0151tt megilleti az aj\u00e1nlat visszavon\u00e1s\u00e1nak joga, ami a szerz\u0151d\u00e9s megk\u00f6t\u00e9s\u00e9re kiterjed\u0151 aj\u00e1nlati k\u00f6t\u00f6tts\u00e9get megsz\u00fcnteti.<\/p>\n<div><\/div>\n<p>8\/B. \u00a7 (1) Ha a fogyaszt\u00f3i ad\u00e1sv\u00e9teli szerz\u0151d\u00e9s teljes\u00edt\u00e9si ideje a szerz\u0151d\u00e9s megk\u00f6t\u00e9s\u00e9hez kapcsol\u00f3d\u00f3 valamennyi k\u00f6r\u00fclm\u00e9nyre figyelemmel alapvet\u0151 fontoss\u00e1g\u00fa, vagy a fogyaszt\u00f3 a szerz\u0151d\u00e9s megk\u00f6t\u00e9se el\u0151tt t\u00e1j\u00e9koztatta a v\u00e1llalkoz\u00e1st annak alapvet\u0151 fontoss\u00e1g\u00e1r\u00f3l, akkor a szerz\u0151d\u00e9st olyannak kell tekinteni, mint amit a meghat\u00e1rozott teljes\u00edt\u00e9si id\u0151ben &#8211; \u00e9s nem m\u00e1skor &#8211; kellett volna teljes\u00edteni, \u00edgy att\u00f3l a fogyaszt\u00f3 p\u00f3that\u00e1rid\u0151 t\u0171z\u00e9se n\u00e9lk\u00fcl jogosult el\u00e1llni.<\/p>\n<div><\/div>\n<p>Ha a fogyaszt\u00f3 p\u00f3that\u00e1rid\u0151 t\u0171z\u00e9se n\u00e9lk\u00fcl jogosult a szerz\u0151d\u00e9st\u0151l el\u00e1llni, \u00e9s el\u00e1ll\u00e1si jog\u00e1t gyakorolja, a v\u00e1llalkoz\u00e1s halad\u00e9ktalanul, de legk\u00e9s\u0151bb az el\u00e1ll\u00e1sr\u00f3l val\u00f3 tudom\u00e1sszerz\u00e9s\u00e9t\u0151l sz\u00e1m\u00edtott tizenn\u00e9gy napon bel\u00fcl visszat\u00e9r\u00edti a fogyaszt\u00f3 \u00e1ltal ellenszolg\u00e1ltat\u00e1sk\u00e9nt megfizetett teljes \u00f6sszeget, ide\u00e9rtve a teljes\u00edt\u00e9ssel \u00f6sszef\u00fcgg\u00e9sben felmer\u00fclt k\u00f6lts\u00e9geket is<\/p>\n<div><\/div>\n<p><strong>A szolg\u00e1ltat\u00e1s ny\u00fajt\u00e1s\u00e1ra ir\u00e1nyul\u00f3 szerz\u0151d\u00e9s fogalma:<\/strong><span>\u00a0<\/span>Az ad\u00e1sv\u00e9teli szerz\u0151d\u00e9st\u0151l elt\u00e9r\u0151 b\u00e1rmely olyan szerz\u0151d\u00e9s, amelynek \u00e9rtelm\u00e9ben a v\u00e1llalkoz\u00e1s a fogyaszt\u00f3 r\u00e9sz\u00e9re szolg\u00e1ltat\u00e1st ny\u00fajt vagy szolg\u00e1ltat\u00e1s ny\u00fajt\u00e1s\u00e1t v\u00e1llalja, a fogyaszt\u00f3 pedig megfizeti, vagy v\u00e1llalja, hogy megfizeti a szolg\u00e1ltat\u00e1s ellen\u00e9rt\u00e9k\u00e9t.<\/p>\n<div><\/div>\n<p><strong>A term\u00e9k ad\u00e1sv\u00e9tel\u00e9re ir\u00e1nyul\u00f3 szerz\u0151d\u00e9s fogalma:<\/strong><\/p>\n<div><\/div>\n<p>Term\u00e9k ad\u00e1sv\u00e9tel\u00e9re ir\u00e1nyul\u00f3 szerz\u0151d\u00e9snek min\u0151s\u00fcl az olyan visszterhes, szolg\u00e1ltat\u00e1s ny\u00fajt\u00e1s\u00e1ra ir\u00e1nyul\u00f3 szerz\u0151d\u00e9s is, amely alapj\u00e1n a v\u00e1llalkoz\u00e1s term\u00e9k tulajdonjog\u00e1nak \u00e1truh\u00e1z\u00e1s\u00e1ra is k\u00f6teles.<\/p>\n<div><\/div>\n<p>&nbsp;<\/p>\n<div><\/div>\n<p>8\/A. \u00a7<span>\u00a0<\/span><em>T\u00f6bblet\u00f6sszegek fizet\u00e9se<\/em><\/p>\n<div><\/div>\n<p>A v\u00e1llalkoz\u00e1st a szerz\u0151d\u00e9s szerinti f\u0151k\u00f6telezetts\u00e9ge teljes\u00edt\u00e9s\u00e9\u00e9rt j\u00e1r\u00f3 ellenszolg\u00e1ltat\u00e1son fel\u00fcl tov\u00e1bbi p\u00e9nzbeli k\u00f6vetel\u00e9sre feljogos\u00edt\u00f3 szerz\u0151d\u00e9si felt\u00e9tel k\u00fcl\u00f6n\u00f6sen nem tekinthet\u0151 olyannak, mint amit a fogyaszt\u00f3 kifejezetten elfogadott, ha a v\u00e1llalkoz\u00e1s olyan alap\u00e9rtelmezett opci\u00f3t (el\u0151re kit\u00f6lt\u00f6tt mez\u0151t) alkalmaz, amelyet a fogyaszt\u00f3nak a t\u00f6bblet\u00f6sszeg fizet\u00e9s\u00e9nek elker\u00fcl\u00e9se \u00e9rdek\u00e9ben el kellene utas\u00edtania. Ebben az esetben a v\u00e1llalkoz\u00e1s k\u00f6teles a fogyaszt\u00f3 r\u00e9sz\u00e9re az \u00edgy kifizetett \u00f6sszeget visszat\u00e9r\u00edteni.<\/p>\n<div><\/div>\n<p>&nbsp;<\/p>\n<div><\/div>\n<p><strong>Panaszkezel\u00e9s alternat\u00edv m\u00f3dja:<\/strong><span>\u00a0<\/span>Ha valaki panaszt k\u00edv\u00e1n tenni egy v\u00e1s\u00e1rolt term\u00e9kkel vagy szolg\u00e1ltat\u00e1ssal kapcsolatban, nem kell felt\u00e9tlen\u00fcl b\u00edr\u00f3s\u00e1ghoz fordulnia. V\u00e1laszthatja az alternat\u00edv vitarendez\u00e9st.<span>\u00a0<\/span><a class=\"text_big\" href=\"https:\/\/ec.europa.eu\/consumers\/odr\/main\/index.cfm?event=main.home.show&amp;lng=HU\">https:\/\/ec.europa.eu\/consumers\/odr\/main\/index.cfm?event=main.home.show&amp;lng=HU<\/a><\/p>\n<div><\/div>\n<p>AZ EUR\u00d3PAI PARLAMENT \u00c9S A TAN\u00c1CS 524\/2013\/EU RENDELETE a fogyaszt\u00f3i jogvit\u00e1k online rendez\u00e9s\u00e9r\u0151l, valamint a 2006\/2004\/EK rendelet \u00e9s a 2009\/22\/EK ir\u00e1nyelv m\u00f3dos\u00edt\u00e1s\u00e1r\u00f3l (fogyaszt\u00f3i online vitarendez\u00e9si ir\u00e1nyelv)<\/p>\n<div><\/div>\n<p>&nbsp;<\/p>\n<div><\/div>\n<p>Online vitarendez\u00e9si platform<\/p>\n<div><\/div>\n<p>Az Eur\u00f3pai Bizotts\u00e1g l\u00e9trehozott egy honlapot, amelybe a fogyaszt\u00f3k beregisztr\u00e1lhatnak, \u00edgy ezen kereszt\u00fcl lehet\u0151s\u00e9g\u00fck ny\u00edlik arra, hogy online v\u00e1s\u00e1rl\u00e1shoz kapcsol\u00f3d\u00f3 jogvit\u00e1ikat ezen kereszt\u00fcl rendezz\u00e9k egy k\u00e9relem kit\u00f6lt\u00e9s\u00e9vel, elker\u00fclve a b\u00edr\u00f3s\u00e1gi elj\u00e1r\u00e1st. \u00cdgy a fogyaszt\u00f3k tudj\u00e1k \u00e9rv\u00e9nyes\u00edteni jogaikat an\u00e9lk\u00fcl, hogy p\u00e9ld\u00e1ul a t\u00e1vols\u00e1g megg\u00e1toln\u00e1 \u0151ket ebben.<\/p>\n<div><\/div>\n<p>Ha \u00d6n panaszt k\u00edv\u00e1n tenni egy, az interneten v\u00e1s\u00e1rolt term\u00e9kkel vagy szolg\u00e1ltat\u00e1ssal kapcsolatban, \u00e9s nem akar felt\u00e9tlen\u00fcl b\u00edr\u00f3s\u00e1ghoz fordulni, ig\u00e9nybe veheti az online vitarendez\u00e9s eszk\u00f6z\u00e9t.<\/p>\n<div><\/div>\n<p>A port\u00e1lon \u00d6n \u00e9s a keresked\u0151, akivel szemben panasszal \u00e9lt, k\u00f6z\u00f6sen kiv\u00e1laszthatj\u00e1k a panasz kezel\u00e9s\u00e9vel megb\u00edzni k\u00edv\u00e1nt vitarendez\u00e9si test\u00fcletet.<\/p>\n<div><\/div>\n<p>Az online vitarendez\u00e9si platform itt \u00e9rhet\u0151 el:<\/p>\n<div><\/div>\n<p>https:\/\/webgate.ec.europa.eu\/odr\/main\/?event=main.home.show&#038;lng=HU<\/p>\n<div><\/div>\n<p>10\u2026\u2026\u2026\u2026\u2026.<\/p>\n<div><\/div>\n<p><strong>Jelen \u00c1ltal\u00e1nos Szerz\u0151d\u00e9si Felt\u00e9telek hat\u00e1lyba l\u00e9p\u00e9s\u00e9nek ideje:<\/strong><span>\u00a0<\/span>2017.10.19.<\/p>\n<div><\/div>\n<p>11\u2026\u2026\u2026\u2026\u2026\u2026\u2026.<\/p>\n<div><\/div>\n<p>V\u00e1s\u00e1rl\u00e1si felt\u00e9telek \u00e9s tudnival\u00f3k<\/p>\n<div><\/div>\n<p>V\u00e1s\u00e1rl\u00e1si felt\u00e9telek jogir\u00e1ny\u00fa szab\u00e1lyoz\u00e1s\u00e1t illet\u0151en, n\u00e9h\u00e1ny dolog amir\u0151l tudni kell..<br \/>Sajn\u00e1latos m\u00f3don nem kiz\u00e1r\u00f3lag az \u00e9rt\u00e9kes\u00edt\u00e9snek vannak felt\u00e9telei, hanem web\u00e1ruh\u00e1zas \u00e9rt\u00e9kes\u00edt\u00e9s eset\u00e9n, \u00d6nnek k\u00f6telez\u0151 \u00e9rv\u00e9ny\u0171nek kell tekinteni, egyes term\u00e9kekre vonatkoz\u00f3 hat\u00e1lyos t\u00f6rv\u00e9nyek betart\u00e1s\u00e1t \u00e9s azt a felt\u00e9telek elfogad\u00e1s\u00e1val val\u00f3 tudom\u00e1sul v\u00e9tel\u00e9t..<\/p>\n<div><\/div>\n<p><strong>M\u0171szaik elektronikai term\u00e9kek v\u00e1s\u00e1rl\u00e1si felt\u00e9telei..<\/strong><br \/>Erre vonatkoz\u00f3lag nincs hat\u00e1lyos szab\u00e1lyoz\u00e1s<\/p>\n<div><\/div>\n<p><strong>Nyomk\u00f6vet\u0151k v\u00e1s\u00e1rl\u00e1si felt\u00e9telei<\/strong><\/p>\n<div><\/div>\n<p>C\u00e9g\u00fcnk, nyomk\u00f6vet\u0151 eszk\u00f6z\u00f6k \u00e9rt\u00e9kes\u00edt\u00e9s\u00e9vel foglalkozik, haszn\u00e1lat\u00e1ra vonatkoz\u00f3 hat\u00e1lyos jogszab\u00e1lyok betart\u00e1sa kiz\u00e1r\u00f3lag v\u00e1s\u00e1rl\u00f3inkat \u00e9rintik, mely rendelkez\u00e9sekre \u00e9s az eszk\u00f6z\u00f6k jogszer\u0171 haszn\u00e1lat\u00e1ra az al\u00e1bbiakban felh\u00edvjuk figyelm\u00e9t \u00e9s seg\u00edts\u00e9get ny\u00fajtunk..<br \/>C\u00e9g\u00fcnk semmilyen felel\u0151ss\u00e9get nem tud v\u00e1llalni, a jogszab\u00e1lyt\u00f3l elt\u00e9r\u0151 haszn\u00e1lattal kapcsolatban, emellett..<br \/>Eszk\u00f6zeink nem vagyonv\u00e9delmi berendez\u00e9sek, \u00edgy az esetleges k\u00e1rok\u00e9rt, melyek meghib\u00e1sod\u00e1sb\u00f3l, vagy haszn\u00e1latb\u00f3l ad\u00f3dhatnak, semmif\u00e9le k\u00e1rt\u00e9r\u00edt\u00e9st nem v\u00e1llalunk..<br \/>\u00c9rt\u00e9kes\u00edtett nyomk\u00f6vet\u0151 k\u00e9sz\u00fcl\u00e9keinkre, az \u00e9rt\u00e9kes\u00edt\u00e9st k\u00f6vet\u0151en, minden felel\u0151ss\u00e9g vonatkozat\u00e1ban az \u00faj tulajdonost terheli..<\/p>\n<div><\/div>\n<p>Rendelkez\u00e9s\u00fcnk alapj\u00e1t a szem\u00e9lyes adatok v\u00e9delm\u00e9r\u0151l \u00e9s a k\u00f6z\u00e9rdek\u0171 adatok nyilv\u00e1noss\u00e1g\u00e1r\u00f3l sz\u00f3l\u00f3 1992. \u00e9vi LXIII. t\u00f6rv\u00e9ny k\u00e9pezi, melyek betart\u00e1sa minden \u00e1llampolg\u00e1r r\u00e9sz\u00e9re k\u00f6telez\u0151 \u00e9rv\u00e9ny\u0171..<br \/>A t\u00f6rv\u00e9ny alapj\u00e1n szem\u00e9lyes adatnak min\u0151s\u00fcl b\u00e1rmely meghat\u00e1rozott (azonos\u00edtott vagy azonos\u00edthat\u00f3) term\u00e9szetes szem\u00e9llyel kapcsolatba hozhat\u00f3 adat, az adatb\u00f3l levonhat\u00f3, az \u00e9rintettre vonatkoz\u00f3 k\u00f6vetkeztet\u00e9s. Egy szem\u00e9ly k\u00fcl\u00f6n\u00f6sen akkor tekinthet\u0151 azonos\u00edthat\u00f3nak, ha \u0151t &#8211; k\u00f6zvetlen\u00fcl vagy k\u00f6zvetve &#8211; n\u00e9v, azonos\u00edt\u00f3 jel, illet\u0151leg egy vagy t\u00f6bb, fizikai, fiziol\u00f3giai, ment\u00e1lis, gazdas\u00e1gi, kultur\u00e1lis vagy szoci\u00e1lis azonoss\u00e1g\u00e1ra jellemz\u0151 t\u00e9nyez\u0151 alapj\u00e1n azonos\u00edtani lehet.<br \/>Ak\u00e1r a j\u00e1rm\u0171vekbe szerelhet\u0151, vagy szem\u00e9lyi nyomk\u00f6vet\u0151 haszn\u00e1lata a meghat\u00e1rozott szem\u00e9ly szem\u00e9lyes adat\u00e1nak lek\u00e9rdez\u00e9s\u00e9nek, adatgy\u0171jt\u00e9s\u00e9nek min\u0151s\u00fcl&#8230;<br \/>ez\u00e9rt&#8230;<br \/>A t\u00f6rv\u00e9ny el\u0151\u00edr\u00e1sa alapj\u00e1n szem\u00e9lyes adat csak akkor kezelhet\u0151, ha ahhoz az \u00e9rintett szem\u00e9ly hozz\u00e1j\u00e1rult, vagy ha ezt t\u00f6rv\u00e9ny elrendelte.<br \/>Maga az adatkezel\u00e9s gy\u0171jt\u0151fogalom, amely alatt t\u00f6bbek k\u00f6z\u00f6tt az adatok gy\u0171jt\u00e9s\u00e9t, felv\u00e9tel\u00e9t, r\u00f6gz\u00edt\u00e9s\u00e9t, t\u00e1rol\u00e1s\u00e1t, felhaszn\u00e1l\u00e1s\u00e1t, tov\u00e1bb\u00edt\u00e1s\u00e1t, nyilv\u00e1noss\u00e1gra hozatal\u00e1t is \u00e9rtj\u00fck.<br \/>A nyomk\u00f6vet\u0151k haszn\u00e1latakor, az adott szem\u00e9ly akin\u00e9l az eszk\u00f6z haszn\u00e1latba helyeztetett, ak\u00e1r j\u00e1rm\u0171, ak\u00e1r szem\u00e9lyi eszk\u00f6zr\u0151l besz\u00e9l\u00fcnk, \u00edr\u00e1sos hozz\u00e1j\u00e1rul\u00e1st kell adjon azon c\u00e9g, vagy szem\u00e9ly r\u00e9sz\u00e9re, aki adataihoz a k\u00e9s\u0151bbiekben ez\u00e1ltal hozz\u00e1juthat. A hozz\u00e1j\u00e1rul\u00e1s megadhat\u00f3 k\u00fcl\u00f6n \u00edr\u00e1sbeli nyilatkozatban vagy egy olyan munkaszerz\u0151d\u00e9sben, melyhez csatolva, \u00e9rv\u00e9nyess\u00e9get kap. A szerz\u0151d\u00e9sben \u00e9s nyilatkozatban, t\u00e1j\u00e9koztatni kell az \u00e9rintettet az adatkezel\u00e9sre vonatkoz\u00f3 l\u00e9nyeges inform\u00e1ci\u00f3kr\u00f3l \u00e9s arr\u00f3l, hogy al\u00e1\u00edr\u00e1s\u00e1val hozz\u00e1j\u00e1rul\u00e1s\u00e1t adja adatainak kezel\u00e9s\u00e9hez.<\/p>\n<div><\/div>\n<p><strong>Hazai, hat\u00e1lyos b\u00fcntet\u0151jogi rendelkez\u00e9sek alapj\u00e1n,<\/strong><br \/><strong>eszk\u00f6zeinket tilos haszn\u00e1latba venni<\/strong>\u00a0az al\u00e1bbi jogszab\u00e1lyok szerinti meghat\u00e1roz\u00e1sokra..<br \/>Szakasz- 147. \u00a7 K\u00e9mked\u00e9s<br \/>Szakasz- 300. \u00a7 Gazdas\u00e1gi titok megs\u00e9rt\u00e9se<br \/>Mindennem\u0171 titokv\u00e9delem elleni v\u00e9ts\u00e9g a b\u00fcntet\u0151jogban\u00a0<a class=\"text_big\" href=\"http:\/\/nyomkoveto.top5.hu\/jogilag-vedett-titkok.pdf\">(mell\u00e9klet)<\/a><br \/><a class=\"text_big\" href=\"http:\/\/nyomkoveto.top5.hu\/szemelyisegi-jogok.pdf\">SZEM\u00c9LYIS\u00c9GI JOGOK<\/a>, \u00c1LTAL\u00c1NOS SZAB\u00c1LYOK \u00c9S EGYES SZEM\u00c9LYIS\u00c9GI JOGOK megs\u00e9rt\u00e9se<\/p>\n<div><\/div>\n<p>&nbsp;<\/p>\n<div><\/div>\n<p><strong>V\u00e1s\u00e1rl\u00e1s\u00e1val \u00d6n kijelenti, hogy a fentiekben le\u00edrt felt\u00e9telekkel egyet \u00e9rt\u00a0<br \/>\u00e9s a vonatkoz\u00f3 rendelkez\u00e9seket betartja.. !!<\/strong><\/p>\n<\/div>\n<p>[\/et_pb_text][\/et_pb_column][\/et_pb_row][\/et_pb_section]<\/p>\n","protected":false},"excerpt":{"rendered":"<p>BEVEZET\u00c9S 1.bevezet\u00e9s Jelen \u00c1ltal\u00e1nos Szerz\u0151d\u00e9si Felt\u00e9telek (tov\u00e1bbiakban \u00c1SZF) tartalmazza a gpshero.hu weboldalon (a tov\u00e1bbiakban: honlap) el\u00e9rhet\u0151 szolg\u00e1ltat\u00e1s ig\u00e9nybev\u00e9tel\u00e9nek ig\u00e9nybevev\u0151 (tov\u00e1bbiakban: Felhaszn\u00e1l\u00f3) \u00e1ltali haszn\u00e1lat\u00e1nak felt\u00e9teleit. A honlap haszn\u00e1lat\u00e1hoz sz\u00fcks\u00e9ges azon technikai t\u00e1j\u00e9koztat\u00e1st, melyet ezen \u00c1SZF nem tartalmaz, a honlapon el\u00e9rhet\u0151 t\u00e1j\u00e9koztat\u00e1sok ny\u00fajtj\u00e1k. A Felhaszn\u00e1l\u00f3 a honlap haszn\u00e1lat\u00e1val tudom\u00e1sul veszi \u00e9s elfogadja a jelen \u00c1SZF-ben foglaltakat. SZOLG\u00c1LTAT\u00d3 [&hellip;]<\/p>\n","protected":false},"author":1,"featured_media":0,"parent":0,"menu_order":0,"comment_status":"closed","ping_status":"closed","template":"","meta":{"_et_pb_use_builder":"on","_et_pb_old_content":"<!-- wp:divi\/placeholder \/-->","_et_gb_content_width":"","footnotes":""},"class_list":["post-245345","page","type-page","status-publish","hentry"],"yoast_head":"<!-- This site is optimized with the Yoast SEO plugin v24.9 - https:\/\/yoast.com\/wordpress\/plugins\/seo\/ -->\n<title>V\u00e1s\u00e1rl\u00e1si Felt\u00e9telek ASZF - GPS nyomkovet\u0151<\/title>\n<meta name=\"robots\" content=\"index, follow, max-snippet:-1, max-image-preview:large, max-video-preview:-1\" \/>\n<link rel=\"canonical\" href=\"https:\/\/nyomkovetogps.hu\/gpshero\/rolunk\/\" \/>\n<meta property=\"og:locale\" content=\"hu_HU\" \/>\n<meta property=\"og:type\" content=\"article\" \/>\n<meta property=\"og:title\" content=\"V\u00e1s\u00e1rl\u00e1si Felt\u00e9telek ASZF - GPS nyomkovet\u0151\" \/>\n<meta property=\"og:description\" content=\"BEVEZET\u00c9S 1.bevezet\u00e9s Jelen \u00c1ltal\u00e1nos Szerz\u0151d\u00e9si Felt\u00e9telek (tov\u00e1bbiakban \u00c1SZF) tartalmazza a gpshero.hu weboldalon (a tov\u00e1bbiakban: honlap) el\u00e9rhet\u0151 szolg\u00e1ltat\u00e1s ig\u00e9nybev\u00e9tel\u00e9nek ig\u00e9nybevev\u0151 (tov\u00e1bbiakban: Felhaszn\u00e1l\u00f3) \u00e1ltali haszn\u00e1lat\u00e1nak felt\u00e9teleit. A honlap haszn\u00e1lat\u00e1hoz sz\u00fcks\u00e9ges azon technikai t\u00e1j\u00e9koztat\u00e1st, melyet ezen \u00c1SZF nem tartalmaz, a honlapon el\u00e9rhet\u0151 t\u00e1j\u00e9koztat\u00e1sok ny\u00fajtj\u00e1k. A Felhaszn\u00e1l\u00f3 a honlap haszn\u00e1lat\u00e1val tudom\u00e1sul veszi \u00e9s elfogadja a jelen \u00c1SZF-ben foglaltakat. SZOLG\u00c1LTAT\u00d3 [&hellip;]\" \/>\n<meta property=\"og:url\" content=\"https:\/\/nyomkovetogps.hu\/gpshero\/rolunk\/\" \/>\n<meta property=\"og:site_name\" content=\"GPS nyomkovet\u0151\" \/>\n<meta property=\"article:publisher\" content=\"https:\/\/www.facebook.com\/nyomkovetok\" \/>\n<meta property=\"article:modified_time\" content=\"2025-07-22T13:33:21+00:00\" \/>\n<meta name=\"twitter:card\" content=\"summary_large_image\" \/>\n<meta name=\"twitter:label1\" content=\"Becs\u00fclt olvas\u00e1si id\u0151\" \/>\n\t<meta name=\"twitter:data1\" content=\"44 perc\" \/>\n<script type=\"application\/ld+json\" class=\"yoast-schema-graph\">{\"@context\":\"https:\/\/schema.org\",\"@graph\":[{\"@type\":\"WebPage\",\"@id\":\"https:\/\/nyomkovetogps.hu\/gpshero\/rolunk\/\",\"url\":\"https:\/\/nyomkovetogps.hu\/gpshero\/rolunk\/\",\"name\":\"V\u00e1s\u00e1rl\u00e1si Felt\u00e9telek ASZF - GPS nyomkovet\u0151\",\"isPartOf\":{\"@id\":\"https:\/\/nyomkovetogps.hu\/gpshero\/#website\"},\"datePublished\":\"2022-06-09T12:00:18+00:00\",\"dateModified\":\"2025-07-22T13:33:21+00:00\",\"breadcrumb\":{\"@id\":\"https:\/\/nyomkovetogps.hu\/gpshero\/rolunk\/#breadcrumb\"},\"inLanguage\":\"hu\",\"potentialAction\":[{\"@type\":\"ReadAction\",\"target\":[\"https:\/\/nyomkovetogps.hu\/gpshero\/rolunk\/\"]}]},{\"@type\":\"BreadcrumbList\",\"@id\":\"https:\/\/nyomkovetogps.hu\/gpshero\/rolunk\/#breadcrumb\",\"itemListElement\":[{\"@type\":\"ListItem\",\"position\":1,\"name\":\"Kezd\u0151lap\",\"item\":\"https:\/\/nyomkovetogps.hu\/gpshero\/\"},{\"@type\":\"ListItem\",\"position\":2,\"name\":\"V\u00e1s\u00e1rl\u00e1si Felt\u00e9telek ASZF\"}]},{\"@type\":\"WebSite\",\"@id\":\"https:\/\/nyomkovetogps.hu\/gpshero\/#website\",\"url\":\"https:\/\/nyomkovetogps.hu\/gpshero\/\",\"name\":\"GPS nyomkovet\u0151\",\"description\":\"GPS nyomk&ouml;vet\u0151 t&eacute;rk&eacute;pes rendszer\",\"publisher\":{\"@id\":\"https:\/\/nyomkovetogps.hu\/gpshero\/#organization\"},\"potentialAction\":[{\"@type\":\"SearchAction\",\"target\":{\"@type\":\"EntryPoint\",\"urlTemplate\":\"https:\/\/nyomkovetogps.hu\/gpshero\/?s={search_term_string}\"},\"query-input\":{\"@type\":\"PropertyValueSpecification\",\"valueRequired\":true,\"valueName\":\"search_term_string\"}}],\"inLanguage\":\"hu\"},{\"@type\":\"Organization\",\"@id\":\"https:\/\/nyomkovetogps.hu\/gpshero\/#organization\",\"name\":\"AMOZA Trade Kft.\",\"url\":\"https:\/\/nyomkovetogps.hu\/gpshero\/\",\"logo\":{\"@type\":\"ImageObject\",\"inLanguage\":\"hu\",\"@id\":\"https:\/\/nyomkovetogps.hu\/gpshero\/#\/schema\/logo\/image\/\",\"url\":\"https:\/\/nyomkovetogps.hu\/gpshero\/wp-content\/uploads\/2022\/05\/gps_hero_logo_dark-1.png\",\"contentUrl\":\"https:\/\/nyomkovetogps.hu\/gpshero\/wp-content\/uploads\/2022\/05\/gps_hero_logo_dark-1.png\",\"width\":750,\"height\":750,\"caption\":\"AMOZA Trade Kft.\"},\"image\":{\"@id\":\"https:\/\/nyomkovetogps.hu\/gpshero\/#\/schema\/logo\/image\/\"},\"sameAs\":[\"https:\/\/www.facebook.com\/nyomkovetok\"]}]}<\/script>\n<!-- \/ Yoast SEO plugin. -->","yoast_head_json":{"title":"V\u00e1s\u00e1rl\u00e1si Felt\u00e9telek ASZF - GPS nyomkovet\u0151","robots":{"index":"index","follow":"follow","max-snippet":"max-snippet:-1","max-image-preview":"max-image-preview:large","max-video-preview":"max-video-preview:-1"},"canonical":"https:\/\/nyomkovetogps.hu\/gpshero\/rolunk\/","og_locale":"hu_HU","og_type":"article","og_title":"V\u00e1s\u00e1rl\u00e1si Felt\u00e9telek ASZF - GPS nyomkovet\u0151","og_description":"BEVEZET\u00c9S 1.bevezet\u00e9s Jelen \u00c1ltal\u00e1nos Szerz\u0151d\u00e9si Felt\u00e9telek (tov\u00e1bbiakban \u00c1SZF) tartalmazza a gpshero.hu weboldalon (a tov\u00e1bbiakban: honlap) el\u00e9rhet\u0151 szolg\u00e1ltat\u00e1s ig\u00e9nybev\u00e9tel\u00e9nek ig\u00e9nybevev\u0151 (tov\u00e1bbiakban: Felhaszn\u00e1l\u00f3) \u00e1ltali haszn\u00e1lat\u00e1nak felt\u00e9teleit. A honlap haszn\u00e1lat\u00e1hoz sz\u00fcks\u00e9ges azon technikai t\u00e1j\u00e9koztat\u00e1st, melyet ezen \u00c1SZF nem tartalmaz, a honlapon el\u00e9rhet\u0151 t\u00e1j\u00e9koztat\u00e1sok ny\u00fajtj\u00e1k. A Felhaszn\u00e1l\u00f3 a honlap haszn\u00e1lat\u00e1val tudom\u00e1sul veszi \u00e9s elfogadja a jelen \u00c1SZF-ben foglaltakat. SZOLG\u00c1LTAT\u00d3 [&hellip;]","og_url":"https:\/\/nyomkovetogps.hu\/gpshero\/rolunk\/","og_site_name":"GPS nyomkovet\u0151","article_publisher":"https:\/\/www.facebook.com\/nyomkovetok","article_modified_time":"2025-07-22T13:33:21+00:00","twitter_card":"summary_large_image","twitter_misc":{"Becs\u00fclt olvas\u00e1si id\u0151":"44 perc"},"schema":{"@context":"https:\/\/schema.org","@graph":[{"@type":"WebPage","@id":"https:\/\/nyomkovetogps.hu\/gpshero\/rolunk\/","url":"https:\/\/nyomkovetogps.hu\/gpshero\/rolunk\/","name":"V\u00e1s\u00e1rl\u00e1si Felt\u00e9telek ASZF - GPS nyomkovet\u0151","isPartOf":{"@id":"https:\/\/nyomkovetogps.hu\/gpshero\/#website"},"datePublished":"2022-06-09T12:00:18+00:00","dateModified":"2025-07-22T13:33:21+00:00","breadcrumb":{"@id":"https:\/\/nyomkovetogps.hu\/gpshero\/rolunk\/#breadcrumb"},"inLanguage":"hu","potentialAction":[{"@type":"ReadAction","target":["https:\/\/nyomkovetogps.hu\/gpshero\/rolunk\/"]}]},{"@type":"BreadcrumbList","@id":"https:\/\/nyomkovetogps.hu\/gpshero\/rolunk\/#breadcrumb","itemListElement":[{"@type":"ListItem","position":1,"name":"Kezd\u0151lap","item":"https:\/\/nyomkovetogps.hu\/gpshero\/"},{"@type":"ListItem","position":2,"name":"V\u00e1s\u00e1rl\u00e1si Felt\u00e9telek ASZF"}]},{"@type":"WebSite","@id":"https:\/\/nyomkovetogps.hu\/gpshero\/#website","url":"https:\/\/nyomkovetogps.hu\/gpshero\/","name":"GPS nyomkovet\u0151","description":"GPS nyomk&ouml;vet\u0151 t&eacute;rk&eacute;pes rendszer","publisher":{"@id":"https:\/\/nyomkovetogps.hu\/gpshero\/#organization"},"potentialAction":[{"@type":"SearchAction","target":{"@type":"EntryPoint","urlTemplate":"https:\/\/nyomkovetogps.hu\/gpshero\/?s={search_term_string}"},"query-input":{"@type":"PropertyValueSpecification","valueRequired":true,"valueName":"search_term_string"}}],"inLanguage":"hu"},{"@type":"Organization","@id":"https:\/\/nyomkovetogps.hu\/gpshero\/#organization","name":"AMOZA Trade Kft.","url":"https:\/\/nyomkovetogps.hu\/gpshero\/","logo":{"@type":"ImageObject","inLanguage":"hu","@id":"https:\/\/nyomkovetogps.hu\/gpshero\/#\/schema\/logo\/image\/","url":"https:\/\/nyomkovetogps.hu\/gpshero\/wp-content\/uploads\/2022\/05\/gps_hero_logo_dark-1.png","contentUrl":"https:\/\/nyomkovetogps.hu\/gpshero\/wp-content\/uploads\/2022\/05\/gps_hero_logo_dark-1.png","width":750,"height":750,"caption":"AMOZA Trade Kft."},"image":{"@id":"https:\/\/nyomkovetogps.hu\/gpshero\/#\/schema\/logo\/image\/"},"sameAs":["https:\/\/www.facebook.com\/nyomkovetok"]}]}},"_links":{"self":[{"href":"https:\/\/nyomkovetogps.hu\/gpshero\/wp-json\/wp\/v2\/pages\/245345","targetHints":{"allow":["GET"]}}],"collection":[{"href":"https:\/\/nyomkovetogps.hu\/gpshero\/wp-json\/wp\/v2\/pages"}],"about":[{"href":"https:\/\/nyomkovetogps.hu\/gpshero\/wp-json\/wp\/v2\/types\/page"}],"author":[{"embeddable":true,"href":"https:\/\/nyomkovetogps.hu\/gpshero\/wp-json\/wp\/v2\/users\/1"}],"replies":[{"embeddable":true,"href":"https:\/\/nyomkovetogps.hu\/gpshero\/wp-json\/wp\/v2\/comments?post=245345"}],"version-history":[{"count":8,"href":"https:\/\/nyomkovetogps.hu\/gpshero\/wp-json\/wp\/v2\/pages\/245345\/revisions"}],"predecessor-version":[{"id":252676,"href":"https:\/\/nyomkovetogps.hu\/gpshero\/wp-json\/wp\/v2\/pages\/245345\/revisions\/252676"}],"wp:attachment":[{"href":"https:\/\/nyomkovetogps.hu\/gpshero\/wp-json\/wp\/v2\/media?parent=245345"}],"curies":[{"name":"wp","href":"https:\/\/api.w.org\/{rel}","templated":true}]}}