{"id":245351,"date":"2022-06-09T14:14:12","date_gmt":"2022-06-09T12:14:12","guid":{"rendered":"https:\/\/nyomkovetogps.hu\/gpshero\/?page_id=245351"},"modified":"2022-08-14T15:00:13","modified_gmt":"2022-08-14T13:00:13","slug":"adatvedelmi-tajekoztato","status":"publish","type":"page","link":"https:\/\/nyomkovetogps.hu\/gpshero\/adatvedelmi-tajekoztato\/","title":{"rendered":"Adatv\u00e9delmi t\u00e1j\u00e9koztat\u00f3"},"content":{"rendered":"<p>[et_pb_section fb_built=&#8221;1&#8243; _builder_version=&#8221;4.17.4&#8243; _module_preset=&#8221;default&#8221; global_colors_info=&#8221;{}&#8221;][et_pb_row _builder_version=&#8221;4.17.4&#8243; _module_preset=&#8221;default&#8221; global_colors_info=&#8221;{}&#8221;][et_pb_column type=&#8221;4_4&#8243; _builder_version=&#8221;4.17.4&#8243; _module_preset=&#8221;default&#8221; global_colors_info=&#8221;{}&#8221;][et_pb_text _builder_version=&#8221;4.17.4&#8243; _module_preset=&#8221;default&#8221; global_colors_info=&#8221;{}&#8221;]<\/p>\n<div class=\"page_artdet_name_outer\">\n<div class=\"page_artdet_name page_help_title text-uppercase py-2 font-xxl font-weight-bold text-cn mb-3\">ADATV\u00c9DELEM<\/div>\n<\/div>\n<div class=\"page_help_content text-justify\">\n<p><strong>Az adatv\u00e9delemr\u0151l<\/strong><br \/>A szem\u00e9lyes adatok v\u00e9delm\u00e9r\u0151l \u00e9s a k\u00f6z\u00e9rdek\u0171 adatok nyilv\u00e1noss\u00e1g\u00e1r\u00f3l sz\u00f3l\u00f3 1992. \u00e9vi LXIII. t\u00f6rv\u00e9ny (tov\u00e1bbiakban: Avtv.) 28. \u00a7-a rendelkezik az adatv\u00e9delmi nyilv\u00e1ntart\u00e1sr\u00f3l.\u00a0<br \/><em>Vonatkoz\u00f3 jogszab\u00e1ly\u00a0<\/em>:<br \/>Az Avtv. 30. \u00a7-\u00e1nak a) pontja szerint nem kell bejelenteni az adatv\u00e9delmi nyilv\u00e1ntart\u00e1sba azt az adatkezel\u00e9st, amely az adatkezel\u0151vel \u00fcgyf\u00e9lkapcsolatban \u00e1ll\u00f3 szem\u00e9lyek adatait tartalmazza.\u00a0<br \/><strong>Vonatkoz\u00f3 jogszab\u00e1ly \u00e9rtelm\u00e9ben C\u00e9g\u00fcnk, AMOZA Trade Kft. \u00dcgyf\u00e9lszolg\u00e1latunk:Telefon: 06-70-280-3859 \u00e9s Web\u00e1ruh\u00e1zunk gpshero.hu nyilatkozik arr\u00f3l&#8230;<\/strong><br \/>&#8212; Mindezen szab\u00e1lyokat \u00e9s t\u00f6rv\u00e9nyeket tudatta a v\u00e1s\u00e1rl\u00f3val az \u00c1.SZ.F elfogad\u00e1s\u00e1val egyid\u0151ben..<br \/>&#8212; Az adatokat megad\u00f3 v\u00e1s\u00e1rl\u00f3, adatait \u00f6nsz\u00e1nt\u00e1b\u00f3l adta meg \u00e9s annak m\u00f3dja k\u00f6zvetlen volt az adatkezl\u0151 fel\u00e9<br \/>&#8212; Az adatokat kiz\u00e1r\u00f3lag az adatkezel\u0151 (vette fel \u00e9s kiz\u00e1r\u00f3lagos kezel\u0151je.<br \/>&#8212; Az adatkezel\u00e9s c\u00e9lja ismert a v\u00e1s\u00e1rl\u00f3 sz\u00e1m\u00e1ra, kiz\u00e1r\u00f3lag a Shop-ban val\u00f3 kapcsolatra haszn\u00e1lhat\u00f3<br \/>&#8212; A kezelend\u0151 adatok id\u0151tartama, kiz\u00e1r\u00f3lag az \u00e9rt\u00e9kes\u00edt\u00e9s idej\u00e9re vonatkoznak.<br \/>&#8212; Az adatok nem ker\u00fclnek ki az adatkezel\u0151 birtok\u00e1b\u00f3l\u00a0(semmilyen c\u00e9llal..<\/p>\n<div><\/div>\n<p>A fentiek \u00e9rtelm\u00e9ben\u00a0az adatkezel\u0151 csoport kijelenti, hogy a v\u00e1s\u00e1rl\u00f3 \u00e1ltal megadott adatok, kezel\u00e9s\u00e9b\u0151l nem ker\u00fclnek ki, az eredeti c\u00e9lt\u00f3l nem t\u00e9r el a felhaszn\u00e1l\u00e1s \u00e9s a fentiekben felsorolt krit\u00e9riumoknak megfelel az adatkezel\u00e9s..<\/p>\n<div><\/div>\n<p><strong>V\u00e1ltozott az adatv\u00e9delmi t\u00f6rv\u00e9ny: 30 nap helyett 25 nap<\/strong><\/p>\n<div><\/div>\n<p>&nbsp;<\/p>\n<div><\/div>\n<p>\u201e\u00d6n az adatkezel\u00e9s id\u0151tartam\u00e1n bel\u00fcl t\u00e1j\u00e9koztat\u00e1st k\u00e9rhet az Adatkezel\u0151t\u0151l a szem\u00e9lyes adatai kezel\u00e9s\u00e9r\u0151l. Az Adatkezel\u0151 a k\u00e9relem beny\u00fajt\u00e1s\u00e1t\u00f3l sz\u00e1m\u00edtott legr\u00f6videbb id\u0151 alatt, legfeljebb azonban 25 napon bel\u00fcl \u00edr\u00e1sban, k\u00f6z\u00e9rthet\u0151 form\u00e1ban t\u00e1j\u00e9koztatja \u00d6nt a kezelt adatokr\u00f3l, az adatkezel\u00e9s c\u00e9lj\u00e1r\u00f3l, jogalapj\u00e1r\u00f3l, id\u0151tartam\u00e1r\u00f3l, tov\u00e1bb\u00e1 \u2013 amennyiben az adatok tov\u00e1bb\u00edt\u00e1s\u00e1ra is sor ker\u00fclt \u2013 arr\u00f3l, hogy kik \u00e9s milyen c\u00e9lb\u00f3l kapj\u00e1k vagy kapt\u00e1k meg az adatokat.\u201d<\/p>\n<div><\/div>\n<p><strong>Kedves \u00dcgyfel\u00fcnk<\/strong>,\u00a0<\/p>\n<p>Minden bizonnyal m\u00e1r hallott\u00e1l az \u00faj EU jogszab\u00e1lyr\u00f3l a szem\u00e9lyes adatok v\u00e9delm\u00e9vel kapcsolatban<span>\u00a0<\/span><a class=\"text_big\" href=\"http:\/\/ec.europa.eu\/justice\/smedataprotect\/index_hu.htm\">(GDPR)<\/a>. Ez az \u00faj jogszab\u00e1ly 2018. m\u00e1jus 25-\u00e9n l\u00e9p \u00e9letbe, \u00e9s arra vonatkozik, hogy sokkal nagyobb r\u00e1hat\u00e1sod legyen arra, hogyan is haszn\u00e1lj\u00e1k fel az \u00e1ltalad megadott szem\u00e9lyes adatokat.\u00a0<\/p>\n<p>Szeretn\u00e9nk, ha tudn\u00e1d, hogy szem\u00e9lyes adataid biztons\u00e1gban vannak n\u00e1lunk, \u00e9s szeretn\u00e9nk, ha tudn\u00e1d, hogyan haszn\u00e1ljuk az \u00e1ltalad megadott szem\u00e9lyes adataidat a jobb \u00e9s biztons\u00e1gosabb felhaszn\u00e1l\u00f3i \u00e9s v\u00e1s\u00e1rl\u00f3i \u00e9lm\u00e9ny \u00e9rdek\u00e9ben.\u00a0<\/p>\n<p>A GDPR-ral \u00f6sszhangban friss\u00edtett\u00fck az adatv\u00e9delmi szab\u00e1lyzatunkat \u00e9s a honlapunkra vonatkoz\u00f3 \u00e1ltal\u00e1nos felhaszn\u00e1l\u00f3i felt\u00e9teleket,\u00a0<\/p>\n<div><\/div>\n<p>\u00a0Adatv\u00e9delmi T\u00e1j\u00e9koztat\u00f3<\/p>\n<div><\/div>\n<p>Az adatok kezel\u00e9s\u00e9vel \u00f6sszef\u00fcgg\u00e9sben az adatkezel\u0151 (AMOZA Trade Kft.) ez\u00faton t\u00e1j\u00e9koztatja a honlapot ig\u00e9nybe vev\u0151 felhaszn\u00e1l\u00f3kat a honlapon \u00e1ltala kezelt szem\u00e9lyes adatokr\u00f3l, a szem\u00e9lyes adatok kezel\u00e9se k\u00f6r\u00e9ben k\u00f6vetett elveir\u0151l \u00e9s gyakorlat\u00e1r\u00f3l, a szem\u00e9lyes adatok v\u00e9delme \u00e9rdek\u00e9ben tett szervez\u00e9si \u00e9s technikai int\u00e9zked\u00e9seir\u0151l, valamint az \u00e9rintettek jogai gyakorl\u00e1s\u00e1nak m\u00f3dj\u00e1r\u00f3l \u00e9s lehet\u0151s\u00e9geir\u0151l.<\/p>\n<div><\/div>\n<p>Jelen t\u00e1j\u00e9koztat\u00f3 rendelkez\u00e9seinek kialak\u00edt\u00e1sakor az adatkezel\u0151 figyelembe vette az Eur\u00f3pai Parlament \u00e9s a Tan\u00e1cs 2016\/679 Rendelet\u00e9ben (\u201e\u00c1ltal\u00e1nos Adatv\u00e9delmi Rendelet\u201d vagy \u201eGDPR\u201d), az inform\u00e1ci\u00f3s \u00f6nrendelkez\u00e9si jogr\u00f3l \u00e9s az inform\u00e1ci\u00f3szabads\u00e1gr\u00f3l sz\u00f3l\u00f3 2011. \u00e9vi CXII. t\u00f6rv\u00e9ny (\u201eInfotv.\u201d), a Polg\u00e1ri T\u00f6rv\u00e9nyk\u00f6nyvr\u0151l sz\u00f3l\u00f3 2013. \u00e9vi V. t\u00f6rv\u00e9ny (\u201ePtk.\u201d), tov\u00e1bb\u00e1 a gazdas\u00e1gi rekl\u00e1mtev\u00e9kenys\u00e9g alapvet\u0151 felt\u00e9teleir\u0151l \u00e9s egyes korl\u00e1tair\u00f3l sz\u00f3l\u00f3 2008. \u00e9vi XLVIII. t\u00f6rv\u00e9ny (\u201eGrtv.\u201d) rendelkez\u00e9seit.<\/p>\n<div><\/div>\n<p>Az adatkezel\u0151 a honlapj\u00e1n ny\u00fajtott egyes szolg\u00e1ltat\u00e1sokat el\u0151zetes regisztr\u00e1ci\u00f3hoz k\u00f6ti web\u00e1ruh\u00e1z haszn\u00e1lata). E szolg\u00e1ltat\u00e1sok ig\u00e9nybe v\u00e9tel\u00e9hez t\u00f6rt\u00e9n\u0151 regisztr\u00e1ci\u00f3kor olyan adatok megad\u00e1s\u00e1t k\u00e9ri, amelyek szem\u00e9lyes adatnak min\u0151s\u00fclnek. Szerz\u0151d\u00e9sk\u00f6t\u00e9s n\u00e9lk\u00fcli regisztr\u00e1ci\u00f3t az adatkezel\u0151 h\u00edrlev\u00e9l feliratkoz\u00e1shoz biztos\u00edt.<\/p>\n<div><\/div>\n<p>\u00c1ltal\u00e1nos alapelvk\u00e9nt \u00e9rv\u00e9nyes\u00edtj\u00fck, hogy a szerz\u0151d\u00e9sk\u00f6t\u00e9s c\u00e9lj\u00e1b\u00f3l jogszab\u00e1lyi k\u00f6telezetts\u00e9g teljes\u00edt\u00e9se \u00e9rdek\u00e9ben (p\u00e9nzmos\u00e1s elleni int\u00e9zked\u00e9sek) r\u00f6gz\u00edtett szem\u00e9lyes adatokat, valamint a honlap l\u00e1togat\u00e1sakor gy\u0171jt\u00f6tt adatokat bizalmasan, az adatv\u00e9delmi jogszab\u00e1lyokkal \u00e9s az Eur\u00f3pai Uni\u00f3s el\u0151\u00edr\u00e1sokkal \u00f6sszhangban, a jelen t\u00e1j\u00e9koztat\u00f3nak megfelel\u0151en kezelj\u00fck.\u00a0<\/p>\n<div><\/div>\n<p>Olyan eset bek\u00f6vetkez\u00e9se eset\u00e9n, amikor az adatkezel\u0151 honlapj\u00e1nak \u00fczemeltet\u00e9s\u00e9hez technikailag kapcsol\u00f3d\u00f3 szolg\u00e1ltat\u00f3 (ilyen tipikusan az internetszolg\u00e1ltat\u00f3, \u00e9s a t\u00e1rhely biztos\u00edt\u00f3 szolg\u00e1ltat\u00f3) az adatkezel\u0151 t\u00e1j\u00e9koztat\u00e1sa n\u00e9lk\u00fcl a honlapon adatkezel\u00e9si tev\u00e9kenys\u00e9get folytat, az ilyen tev\u00e9kenys\u00e9g nem min\u0151s\u00fcl az adatkezel\u0151 \u00e1ltal folytatott adatkezel\u00e9snek. Szem\u00e9lyes adatok kezel\u00e9s\u00e9re az eml\u00edtett k\u00fcls\u0151 szolg\u00e1ltat\u00f3k nem jogosultak.<\/p>\n<div><\/div>\n<p><strong>Fogalmak<\/strong><\/p>\n<div><\/div>\n<p><em>-\u00e9rintett\/Felhaszn\u00e1l\u00f3:\u00a0b\u00e1rmely meghat\u00e1rozott, szem\u00e9lyes adat alapj\u00e1n azonos\u00edtott vagy \u2013 k\u00f6zvetlen\u00fcl vagy k\u00f6zvetve \u2013 azonos\u00edthat\u00f3 term\u00e9szetes szem\u00e9ly;<\/em><em><br \/>&#8211;\u00a0\u00a0\u00a0szem\u00e9lyes adat: az \u00e9rintettel kapcsolatba hozhat\u00f3 adat \u2013 k\u00fcl\u00f6n\u00f6sen az \u00e9rintett neve, azonos\u00edt\u00f3 jele, valamint egy vagy t\u00f6bb fizikai, fiziol\u00f3giai, ment\u00e1lis, gazdas\u00e1gi, kultur\u00e1lis vagy szoci\u00e1lis azonoss\u00e1g\u00e1ra jellemz\u0151 ismeret -, valamint az adatb\u00f3l levonhat\u00f3, az \u00e9rintettre vonatkoz\u00f3 k\u00f6vetkeztet\u00e9s;<br \/>&#8211;\u00a0\u00a0\u00a0k\u00fcl\u00f6nleges adat:<br \/>a) a faji eredetre, a nemzetis\u00e9ghez tartoz\u00e1sra, a politikai v\u00e9lem\u00e9nyre vagy p\u00e1rt\u00e1ll\u00e1sra, a vall\u00e1sos vagy m\u00e1s vil\u00e1gn\u00e9zeti meggy\u0151z\u0151d\u00e9sre, az \u00e9rdek-k\u00e9pviseleti szervezeti tags\u00e1gra, a szexu\u00e1lis \u00e9letre vonatkoz\u00f3 szem\u00e9lyes adat,<br \/>b) az eg\u00e9szs\u00e9gi \u00e1llapotra, a k\u00f3ros szenved\u00e9lyre vonatkoz\u00f3 szem\u00e9lyes adat, valamint a b\u0171n\u00fcgyi szem\u00e9lyes adat;<br \/>&#8211;\u00a0\u00a0\u00a0hozz\u00e1j\u00e1rul\u00e1s: az \u00e9rintett akarat\u00e1nak \u00f6nk\u00e9ntes \u00e9s hat\u00e1rozott kinyilv\u00e1n\u00edt\u00e1sa, amely megfelel\u0151 t\u00e1j\u00e9koztat\u00e1son alapul, \u00e9s amellyel f\u00e9lre\u00e9rthetetlen beleegyez\u00e9s\u00e9t adja a r\u00e1 vonatkoz\u00f3 szem\u00e9lyes adatok \u2013 teljes k\u00f6r\u0171 vagy egyes m\u0171veletekre kiterjed\u0151 \u2013 kezel\u00e9s\u00e9hez;<br \/>&#8211;\u00a0\u00a0\u00a0tiltakoz\u00e1s: az \u00e9rintett nyilatkozata, amellyel szem\u00e9lyes adatainak kezel\u00e9s\u00e9t kifog\u00e1solja, \u00e9s az adatkezel\u00e9s megsz\u00fcntet\u00e9s\u00e9t, illetve a kezelt adatok t\u00f6rl\u00e9s\u00e9t k\u00e9ri;<br \/>&#8211;\u00a0\u00a0\u00a0adatkezel\u0151: az a term\u00e9szetes vagy jogi szem\u00e9ly, illetve jogi szem\u00e9lyis\u00e9ggel nem rendelkez\u0151 szervezet, aki vagy amely \u00f6n\u00e1ll\u00f3an vagy m\u00e1sokkal egy\u00fctt az adatok kezel\u00e9s\u00e9nek c\u00e9lj\u00e1t meghat\u00e1rozza, az adatkezel\u00e9sre (bele\u00e9rtve a felhaszn\u00e1lt eszk\u00f6zt) vonatkoz\u00f3 d\u00f6nt\u00e9seket meghozza \u00e9s v\u00e9grehajtja, vagy az \u00e1ltala megb\u00edzott adatfeldolgoz\u00f3val v\u00e9grehajtatja;<br \/>&#8211;\u00a0\u00a0\u00a0\u00a0adatkezel\u00e9s: az alkalmazott elj\u00e1r\u00e1st\u00f3l f\u00fcggetlen\u00fcl az adatokon v\u00e9gzett b\u00e1rmely m\u0171velet vagy a m\u0171veletek \u00f6sszess\u00e9ge, \u00edgy k\u00fcl\u00f6n\u00f6sen gy\u0171jt\u00e9se, felv\u00e9tele, r\u00f6gz\u00edt\u00e9se, rendszerez\u00e9se, t\u00e1rol\u00e1sa, megv\u00e1ltoztat\u00e1sa, felhaszn\u00e1l\u00e1sa, lek\u00e9rdez\u00e9se, tov\u00e1bb\u00edt\u00e1sa, nyilv\u00e1noss\u00e1gra hozatala, \u00f6sszehangol\u00e1sa vagy \u00f6sszekapcsol\u00e1sa, z\u00e1rol\u00e1sa, t\u00f6rl\u00e9se \u00e9s megsemmis\u00edt\u00e9se, valamint az adatok tov\u00e1bbi felhaszn\u00e1l\u00e1s\u00e1nak megakad\u00e1lyoz\u00e1sa, f\u00e9nyk\u00e9p-, hang- vagy k\u00e9pfelv\u00e9tel k\u00e9sz\u00edt\u00e9se, valamint a szem\u00e9ly azonos\u00edt\u00e1s\u00e1ra alkalmas fizikai jellemz\u0151k (pl. ujj- vagy teny\u00e9rnyomat, DNS-minta, \u00edriszk\u00e9p) r\u00f6gz\u00edt\u00e9se;<br \/>&#8211;\u00a0\u00a0\u00a0\u00a0adattov\u00e1bb\u00edt\u00e1s: az adat meghat\u00e1rozott harmadik szem\u00e9ly sz\u00e1m\u00e1ra t\u00f6rt\u00e9n\u0151 hozz\u00e1f\u00e9rhet\u0151v\u00e9 t\u00e9tele;<br \/>&#8211;\u00a0\u00a0\u00a0\u00a0nyilv\u00e1noss\u00e1gra hozatal: az adat b\u00e1rki sz\u00e1m\u00e1ra t\u00f6rt\u00e9n\u0151 hozz\u00e1f\u00e9rhet\u0151v\u00e9 t\u00e9tele;<br \/>&#8211;\u00a0\u00a0\u00a0\u00a0adatt\u00f6rl\u00e9s: az adatok felismerhetetlenn\u00e9 t\u00e9tele oly m\u00f3don, hogy a helyre\u00e1ll\u00edt\u00e1suk t\u00f6bb\u00e9 nem lehets\u00e9ges;<br \/>&#8211;\u00a0\u00a0\u00a0\u00a0adatmegjel\u00f6l\u00e9s: az adat azonos\u00edt\u00f3 jelz\u00e9ssel ell\u00e1t\u00e1sa annak megk\u00fcl\u00f6nb\u00f6ztet\u00e9se c\u00e9lj\u00e1b\u00f3l;<br \/>&#8211;\u00a0\u00a0\u00a0\u00a0adatz\u00e1rol\u00e1s: az adat azonos\u00edt\u00f3 jelz\u00e9ssel ell\u00e1t\u00e1sa tov\u00e1bbi kezel\u00e9s\u00e9nek v\u00e9gleges vagy meghat\u00e1rozott id\u0151re t\u00f6rt\u00e9n\u0151 korl\u00e1toz\u00e1sa c\u00e9lj\u00e1b\u00f3l;<br \/>-.\u00a0\u00a0\u00a0\u00a0adatmegsemmis\u00edt\u00e9s: az adatokat tartalmaz\u00f3 adathordoz\u00f3 teljes fizikai megsemmis\u00edt\u00e9se;<br \/>&#8211;\u00a0\u00a0\u00a0\u00a0adatfeldolgoz\u00e1s: az adatkezel\u00e9si m\u0171veletekhez kapcsol\u00f3d\u00f3 technikai feladatok elv\u00e9gz\u00e9se, f\u00fcggetlen\u00fcl a m\u0171veletek v\u00e9grehajt\u00e1s\u00e1hoz alkalmazott m\u00f3dszert\u0151l \u00e9s eszk\u00f6zt\u0151l, valamint az alkalmaz\u00e1s hely\u00e9t\u0151l, felt\u00e9ve hogy a technikai feladatot az adatokon v\u00e9gzik;<br \/>&#8211;\u00a0\u00a0\u00a0\u00a0adatfeldolgoz\u00f3: az a term\u00e9szetes vagy jogi szem\u00e9ly, illetve jogi szem\u00e9lyis\u00e9ggel nem rendelkez\u0151 szervezet, aki vagy amely az adatkezel\u0151vel k\u00f6t\u00f6tt szerz\u0151d\u00e9se alapj\u00e1n \u2013 bele\u00e9rtve a jogszab\u00e1ly rendelkez\u00e9se alapj\u00e1n t\u00f6rt\u00e9n\u0151 szerz\u0151d\u00e9sk\u00f6t\u00e9st is \u2013 adatok feldolgoz\u00e1s\u00e1t v\u00e9gzi;<br \/>&#8211;\u00a0\u00a0\u00a0\u00a0adatfelel\u0151s: az a k\u00f6zfeladatot ell\u00e1t\u00f3 szerv, amely az elektronikus \u00faton k\u00f6telez\u0151en k\u00f6zz\u00e9teend\u0151 k\u00f6z\u00e9rdek\u0171 adatot el\u0151\u00e1ll\u00edtotta, illetve amelynek a m\u0171k\u00f6d\u00e9se sor\u00e1n ez az adat keletkezett;<br \/>&#8211;\u00a0\u00a0\u00a0\u00a0adatk\u00f6zl\u0151: az a k\u00f6zfeladatot ell\u00e1t\u00f3 szerv, amely \u2013 ha az adatfelel\u0151s nem maga teszi k\u00f6zz\u00e9 az adatot \u2013 az adatfelel\u0151s \u00e1ltal hozz\u00e1 eljuttatott adatait honlapon k\u00f6zz\u00e9teszi;<br \/>&#8211;\u00a0\u00a0\u00a0\u00a0adat\u00e1llom\u00e1ny: az egy nyilv\u00e1ntart\u00e1sban kezelt adatok \u00f6sszess\u00e9ge;<br \/>&#8211;\u00a0\u00a0\u00a0\u00a0harmadik szem\u00e9ly: olyan term\u00e9szetes vagy jogi szem\u00e9ly, illetve jogi szem\u00e9lyis\u00e9ggel nem rendelkez\u0151 szervezet, aki vagy amely nem azonos az \u00e9rintettel, az adatkezel\u0151vel vagy az adatfeldolgoz\u00f3val;<br \/>&#8211;\u00a0\u00a0\u00a0\u00a0gazdas\u00e1gi rekl\u00e1m: olyan k\u00f6zl\u00e9s, t\u00e1j\u00e9koztat\u00e1s, illetve megjelen\u00edt\u00e9si m\u00f3d, amely valamely birtokba vehet\u0151 forgalomk\u00e9pes ing\u00f3 dolog \u2013 ide\u00e9rtve a p\u00e9nzt, az \u00e9rt\u00e9kpap\u00edrt \u00e9s a p\u00e9nz\u00fcgyi eszk\u00f6zt, valamint a dolog m\u00f3dj\u00e1ra hasznos\u00edthat\u00f3 term\u00e9szeti er\u0151ket \u2013 (a tov\u00e1bbiakban egy\u00fctt: term\u00e9k), szolg\u00e1ltat\u00e1s, ingatlan, vagyoni \u00e9rt\u00e9k\u0171 jog (a tov\u00e1bbiakban mindezek egy\u00fctt: \u00e1ru) \u00e9rt\u00e9kes\u00edt\u00e9s\u00e9nek vagy m\u00e1s m\u00f3don t\u00f6rt\u00e9n\u0151 ig\u00e9nybev\u00e9tel\u00e9nek el\u0151mozd\u00edt\u00e1s\u00e1ra, vagy e c\u00e9llal \u00f6sszef\u00fcgg\u00e9sben a v\u00e1llalkoz\u00e1s neve, megjel\u00f6l\u00e9se, tev\u00e9kenys\u00e9ge n\u00e9pszer\u0171s\u00edt\u00e9s\u00e9re vagy \u00e1ru, \u00e1rujelz\u0151 ismerts\u00e9g\u00e9nek n\u00f6vel\u00e9s\u00e9re ir\u00e1nyul (a tov\u00e1bbiakban: rekl\u00e1m).<\/em><\/p>\n<div><\/div>\n<p><strong>Az adatkezel\u0151 megnevez\u00e9se, el\u00e9rhet\u0151s\u00e9gei<\/strong><\/p>\n<div><\/div>\n<p>AMOZA Trade Kft.<\/p>\n<div><\/div>\n<p>1095 Budapest, Bor\u00e1ros t\u00e9r 7 1 emelet 23.<\/p>\n<div><\/div>\n<p><span>info@gpshero.hu<\/span><\/p>\n<div><\/div>\n<p><strong>Az adatkezel\u00e9s \u00e9s jogalapja regisztr\u00e1l\u00f3 felhaszn\u00e1l\u00f3 eset\u00e9n<\/strong><\/p>\n<div><\/div>\n<p>Az adatkezel\u00e9s, \u00edgy a honlapon regisztr\u00e1l\u00f3 felhaszn\u00e1l\u00f3kra vonatkoz\u00f3 adatok r\u00f6gz\u00edt\u00e9se \u00e9s t\u00e1rol\u00e1sa, a honlapon el\u00e9rhet\u0151 szolg\u00e1ltat\u00e1sok \u00fczemeltet\u00e9s\u00e9hez, a kapcsolattart\u00e1shoz, a t\u00e1j\u00e9koztat\u00e1shoz sz\u00fcks\u00e9ges m\u00e9rt\u00e9kben t\u00f6rt\u00e9nik, valamint az adatkezel\u0151re vonatkoz\u00f3 jogi k\u00f6telezetts\u00e9g teljes\u00edt\u00e9se c\u00e9lj\u00e1b\u00f3l (k\u00fcl\u00f6n\u00f6s figyelemmel a sz\u00e1mvitelre \u00e9s az ad\u00f3z\u00e1s rendj\u00e9re vonatkoz\u00f3 jogszab\u00e1lyi k\u00f6telezetts\u00e9gekre) sz\u00fcks\u00e9ges.<\/p>\n<div><\/div>\n<p>Az adatkezel\u00e9s sz\u00fcks\u00e9ges a felhaszn\u00e1l\u00f3 \u00e1ltal ig\u00e9nybe vett szolg\u00e1ltat\u00e1sok valamint a hirdet\u00e9sek testre szab\u00e1s\u00e1nak el\u0151seg\u00edt\u00e9se, a k\u00e9nyelmi funkci\u00f3k ig\u00e9nybev\u00e9tele, egyedi felhaszn\u00e1l\u00f3i megkeres\u00e9sek kezel\u00e9se, int\u00e9z\u00e9se, statisztik\u00e1k, elemz\u00e9sek k\u00e9sz\u00edt\u00e9se, k\u00f6zvetlen \u00fczletszerz\u00e9si illetve marketing c\u00e9l\u00fa megkeres\u00e9s, a felhaszn\u00e1l\u00f3 \u00e1ltal gener\u00e1lt tartalmak (pl. hozz\u00e1sz\u00f3l\u00e1s, chat, blog, f\u00f3rum stb.) k\u00f6zz\u00e9t\u00e9tel\u00e9hez t\u00e1rhely biztos\u00edt\u00e1sa, k\u00f6z\u00f6ss\u00e9gi szolg\u00e1ltat\u00e1sok (f\u00f3rum, egyes blogok) eset\u00e9n felhaszn\u00e1l\u00f3k egym\u00e1s \u00e1ltali azonos\u00edt\u00e1s\u00e1nak biztos\u00edt\u00e1sa, egym\u00e1ssal folytatott kommunik\u00e1ci\u00f3juk lehet\u0151v\u00e9 t\u00e9tele c\u00e9lj\u00e1b\u00f3l.<\/p>\n<div><\/div>\n<p>Az adatkezel\u00e9s sz\u00fcks\u00e9gess\u00e9 v\u00e1lhat egyedi esetekben nyerem\u00e9nyj\u00e1t\u00e9kok szervez\u00e9se, lebonyol\u00edt\u00e1sa, a nyertesek ki\u00e9rtes\u00edt\u00e9se \u00e9s r\u00e9sz\u00fckre a nyerem\u00e9ny biztos\u00edt\u00e1sa c\u00e9lj\u00e1b\u00f3l.<\/p>\n<div><\/div>\n<p>Az adatkezel\u00e9s sz\u00fcks\u00e9ges tov\u00e1bb\u00e1 az adatkezel\u0151 \u00e9s a regisztr\u00e1l\u00f3 v\u00e1s\u00e1rl\u00f3 k\u00f6z\u00f6tti szerz\u0151d\u00e9s l\u00e9trehoz\u00e1sa, tartalm\u00e1nak meghat\u00e1roz\u00e1sa, m\u00f3dos\u00edt\u00e1sa, teljes\u00edt\u00e9s\u00e9nek figyelemmel k\u00eds\u00e9r\u00e9se, a megrendelt term\u00e9k k\u00e9zbes\u00edt\u00e9se, illetve a megrendelt szolg\u00e1ltat\u00e1s ig\u00e9nybev\u00e9tele, a v\u00e9tel\u00e1r sz\u00e1ml\u00e1z\u00e1sa, valamint az azzal kapcsolatos k\u00f6vetel\u00e9sek \u00e9rv\u00e9nyes\u00edt\u00e9se, a teljes\u00edt\u00e9s megfelel\u0151s\u00e9g\u00e9nek dokument\u00e1l\u00e1sa, a sz\u00e1mviteli k\u00f6telezetts\u00e9gek teljes\u00edt\u00e9se.<\/p>\n<div><\/div>\n<p>A szem\u00e9lyes adatok kezel\u00e9s\u00e9re az \u00e9rintettek \u00f6nk\u00e9ntes, \u00e9s kifejezett hozz\u00e1j\u00e1rul\u00e1sa alapj\u00e1n ker\u00fcl sor. A felhaszn\u00e1l\u00f3k a hozz\u00e1j\u00e1rul\u00e1st a honlap ig\u00e9nybev\u00e9tel\u00e9vel, a honlapon val\u00f3 regisztr\u00e1ci\u00f3val adj\u00e1k meg.<br \/>Az adatkezel\u0151 az \u00e1ltala kezelt szem\u00e9lyes adatokat tov\u00e1bbi k\u00fcl\u00f6n hozz\u00e1j\u00e1rul\u00e1s n\u00e9lk\u00fcl, valamint az \u00e9rintett hozz\u00e1j\u00e1rul\u00e1s\u00e1nak visszavon\u00e1s\u00e1t k\u00f6vet\u0151en is kezelheti a r\u00e1 vonatkoz\u00f3 jogi k\u00f6telezetts\u00e9g teljes\u00edt\u00e9se c\u00e9lj\u00e1b\u00f3l (k\u00fcl\u00f6n\u00f6s figyelemmel a sz\u00e1mviteli, \u00e9s ad\u00f3z\u00e1s rendj\u00e9re vonatkoz\u00f3 jogszab\u00e1lyi k\u00f6telezetts\u00e9gekre).<\/p>\n<div><\/div>\n<p>Az adatkezel\u0151 honlapj\u00e1nak ig\u00e9nybev\u00e9tel\u00e9hez a regisztr\u00e1ci\u00f3 sor\u00e1n a felhaszn\u00e1l\u00f3nak k\u00f6telez\u0151en meg kell adnia a k\u00f6vetkez\u0151 szem\u00e9lyes \u00e9s egy\u00e9b adatokat:<br \/>N\u00e9v\/C\u00e9gn\u00e9v;<br \/>Lakc\u00edm \/ C\u00edm;<br \/>Telefonsz\u00e1m;<br \/>E-mail c\u00edm.<\/p>\n<div><\/div>\n<p><strong>Az adatkezel\u00e9s \u00e9s jogalapja nem regisztr\u00e1l\u00f3 (l\u00e1togat\u00f3) felhaszn\u00e1l\u00f3 eset\u00e9n<\/strong><\/p>\n<div><\/div>\n<p>Az adatkezel\u0151 mindenkori honlap l\u00e1togat\u00e1sakor (regisztr\u00e1ci\u00f3 n\u00e9lk\u00fcl is) az al\u00e1bbi, konkr\u00e9t szem\u00e9lyhez nem k\u00f6thet\u0151 adatok ker\u00fclhetnek r\u00f6gz\u00edt\u00e9sre, statisztikai elemz\u00e9s c\u00e9lj\u00e1ra:<br \/>&#8211; l\u00e1togat\u00f3 IP c\u00edme<br \/>&#8211; l\u00e1togat\u00e1s kezdete (oldalank\u00e9nt)<br \/>&#8211; l\u00e1togat\u00e1s v\u00e9ge (oldalank\u00e9nt)<br \/>Az esetlegesen bevezet\u00e9sre ker\u00fcl\u0151 f\u00f3rumon\/blogon val\u00f3 hozz\u00e1sz\u00f3l\u00e1s, illetve a bejelentkez\u00e9s sor\u00e1n az al\u00e1bbi technikai inform\u00e1ci\u00f3k is r\u00f6gz\u00edt\u00e9sre ker\u00fclnek:<br \/>&#8211; IP c\u00edm;<br \/>&#8211; id\u0151pont<br \/>A fentieken t\u00fal f\u00f3rumon\/blogon regisztr\u00e1ci\u00f3r\u00f3l a megadott e-mail c\u00edmre automatikus visszaigazol\u00e1s ker\u00fcl kik\u00fcld\u00e9sre.<\/p>\n<div><\/div>\n<p>A felhaszn\u00e1l\u00f3nak tov\u00e1bb\u00e1 a regisztr\u00e1ci\u00f3 sor\u00e1n meg kell adnia egy jelsz\u00f3t. Az adatkezel\u0151 a jelsz\u00f3 olyan lenyomat\u00e1t t\u00e1rolja, amely kiz\u00e1r\u00f3lag a jelsz\u00f3 helyess\u00e9g\u00e9nek ellen\u0151rz\u00e9s\u00e9re alkalmas, de mag\u00e1t a jelsz\u00f3t nem lehet bel\u0151le vissza\u00e1ll\u00edtani.<br \/>A honlap haszn\u00e1lata sor\u00e1n az adatkezel\u0151 r\u00f6gz\u00edti a bejelentkezett felhaszn\u00e1l\u00f3k b\u00f6ng\u00e9sz\u0151j\u00e9nek \u00e9s oper\u00e1ci\u00f3s rendszer\u00e9nek t\u00edpus\u00e1t. Ezen adatok napl\u00f3z\u00e1s\u00e1t a rendszer folyamatosan v\u00e9gzi, de nem kapcsolja \u00f6ssze a regisztr\u00e1ci\u00f3 sor\u00e1n vagy a felhaszn\u00e1l\u00e1s sor\u00e1n megadott adatokkal. Az adatokat az adatkezel\u0151 anonim jelleggel, kiz\u00e1r\u00f3lag statisztikai c\u00e9lra \u00e9s a Honlap biztons\u00e1g\u00e1nak v\u00e9delm\u00e9re haszn\u00e1lja fel.<\/p>\n<div><\/div>\n<p>Az adatkezel\u00e9s kiz\u00e1r\u00f3lag a t\u00f6rv\u00e9nyekben meghat\u00e1rozott m\u00f3don, a c\u00e9l megval\u00f3sul\u00e1s\u00e1hoz sz\u00fcks\u00e9ges m\u00e9rt\u00e9kben, ideig \u00e9s kiz\u00e1r\u00f3lag azzal a szem\u00e9lyes adattal t\u00f6rt\u00e9nik, amely a fenti c\u00e9lok megval\u00f3sul\u00e1s\u00e1hoz elengedhetetlen\u00fcl sz\u00fcks\u00e9ges, \u00e9s a c\u00e9l el\u00e9r\u00e9s\u00e9re alkalmas.<\/p>\n<div><\/div>\n<p><strong>Cookie<\/strong><\/p>\n<div><\/div>\n<p>A honlap \u00fan. cookie-kat haszn\u00e1l a honlap haszn\u00e1lat\u00e1nak elemz\u00e9se c\u00e9lj\u00e1b\u00f3l, illetve a szolg\u00e1ltat\u00e1sok biztos\u00edt\u00e1sa sor\u00e1n. Ezen adatokat a felhaszn\u00e1l\u00f3 a saj\u00e1t b\u00f6ng\u00e9sz\u0151j\u00e9b\u0151l \u00f6n\u00e1ll\u00f3an is t\u00f6r\u00f6lheti.<\/p>\n<div><\/div>\n<p>&#8211;<span>\u00a0<\/span><em>analytics Cookie<\/em><br \/>A weboldal a Google Inc. (\u201eGoogle\u201d) Google Analytics rendszer\u00e9t haszn\u00e1lja a l\u00e1togatotts\u00e1g\u00e1nak elemz\u00e9s\u00e9re. A Google Analytics rendszere \u201ecookie-kat\u201d \u2013 egyszer\u0171, r\u00f6vid, kism\u00e9ret\u0171 sz\u00f6veges f\u00e1jlokat \u2013 t\u00e1rol el az \u00d6n informatikai eszk\u00f6z\u00e9n \u00e9s ezek seg\u00edts\u00e9g\u00e9vel elemzi a weboldalunk l\u00e1togatotts\u00e1g\u00e1t, seg\u00edtve ezzel a weboldalunk fejleszt\u00e9s\u00e9t a felhaszn\u00e1l\u00f3i \u00e9lm\u00e9ny fokoz\u00e1sa \u00e9rdek\u00e9ben.<br \/>A \u201ecookie-ban\u201d r\u00f6gz\u00edtett, weboldal l\u00e1togatotts\u00e1g\u00e1ra vonatkoz\u00f3 adatok (a l\u00e1togat\u00e1s id\u0151pontj\u00e1val \u00e9s az \u00d6n IP c\u00edm\u00e9vel egy\u00fctt) a Google Amerikai Egyes\u00fclt \u00c1llamokban tal\u00e1lhat\u00f3 szervereire ker\u00fclnek \u00e1tvitelre \u00e9s let\u00e1rol\u00e1sra. A Google arra haszn\u00e1lja ezeket az adatokat, hogy az \u00d6n honlap-l\u00e1togat\u00e1si szok\u00e1sait ki\u00e9rt\u00e9kelje, jelent\u00e9seket \u00e1ll\u00edtson \u00f6ssze ezekr\u0151l az adatkezel\u0151 sz\u00e1m\u00e1ra, valamint arra, hogy egy\u00e9b, a weboldallal \u00e9s az internet haszn\u00e1lat\u00e1val kapcsolatos szolg\u00e1ltat\u00e1sokat ny\u00fajtson.<\/p>\n<div><\/div>\n<p>Azok a felhaszn\u00e1l\u00f3k, akik nem szeretn\u00e9k, hogy a Google Analytics jelent\u00e9st k\u00e9sz\u00edtsen a l\u00e1togat\u00e1sukr\u00f3l, telep\u00edthetik a Google Analytics letilt\u00f3 b\u00f6ng\u00e9sz\u0151b\u0151v\u00edtm\u00e9nyt. Ez a kieg\u00e9sz\u00edt\u0151 arra utas\u00edtja a Google Analytics JavaScript-szkriptjeit (ga.js, analytics.js, and dc.js), hogy ne k\u00fcldjenek l\u00e1togat\u00e1si inform\u00e1ci\u00f3t a Google sz\u00e1m\u00e1ra. Emellett azok a felhaszn\u00e1l\u00f3k, akik telep\u00edtett\u00e9k a letilt\u00f3 b\u00f6ng\u00e9sz\u0151b\u0151v\u00edtm\u00e9nyt, a tartalmi k\u00eds\u00e9rletekben sem vesznek r\u00e9szt.<br \/>Ha le szeretn\u00e9 tiltani az Analytics webes tev\u00e9kenys\u00e9g\u00e9t, keresse fel a Google Analytics letilt\u00f3 oldal\u00e1t (<a class=\"text_big\" href=\"http:\/\/tools.google.com\/dlpage\/gaoptout\">http:\/\/tools.google.com\/dlpage\/gaoptout<\/a>), \u00e9s telep\u00edtse a b\u0151v\u00edtm\u00e9nyt b\u00f6ng\u00e9sz\u0151j\u00e9hez. A b\u0151v\u00edtm\u00e9ny telep\u00edt\u00e9s\u00e9r\u0151l \u00e9s elt\u00e1vol\u00edt\u00e1s\u00e1r\u00f3l tov\u00e1bbi t\u00e1j\u00e9koztat\u00e1s\u00e9rt tekintse meg az adott b\u00f6ng\u00e9sz\u0151h\u00f6z tartoz\u00f3 s\u00fag\u00f3t.<\/p>\n<div><\/div>\n<p>&#8211;<span>\u00a0<\/span><em>c\u00e9lzott vagy rekl\u00e1m cookie<\/em><br \/>Annak \u00e9rdek\u00e9ben, hogy az \u00e9rdekl\u0151d\u00e9si k\u00f6r\u00fcknek legink\u00e1bb megfelel\u0151 marketinginform\u00e1ci\u00f3kkal tudjuk ell\u00e1tni l\u00e1togat\u00f3inkat, szem\u00e9lyre szabott, azaz c\u00e9lzott vagy rekl\u00e1m cookie-kat is haszn\u00e1lhatunk, amihez azonban a honlap l\u00e1togat\u00f3j\u00e1nak kifejezett beleegyez\u00e9se sz\u00fcks\u00e9ges, melyet az adott webes fel\u00fcleten megjelen\u0151 k\u00fcl\u00f6n sz\u00f6vegdobozban a megfelel\u0151 gombra t\u00f6rt\u00e9n\u0151 kattint\u00e1ssal adhat meg.<br \/>Ezek a cookie-k r\u00e9szletes inform\u00e1ci\u00f3kat gy\u0171jtenek b\u00f6ng\u00e9sz\u00e9si szok\u00e1sair\u00f3l. Ha a l\u00e1togat\u00f3 meger\u0151s\u00edtette, hogy a tov\u00e1bbiakban is kapni szeretne t\u0151l\u00fcnk e-maileket, marketinginform\u00e1ci\u00f3kat, illetve aj\u00e1nlatokat, akkor a cookie-k a k\u00f6vetkez\u0151k\u00e9ppen fognak m\u0171k\u00f6dni:<br \/>&#8211; inform\u00e1ci\u00f3kat gy\u0171jtenek arr\u00f3l, hogy a l\u00e1togat\u00f3 a honlapunkon mely cikkeket \u00e9s\/vagy szolg\u00e1ltat\u00e1sokat kereste meg, \u00edgy- adatokat r\u00f6gz\u00edtenek arr\u00f3l, amelyek lehet\u0151v\u00e9 teszik, hogy azonos\u00edtsuk a l\u00e1togat\u00f3t \u00e9s be\u00e1ll\u00edt\u00e1sait, \u00edgy nem kell \u00fajra megadni ezeket az inform\u00e1ci\u00f3kat. Amikor ism\u00e9telten az oldalunkra l\u00e1togat seg\u00edtenek beazonos\u00edtani a l\u00e1togat\u00f3t.<br \/>&#8211; korl\u00e1tozhat\u00f3 egy adott hirdet\u00e9s megtekint\u00e9s\u00e9nek a sz\u00e1ma, valamint m\u00e9rhet\u0151 a hirdet\u00e9si kamp\u00e1nyok hat\u00e9konys\u00e1ga.<\/p>\n<div><\/div>\n<p>&#8211;<span>\u00a0<\/span><em>munkamenet cookie<\/em><br \/>Ezek n\u00e9lk\u00fcl\u00f6zhetetlenek a honlapon t\u00f6rt\u00e9n\u0151 navig\u00e1l\u00e1shoz, kulcsfontoss\u00e1g\u00fa funkci\u00f3inak m\u0171k\u00f6d\u00e9s\u00e9hez \u00e9s a v\u00e9dett tartalmak el\u00e9r\u00e9s\u00e9hez. Ezek a cookie-k az adatlapok kit\u00f6lt\u00e9s\u00e9hez sz\u00fcks\u00e9ges inform\u00e1ci\u00f3kat \u00e9s esetenk\u00e9nt a l\u00e1togat\u00f3 \u00e1ltal kiv\u00e1lasztott nyelvet t\u00e1rolj\u00e1k, \u00e9s nem gy\u0171jtenek a l\u00e1togat\u00f3r\u00f3l olyan inform\u00e1ci\u00f3kat, melyekkel azonos\u00edtani lehetne, melyeket marketing c\u00e9lj\u00e1b\u00f3l fel lehetne haszn\u00e1lni, vagy amelyek eml\u00e9kezn\u00e9nek arra, milyen m\u00e1s honlapokon j\u00e1rt. A honlap bez\u00e1r\u00e1sa ut\u00e1n e cookie-k automatikusan t\u00f6rl\u0151dnek \u00e9s a munkamenet lez\u00e1r\u00e1sra ker\u00fcl.<\/p>\n<div><\/div>\n<p>&#8211;<span>\u00a0<\/span><em>funkcion\u00e1lis cookie<\/em><br \/>Ezek a cookie-k a felhaszn\u00e1l\u00f3i \u00e9lm\u00e9ny jav\u00edt\u00e1sa \u00e9rdek\u00e9ben \u00e9szlelik, hogy milyen eszk\u00f6zzel nyitotta meg a honlapunkat, megjegyzik a l\u00e1togat\u00f3 kor\u00e1bbi felhaszn\u00e1l\u00f3i d\u00f6nt\u00e9seit (mint p\u00e9ld\u00e1ul a felhaszn\u00e1l\u00f3neve, jelszava, v\u00e1lasztott nyelv, bejelentkezett-e egy kor\u00e1bbi munkamenet sor\u00e1n, a sz\u00f6vegm\u00e9retben, bet\u0171t\u00edpusban vagy a honlap egy\u00e9b testre szabhat\u00f3 elem\u00e9ben A l\u00e1togat\u00f3 \u00e1ltal v\u00e9grehajtott felhaszn\u00e1l\u00f3i v\u00e1ltoztat\u00e1sok), hogy ilyen m\u00f3don jobb \u00e9s szem\u00e9lyre szabottabb funkci\u00f3kat k\u00edn\u00e1lhassunk a l\u00e1togat\u00f3nak.<\/p>\n<div><\/div>\n<p>&#8211;<span>\u00a0<\/span><em>harmadik f\u00e9lt\u0151l sz\u00e1rmaz\u00f3 cookie<\/em><br \/>Honlapunkon k\u00fcls\u0151 webes szolg\u00e1ltat\u00e1sok seg\u00edts\u00e9g\u00e9vel jelen\u00edthet\u00fcnk meg k\u00fcl\u00f6nf\u00e9le tartalmakat, mely n\u00e9h\u00e1ny olyan cookie t\u00e1rol\u00e1s\u00e1t eredm\u00e9nyezheti, melyeket nem mi fel\u00fcgyel\u00fcnk, \u00edgy \u00e9rtelemszer\u0171en nincs befoly\u00e1sunk arra, hogy ezek a weboldalak, illetve k\u00fcls\u0151 domainek milyen adatokat gy\u0171jtenek arr\u00f3l, hogy a l\u00e1togat\u00f3 \/ regisztr\u00e1l\u00f3 mik\u00e9nt haszn\u00e1lja ezeket a be\u00e1gyazott tartalmakat.<\/p>\n<div><\/div>\n<p>&#8211; Mailchimp \u2013 email<br \/>&#8211; Webgalamb \u2013 email<br \/>&#8211; Facebook comments plugin<br \/>&#8211; Facebook Social Plugins \u2013 c\u00e9lzott hirdet\u00e9s<br \/>&#8211; Youtube.com \u2013 vide\u00f3<\/p>\n<div><\/div>\n<p>A harmadik f\u00e9l adatkezel\u00e9si szab\u00e1lyzat\u00e1t megtal\u00e1lhatja a hivatkozott szolg\u00e1ltat\u00f3k honlapj\u00e1n.<\/p>\n<div><\/div>\n<p><strong>Adattov\u00e1bb\u00edt\u00e1s<\/strong><\/p>\n<div><\/div>\n<p>Az email c\u00edm, mint szem\u00e9lyes adat az elektronikus \u00e9rtes\u00edt\u00e9sek kapcs\u00e1n k\u00fclf\u00f6ldi szervereken is \u00e1thaladhat, de szem\u00e9lyes adat ott t\u00e1rol\u00e1sra nem ker\u00fcl.<br \/>Az adatkezel\u0151 a kezelt adatokat (a t\u00f6rv\u00e9ny alapj\u00e1n arra felhatalmazott hat\u00f3s\u00e1g r\u00e9sz\u00e9re t\u00f6rt\u00e9n\u0151 k\u00f6telez\u0151 adatszolg\u00e1ltat\u00e1s eset\u00e9t kiv\u00e9ve) semmilyen form\u00e1ban nem teszi hozz\u00e1f\u00e9rhet\u0151v\u00e9 m\u00e1s harmadik szem\u00e9ly r\u00e9sz\u00e9re, tov\u00e1bb\u00e1 minden \u00e9sszer\u0171 int\u00e9zked\u00e9st megtesz az adatok bizalmass\u00e1g\u00e1nak meg\u0151rz\u00e9se \u00e9rdek\u00e9ben, illetve erre szerz\u0151d\u00e9sben k\u00f6telezi az \u00fcgyf\u00e9l \u00fczleti partner\u00e9t.<\/p>\n<div><\/div>\n<p><strong>Az adatkezel\u00e9s id\u0151tartama<\/strong><\/p>\n<div><\/div>\n<p>A regisztr\u00e1ci\u00f3 sor\u00e1n k\u00f6telez\u0151en megadott adatok kezel\u00e9se a regisztr\u00e1ci\u00f3val kezd\u0151dik \u00e9s az adatok t\u00f6rl\u00e9s\u00e9ig tart, kiv\u00e9ve azon adatok k\u00f6r\u00e9t, melyeket az adatkezel\u0151re vonatkoz\u00f3 jogi k\u00f6telezetts\u00e9g teljes\u00edt\u00e9se c\u00e9lj\u00e1b\u00f3l k\u00f6teles jogszab\u00e1lyban r\u00f6gz\u00edtett hat\u00e1rid\u0151kig meg\u0151rizni. A regisztr\u00e1ci\u00f3 megsz\u00fcntet\u00e9sekor a regisztr\u00e1l\u00e1skor megadott adatok t\u00f6rl\u0151dnek az adatkezel\u0151 elektronikus adatb\u00e1zis\u00e1b\u00f3l.<\/p>\n<div><\/div>\n<p><strong>Adatbiztons\u00e1g<\/strong><\/p>\n<div><\/div>\n<p>Szolg\u00e1ltat\u00f3 minden sz\u00fcks\u00e9ges l\u00e9p\u00e9st megtesz, hogy biztos\u00edtsa a felhaszn\u00e1l\u00f3k \u00e1ltal megadott szem\u00e9lyes adatok biztons\u00e1g\u00e1t mind a h\u00e1l\u00f3zati kommunik\u00e1ci\u00f3, mind az adatok t\u00e1rol\u00e1sa \u00e9s \u0151rz\u00e9se sor\u00e1n.<\/p>\n<div><\/div>\n<p><strong>Adatok m\u00f3dos\u00edt\u00e1sa, t\u00f6rl\u00e9se<\/strong><\/p>\n<div><\/div>\n<p>A regisztr\u00e1l\u00f3 az adatainak m\u00f3dos\u00edt\u00e1s\u00e1t bel\u00e9p\u00e9s ut\u00e1n az adatlapj\u00e1n teheti meg.<br \/>A felhaszn\u00e1l\u00f3 b\u00e1rmikor jogosult adatai t\u00f6rl\u00e9s\u00e9t k\u00e9rni az adatkezel\u0151h\u00f6z tov\u00e1bb\u00edtott t\u00f6rl\u00e9si k\u00e9relmen kereszt\u00fcl. A k\u00e9relem nem vonatkozhat olyan adatokra, melyeket az adatkezel\u0151re vonatkoz\u00f3 jogi k\u00f6telezetts\u00e9g teljes\u00edt\u00e9se c\u00e9lj\u00e1b\u00f3l k\u00f6teles jogszab\u00e1lyban r\u00f6gz\u00edtett hat\u00e1rid\u0151kig meg\u0151rizni.<\/p>\n<div><\/div>\n<p><strong>Az \u00e9rintett jogai<\/strong><\/p>\n<div><\/div>\n<p>Minden \u00e9rintett<br \/>&#8211; k\u00e9rhet hozz\u00e1f\u00e9r\u00e9st, vagyis t\u00e1j\u00e9koztat\u00e1st az adatai kezel\u00e9s\u00e9r\u0151l;<br \/>&#8211; k\u00e9rhet helyesb\u00edt\u00e9st, ha valamilyen adata t\u00e9vesen ker\u00fclt r\u00f6gz\u00edt\u00e9sre, vagy megv\u00e1ltozott;<br \/>&#8211; k\u00e9rheti az adatkezel\u00e9s korl\u00e1toz\u00e1s\u00e1t;<br \/>&#8211; t\u00f6r\u00f6ltetheti az adatait, ha azokat jogellenesen kezelt\u00e9k, vagy ha megsz\u0171nt az adatkezel\u00e9s jogalapja (p\u00e9ld\u00e1ul, ha visszavonta a hozz\u00e1j\u00e1rul\u00e1s\u00e1t, \u00e9s m\u00e1s jogalap nem maradt) \u2013 ez az \u00fagynevezett &#8222;elfeledtet\u00e9shez val\u00f3 jog&#8221;;<br \/>&#8211; hordozhatja az adatait, vagyis k\u00e9rheti a kezelt adatokat &#8222;tagolt, sz\u00e9les k\u00f6rben haszn\u00e1lt, g\u00e9ppel olvashat\u00f3 form\u00e1tumban&#8221;, hogy azokat egy m\u00e1sik szolg\u00e1ltat\u00f3hoz \u00e1tvihesse;<br \/>&#8211; tiltakozhat az adatai kezel\u00e9se ellen.<\/p>\n<div><\/div>\n<p>A k\u00e9relemre az adatkezel\u0151 k\u00e9sedelem n\u00e9lk\u00fcl k\u00f6teles a k\u00e9rt t\u00e1j\u00e9koztat\u00e1st megadni, v\u00e1ltoztat\u00e1st \/ t\u00f6rl\u00e9st eszk\u00f6z\u00f6lni.<\/p>\n<div><\/div>\n<p><strong>Az adatv\u00e9delmi t\u00e1j\u00e9koztat\u00f3 m\u00f3dos\u00edt\u00e1sa<\/strong><\/p>\n<div><\/div>\n<p>Az adatkezel\u0151 jogosult jelen t\u00e1j\u00e9koztat\u00f3 a felhaszn\u00e1l\u00f3k el\u0151zetes t\u00e1j\u00e9koztat\u00e1sa mellett, egyoldal\u00faan is m\u00f3dos\u00edtani. A m\u00f3dos\u00edtott rendelkez\u00e9sek a honlapon t\u00f6rt\u00e9n\u0151 k\u00f6zz\u00e9t\u00e9telt k\u00f6vet\u0151 els\u0151 haszn\u00e1lat alkalm\u00e1val v\u00e1lnak hat\u00e1lyoss\u00e1 az adott felhaszn\u00e1l\u00f3val szemben. A m\u00f3dos\u00edt\u00e1s nem \u00e9rintheti a jogszab\u00e1lyokban el\u0151\u00edrt adatv\u00e9delmi k\u00f6telezetts\u00e9geket.<\/p>\n<div><\/div>\n<p><strong>Jog\u00e9rv\u00e9nyes\u00edt\u00e9s, panaszkezel\u00e9s<\/strong><\/p>\n<div><\/div>\n<p>A felhaszn\u00e1l\u00f3 az adatkezel\u00e9ssel kapcsolatos panasz\u00e1val k\u00f6zvetlen\u00fcl a<span>\u00a0<\/span><strong>Nemzeti Adatv\u00e9delmi \u00e9s Inform\u00e1ci\u00f3szabads\u00e1g Hat\u00f3s\u00e1ghoz<\/strong><span>\u00a0<\/span>(c\u00edm: 1125 Budapest, Szil\u00e1gyi Erzs\u00e9bet fasor 22\/c., telefon: 06 (1) 391-1400, e-mail:<span>\u00a0<\/span><a class=\"text_big\" href=\"mailto:ugyfelszolgalat@naih.hu\">ugyfelszolgalat@naih.hu<\/a>, honlap:<span>\u00a0<\/span><a class=\"text_big\" href=\"http:\/\/www.naih.hu\/\">www.naih.hu<\/a>) fordulhat.<\/p>\n<div><\/div>\n<p>A felhaszn\u00e1l\u00f3 jogainak megs\u00e9rt\u00e9se eset\u00e9n b\u00edr\u00f3s\u00e1ghoz fordulhat. A per elb\u00edr\u00e1l\u00e1sa a t\u00f6rv\u00e9nysz\u00e9k hat\u00e1sk\u00f6r\u00e9be tartozik. A per \u2013 az \u00e9rintett v\u00e1laszt\u00e1sa szerint \u2013 az \u00e9rintett lak\u00f3helye vagy tart\u00f3zkod\u00e1si helye szerinti t\u00f6rv\u00e9nysz\u00e9k el\u0151tt is megind\u00edthat\u00f3. Az adatkezel\u0151 k\u00e9r\u00e9sre a felhaszn\u00e1l\u00f3t t\u00e1j\u00e9koztatja a jogorvoslat lehet\u0151s\u00e9g\u00e9r\u0151l \u00e9s eszk\u00f6zeir\u0151l.<\/p>\n<div><\/div>\n<p>&nbsp;<\/p>\n<\/div>\n<p>[\/et_pb_text][\/et_pb_column][\/et_pb_row][\/et_pb_section]<\/p>\n","protected":false},"excerpt":{"rendered":"<p>ADATV\u00c9DELEM Az adatv\u00e9delemr\u0151lA szem\u00e9lyes adatok v\u00e9delm\u00e9r\u0151l \u00e9s a k\u00f6z\u00e9rdek\u0171 adatok nyilv\u00e1noss\u00e1g\u00e1r\u00f3l sz\u00f3l\u00f3 1992. \u00e9vi LXIII. t\u00f6rv\u00e9ny (tov\u00e1bbiakban: Avtv.) 28. \u00a7-a rendelkezik az adatv\u00e9delmi nyilv\u00e1ntart\u00e1sr\u00f3l.\u00a0Vonatkoz\u00f3 jogszab\u00e1ly\u00a0:Az Avtv. 30. \u00a7-\u00e1nak a) pontja szerint nem kell bejelenteni az adatv\u00e9delmi nyilv\u00e1ntart\u00e1sba azt az adatkezel\u00e9st, amely az adatkezel\u0151vel \u00fcgyf\u00e9lkapcsolatban \u00e1ll\u00f3 szem\u00e9lyek adatait tartalmazza.\u00a0Vonatkoz\u00f3 jogszab\u00e1ly \u00e9rtelm\u00e9ben C\u00e9g\u00fcnk, AMOZA Trade Kft. \u00dcgyf\u00e9lszolg\u00e1latunk:Telefon: [&hellip;]<\/p>\n","protected":false},"author":1,"featured_media":0,"parent":0,"menu_order":0,"comment_status":"closed","ping_status":"closed","template":"","meta":{"_et_pb_use_builder":"on","_et_pb_old_content":"","_et_gb_content_width":"","footnotes":""},"class_list":["post-245351","page","type-page","status-publish","hentry"],"yoast_head":"<!-- This site is optimized with the Yoast SEO plugin v24.9 - https:\/\/yoast.com\/wordpress\/plugins\/seo\/ -->\n<title>Adatv\u00e9delmi t\u00e1j\u00e9koztat\u00f3 - GPS nyomkovet\u0151<\/title>\n<meta name=\"robots\" content=\"index, follow, max-snippet:-1, max-image-preview:large, max-video-preview:-1\" \/>\n<link rel=\"canonical\" href=\"https:\/\/nyomkovetogps.hu\/gpshero\/adatvedelmi-tajekoztato\/\" \/>\n<meta property=\"og:locale\" content=\"hu_HU\" \/>\n<meta property=\"og:type\" content=\"article\" \/>\n<meta property=\"og:title\" content=\"Adatv\u00e9delmi t\u00e1j\u00e9koztat\u00f3 - GPS nyomkovet\u0151\" \/>\n<meta property=\"og:description\" content=\"ADATV\u00c9DELEM Az adatv\u00e9delemr\u0151lA szem\u00e9lyes adatok v\u00e9delm\u00e9r\u0151l \u00e9s a k\u00f6z\u00e9rdek\u0171 adatok nyilv\u00e1noss\u00e1g\u00e1r\u00f3l sz\u00f3l\u00f3 1992. \u00e9vi LXIII. t\u00f6rv\u00e9ny (tov\u00e1bbiakban: Avtv.) 28. \u00a7-a rendelkezik az adatv\u00e9delmi nyilv\u00e1ntart\u00e1sr\u00f3l.\u00a0Vonatkoz\u00f3 jogszab\u00e1ly\u00a0:Az Avtv. 30. \u00a7-\u00e1nak a) pontja szerint nem kell bejelenteni az adatv\u00e9delmi nyilv\u00e1ntart\u00e1sba azt az adatkezel\u00e9st, amely az adatkezel\u0151vel \u00fcgyf\u00e9lkapcsolatban \u00e1ll\u00f3 szem\u00e9lyek adatait tartalmazza.\u00a0Vonatkoz\u00f3 jogszab\u00e1ly \u00e9rtelm\u00e9ben C\u00e9g\u00fcnk, AMOZA Trade Kft. \u00dcgyf\u00e9lszolg\u00e1latunk:Telefon: [&hellip;]\" \/>\n<meta property=\"og:url\" content=\"https:\/\/nyomkovetogps.hu\/gpshero\/adatvedelmi-tajekoztato\/\" \/>\n<meta property=\"og:site_name\" content=\"GPS nyomkovet\u0151\" \/>\n<meta property=\"article:publisher\" content=\"https:\/\/www.facebook.com\/nyomkovetok\" \/>\n<meta property=\"article:modified_time\" content=\"2022-08-14T13:00:13+00:00\" \/>\n<meta name=\"twitter:card\" content=\"summary_large_image\" \/>\n<meta name=\"twitter:label1\" content=\"Becs\u00fclt olvas\u00e1si id\u0151\" \/>\n\t<meta name=\"twitter:data1\" content=\"22 perc\" \/>\n<script type=\"application\/ld+json\" class=\"yoast-schema-graph\">{\"@context\":\"https:\/\/schema.org\",\"@graph\":[{\"@type\":\"WebPage\",\"@id\":\"https:\/\/nyomkovetogps.hu\/gpshero\/adatvedelmi-tajekoztato\/\",\"url\":\"https:\/\/nyomkovetogps.hu\/gpshero\/adatvedelmi-tajekoztato\/\",\"name\":\"Adatv\u00e9delmi t\u00e1j\u00e9koztat\u00f3 - GPS nyomkovet\u0151\",\"isPartOf\":{\"@id\":\"https:\/\/nyomkovetogps.hu\/gpshero\/#website\"},\"datePublished\":\"2022-06-09T12:14:12+00:00\",\"dateModified\":\"2022-08-14T13:00:13+00:00\",\"breadcrumb\":{\"@id\":\"https:\/\/nyomkovetogps.hu\/gpshero\/adatvedelmi-tajekoztato\/#breadcrumb\"},\"inLanguage\":\"hu\",\"potentialAction\":[{\"@type\":\"ReadAction\",\"target\":[\"https:\/\/nyomkovetogps.hu\/gpshero\/adatvedelmi-tajekoztato\/\"]}]},{\"@type\":\"BreadcrumbList\",\"@id\":\"https:\/\/nyomkovetogps.hu\/gpshero\/adatvedelmi-tajekoztato\/#breadcrumb\",\"itemListElement\":[{\"@type\":\"ListItem\",\"position\":1,\"name\":\"Kezd\u0151lap\",\"item\":\"https:\/\/nyomkovetogps.hu\/gpshero\/\"},{\"@type\":\"ListItem\",\"position\":2,\"name\":\"Adatv\u00e9delmi t\u00e1j\u00e9koztat\u00f3\"}]},{\"@type\":\"WebSite\",\"@id\":\"https:\/\/nyomkovetogps.hu\/gpshero\/#website\",\"url\":\"https:\/\/nyomkovetogps.hu\/gpshero\/\",\"name\":\"GPS nyomkovet\u0151\",\"description\":\"GPS nyomk&ouml;vet\u0151 t&eacute;rk&eacute;pes rendszer\",\"publisher\":{\"@id\":\"https:\/\/nyomkovetogps.hu\/gpshero\/#organization\"},\"potentialAction\":[{\"@type\":\"SearchAction\",\"target\":{\"@type\":\"EntryPoint\",\"urlTemplate\":\"https:\/\/nyomkovetogps.hu\/gpshero\/?s={search_term_string}\"},\"query-input\":{\"@type\":\"PropertyValueSpecification\",\"valueRequired\":true,\"valueName\":\"search_term_string\"}}],\"inLanguage\":\"hu\"},{\"@type\":\"Organization\",\"@id\":\"https:\/\/nyomkovetogps.hu\/gpshero\/#organization\",\"name\":\"AMOZA Trade Kft.\",\"url\":\"https:\/\/nyomkovetogps.hu\/gpshero\/\",\"logo\":{\"@type\":\"ImageObject\",\"inLanguage\":\"hu\",\"@id\":\"https:\/\/nyomkovetogps.hu\/gpshero\/#\/schema\/logo\/image\/\",\"url\":\"https:\/\/nyomkovetogps.hu\/gpshero\/wp-content\/uploads\/2022\/05\/gps_hero_logo_dark-1.png\",\"contentUrl\":\"https:\/\/nyomkovetogps.hu\/gpshero\/wp-content\/uploads\/2022\/05\/gps_hero_logo_dark-1.png\",\"width\":750,\"height\":750,\"caption\":\"AMOZA Trade Kft.\"},\"image\":{\"@id\":\"https:\/\/nyomkovetogps.hu\/gpshero\/#\/schema\/logo\/image\/\"},\"sameAs\":[\"https:\/\/www.facebook.com\/nyomkovetok\"]}]}<\/script>\n<!-- \/ Yoast SEO plugin. -->","yoast_head_json":{"title":"Adatv\u00e9delmi t\u00e1j\u00e9koztat\u00f3 - GPS nyomkovet\u0151","robots":{"index":"index","follow":"follow","max-snippet":"max-snippet:-1","max-image-preview":"max-image-preview:large","max-video-preview":"max-video-preview:-1"},"canonical":"https:\/\/nyomkovetogps.hu\/gpshero\/adatvedelmi-tajekoztato\/","og_locale":"hu_HU","og_type":"article","og_title":"Adatv\u00e9delmi t\u00e1j\u00e9koztat\u00f3 - GPS nyomkovet\u0151","og_description":"ADATV\u00c9DELEM Az adatv\u00e9delemr\u0151lA szem\u00e9lyes adatok v\u00e9delm\u00e9r\u0151l \u00e9s a k\u00f6z\u00e9rdek\u0171 adatok nyilv\u00e1noss\u00e1g\u00e1r\u00f3l sz\u00f3l\u00f3 1992. \u00e9vi LXIII. t\u00f6rv\u00e9ny (tov\u00e1bbiakban: Avtv.) 28. \u00a7-a rendelkezik az adatv\u00e9delmi nyilv\u00e1ntart\u00e1sr\u00f3l.\u00a0Vonatkoz\u00f3 jogszab\u00e1ly\u00a0:Az Avtv. 30. \u00a7-\u00e1nak a) pontja szerint nem kell bejelenteni az adatv\u00e9delmi nyilv\u00e1ntart\u00e1sba azt az adatkezel\u00e9st, amely az adatkezel\u0151vel \u00fcgyf\u00e9lkapcsolatban \u00e1ll\u00f3 szem\u00e9lyek adatait tartalmazza.\u00a0Vonatkoz\u00f3 jogszab\u00e1ly \u00e9rtelm\u00e9ben C\u00e9g\u00fcnk, AMOZA Trade Kft. \u00dcgyf\u00e9lszolg\u00e1latunk:Telefon: [&hellip;]","og_url":"https:\/\/nyomkovetogps.hu\/gpshero\/adatvedelmi-tajekoztato\/","og_site_name":"GPS nyomkovet\u0151","article_publisher":"https:\/\/www.facebook.com\/nyomkovetok","article_modified_time":"2022-08-14T13:00:13+00:00","twitter_card":"summary_large_image","twitter_misc":{"Becs\u00fclt olvas\u00e1si id\u0151":"22 perc"},"schema":{"@context":"https:\/\/schema.org","@graph":[{"@type":"WebPage","@id":"https:\/\/nyomkovetogps.hu\/gpshero\/adatvedelmi-tajekoztato\/","url":"https:\/\/nyomkovetogps.hu\/gpshero\/adatvedelmi-tajekoztato\/","name":"Adatv\u00e9delmi t\u00e1j\u00e9koztat\u00f3 - GPS nyomkovet\u0151","isPartOf":{"@id":"https:\/\/nyomkovetogps.hu\/gpshero\/#website"},"datePublished":"2022-06-09T12:14:12+00:00","dateModified":"2022-08-14T13:00:13+00:00","breadcrumb":{"@id":"https:\/\/nyomkovetogps.hu\/gpshero\/adatvedelmi-tajekoztato\/#breadcrumb"},"inLanguage":"hu","potentialAction":[{"@type":"ReadAction","target":["https:\/\/nyomkovetogps.hu\/gpshero\/adatvedelmi-tajekoztato\/"]}]},{"@type":"BreadcrumbList","@id":"https:\/\/nyomkovetogps.hu\/gpshero\/adatvedelmi-tajekoztato\/#breadcrumb","itemListElement":[{"@type":"ListItem","position":1,"name":"Kezd\u0151lap","item":"https:\/\/nyomkovetogps.hu\/gpshero\/"},{"@type":"ListItem","position":2,"name":"Adatv\u00e9delmi t\u00e1j\u00e9koztat\u00f3"}]},{"@type":"WebSite","@id":"https:\/\/nyomkovetogps.hu\/gpshero\/#website","url":"https:\/\/nyomkovetogps.hu\/gpshero\/","name":"GPS nyomkovet\u0151","description":"GPS nyomk&ouml;vet\u0151 t&eacute;rk&eacute;pes rendszer","publisher":{"@id":"https:\/\/nyomkovetogps.hu\/gpshero\/#organization"},"potentialAction":[{"@type":"SearchAction","target":{"@type":"EntryPoint","urlTemplate":"https:\/\/nyomkovetogps.hu\/gpshero\/?s={search_term_string}"},"query-input":{"@type":"PropertyValueSpecification","valueRequired":true,"valueName":"search_term_string"}}],"inLanguage":"hu"},{"@type":"Organization","@id":"https:\/\/nyomkovetogps.hu\/gpshero\/#organization","name":"AMOZA Trade Kft.","url":"https:\/\/nyomkovetogps.hu\/gpshero\/","logo":{"@type":"ImageObject","inLanguage":"hu","@id":"https:\/\/nyomkovetogps.hu\/gpshero\/#\/schema\/logo\/image\/","url":"https:\/\/nyomkovetogps.hu\/gpshero\/wp-content\/uploads\/2022\/05\/gps_hero_logo_dark-1.png","contentUrl":"https:\/\/nyomkovetogps.hu\/gpshero\/wp-content\/uploads\/2022\/05\/gps_hero_logo_dark-1.png","width":750,"height":750,"caption":"AMOZA Trade Kft."},"image":{"@id":"https:\/\/nyomkovetogps.hu\/gpshero\/#\/schema\/logo\/image\/"},"sameAs":["https:\/\/www.facebook.com\/nyomkovetok"]}]}},"_links":{"self":[{"href":"https:\/\/nyomkovetogps.hu\/gpshero\/wp-json\/wp\/v2\/pages\/245351","targetHints":{"allow":["GET"]}}],"collection":[{"href":"https:\/\/nyomkovetogps.hu\/gpshero\/wp-json\/wp\/v2\/pages"}],"about":[{"href":"https:\/\/nyomkovetogps.hu\/gpshero\/wp-json\/wp\/v2\/types\/page"}],"author":[{"embeddable":true,"href":"https:\/\/nyomkovetogps.hu\/gpshero\/wp-json\/wp\/v2\/users\/1"}],"replies":[{"embeddable":true,"href":"https:\/\/nyomkovetogps.hu\/gpshero\/wp-json\/wp\/v2\/comments?post=245351"}],"version-history":[{"count":6,"href":"https:\/\/nyomkovetogps.hu\/gpshero\/wp-json\/wp\/v2\/pages\/245351\/revisions"}],"predecessor-version":[{"id":245748,"href":"https:\/\/nyomkovetogps.hu\/gpshero\/wp-json\/wp\/v2\/pages\/245351\/revisions\/245748"}],"wp:attachment":[{"href":"https:\/\/nyomkovetogps.hu\/gpshero\/wp-json\/wp\/v2\/media?parent=245351"}],"curies":[{"name":"wp","href":"https:\/\/api.w.org\/{rel}","templated":true}]}}